{"id":14297,"date":"2025-12-10T15:03:10","date_gmt":"2025-12-10T14:03:10","guid":{"rendered":"https:\/\/costatropical.com\/?page_id=14297"},"modified":"2025-12-10T18:14:54","modified_gmt":"2025-12-10T17:14:54","slug":"art-galleries-and-exhibition-spaces-in-granada-and-the-costa-tropical","status":"publish","type":"page","link":"https:\/\/costatropical.com\/es\/art-galleries-and-exhibition-spaces-in-granada-and-the-costa-tropical\/","title":{"rendered":"Galer\u00edas de arte y salas de exposiciones en Granada y la Costa Tropical"},"content":{"rendered":"<div data-elementor-type=\"wp-page\" data-elementor-id=\"14297\" class=\"elementor elementor-14297\" data-elementor-post-type=\"page\">\n\t\t\t\t\t\t<section class=\"elementor-section elementor-top-section elementor-element elementor-element-0b34269 elementor-section-boxed elementor-section-height-default elementor-section-height-default rt-parallax-bg-no\" data-id=\"0b34269\" data-element_type=\"section\" data-e-type=\"section\">\n\t\t\t\t\t\t<div class=\"elementor-container elementor-column-gap-default\">\n\t\t\t\t\t<div class=\"elementor-column elementor-col-100 elementor-top-column elementor-element elementor-element-24b2d51\" data-id=\"24b2d51\" data-element_type=\"column\" data-e-type=\"column\">\n\t\t\t<div class=\"elementor-widget-wrap elementor-element-populated\">\n\t\t\t\t\t\t<div class=\"elementor-element elementor-element-a747c29 elementor-widget elementor-widget-spacer\" data-id=\"a747c29\" data-element_type=\"widget\" data-e-type=\"widget\" data-widget_type=\"spacer.default\">\n\t\t\t\t<div class=\"elementor-widget-container\">\n\t\t\t\t\t\t\t<div class=\"elementor-spacer\">\n\t\t\t<div class=\"elementor-spacer-inner\"><\/div>\n\t\t<\/div>\n\t\t\t\t\t\t<\/div>\n\t\t\t\t<\/div>\n\t\t\t\t\t<\/div>\n\t\t<\/div>\n\t\t\t\t\t<\/div>\n\t\t<\/section>\n\t\t\t\t<section class=\"elementor-section elementor-top-section elementor-element elementor-element-f0d2294 elementor-section-boxed elementor-section-height-default elementor-section-height-default rt-parallax-bg-no\" data-id=\"f0d2294\" data-element_type=\"section\" data-e-type=\"section\">\n\t\t\t\t\t\t<div class=\"elementor-container elementor-column-gap-default\">\n\t\t\t\t\t<div class=\"elementor-column elementor-col-100 elementor-top-column elementor-element elementor-element-81e7bcc\" data-id=\"81e7bcc\" data-element_type=\"column\" data-e-type=\"column\">\n\t\t\t<div class=\"elementor-widget-wrap elementor-element-populated\">\n\t\t\t\t\t\t<div class=\"elementor-element elementor-element-dd0c2ee elementor-widget elementor-widget-text-editor\" data-id=\"dd0c2ee\" data-element_type=\"widget\" data-e-type=\"widget\" data-widget_type=\"text-editor.default\">\n\t\t\t\t<div class=\"elementor-widget-container\">\n\t\t\t\t\t\t\t\t\t<p>Granada y la Costa Tropical conforman un paisaje cultural donde el arte se integra de forma natural con la historia, la arquitectura y el encanto mediterr\u00e1neo. Desde calles hist\u00f3ricas y miradores emblem\u00e1ticos hasta localidades costeras y barrios llenos de vida, la provincia invita a descubrir una amplia variedad de galer\u00edas de arte y espacios expositivos.<\/p>\t\t\t\t\t\t\t\t<\/div>\n\t\t\t\t<\/div>\n\t\t\t\t\t<\/div>\n\t\t<\/div>\n\t\t\t\t\t<\/div>\n\t\t<\/section>\n\t\t\t\t<section class=\"elementor-section elementor-top-section elementor-element elementor-element-df84d64 elementor-section-boxed elementor-section-height-default elementor-section-height-default rt-parallax-bg-no\" data-id=\"df84d64\" data-element_type=\"section\" data-e-type=\"section\">\n\t\t\t\t\t\t<div class=\"elementor-container elementor-column-gap-default\">\n\t\t\t\t\t<div class=\"elementor-column elementor-col-100 elementor-top-column elementor-element elementor-element-25ddd61\" data-id=\"25ddd61\" data-element_type=\"column\" data-e-type=\"column\">\n\t\t\t<div class=\"elementor-widget-wrap elementor-element-populated\">\n\t\t\t\t\t\t<div class=\"elementor-element elementor-element-904f591 elementor-widget elementor-widget-spacer\" data-id=\"904f591\" data-element_type=\"widget\" data-e-type=\"widget\" data-widget_type=\"spacer.default\">\n\t\t\t\t<div class=\"elementor-widget-container\">\n\t\t\t\t\t\t\t<div class=\"elementor-spacer\">\n\t\t\t<div class=\"elementor-spacer-inner\"><\/div>\n\t\t<\/div>\n\t\t\t\t\t\t<\/div>\n\t\t\t\t<\/div>\n\t\t\t\t\t<\/div>\n\t\t<\/div>\n\t\t\t\t\t<\/div>\n\t\t<\/section>\n\t\t\t\t<section class=\"elementor-section elementor-top-section elementor-element elementor-element-beb9908 elementor-section-boxed elementor-section-height-default elementor-section-height-default rt-parallax-bg-no\" data-id=\"beb9908\" data-element_type=\"section\" data-e-type=\"section\">\n\t\t\t\t\t\t<div class=\"elementor-container elementor-column-gap-default\">\n\t\t\t\t\t<div class=\"elementor-column elementor-col-100 elementor-top-column elementor-element elementor-element-ed1e335\" data-id=\"ed1e335\" data-element_type=\"column\" data-e-type=\"column\">\n\t\t\t<div class=\"elementor-widget-wrap elementor-element-populated\">\n\t\t\t\t\t\t<div class=\"elementor-element elementor-element-d155ec2 elementor-widget elementor-widget-text-editor\" data-id=\"d155ec2\" data-element_type=\"widget\" data-e-type=\"widget\" data-settings=\"{&quot;_animation&quot;:&quot;none&quot;}\" data-widget_type=\"text-editor.default\">\n\t\t\t\t<div class=\"elementor-widget-container\">\n\t\t\t\t\t\t\t\t\t<h2 data-start=\"754\" data-end=\"775\"><strong data-start=\"757\" data-end=\"773\">Granada<\/strong><\/h2><p data-start=\"776\" data-end=\"1047\">Granada es una ciudad moldeada por la creatividad. Al recorrer el centro, el Realejo, la Alcaicer\u00eda o las calles que rodean la Catedral, encontrar\u00e1s numerosas galer\u00edas de arte, espacios culturales y exposiciones temporales abiertas durante todo el a\u00f1o.<\/p><p data-start=\"1049\" data-end=\"1097\">El ambiente art\u00edstico de la ciudad destaca por:<\/p><ul data-start=\"1098\" data-end=\"1449\"><li data-start=\"1098\" data-end=\"1218\"><p data-start=\"1100\" data-end=\"1218\">Espacios contempor\u00e1neos y alternativos, ideales para descubrir obras innovadoras, arte moderno y artistas emergentes.<\/p><\/li><li data-start=\"1219\" data-end=\"1351\"><p data-start=\"1221\" data-end=\"1351\">Centros culturales consolidados, que acogen exposiciones comisariadas vinculadas al patrimonio, las tradiciones y la identidad art\u00edstica de Granada.<\/p><\/li><li data-start=\"1352\" data-end=\"1449\"><p data-start=\"1354\" data-end=\"1449\">Una escena creativa vibrante, impulsada por la universidad, las escuelas de arte y numerosos estudios locales.<\/p><\/li><\/ul><p data-start=\"1451\" data-end=\"1593\">Granada es un destino ideal para quienes desean combinar turismo cultural con el car\u00e1cter \u00fanico de una ciudad hist\u00f3rica y art\u00edstica.<\/p>\t\t\t\t\t\t\t\t<\/div>\n\t\t\t\t<\/div>\n\t\t\t\t\t<\/div>\n\t\t<\/div>\n\t\t\t\t\t<\/div>\n\t\t<\/section>\n\t\t\t\t<section class=\"elementor-section elementor-top-section elementor-element elementor-element-fdea8c9 elementor-section-boxed elementor-section-height-default elementor-section-height-default rt-parallax-bg-no\" data-id=\"fdea8c9\" data-element_type=\"section\" data-e-type=\"section\">\n\t\t\t\t\t\t<div class=\"elementor-container elementor-column-gap-default\">\n\t\t\t\t\t<div class=\"elementor-column elementor-col-100 elementor-top-column elementor-element elementor-element-381f2e7\" data-id=\"381f2e7\" data-element_type=\"column\" data-e-type=\"column\">\n\t\t\t<div class=\"elementor-widget-wrap elementor-element-populated\">\n\t\t\t\t\t\t<div class=\"elementor-element elementor-element-63a6bd4 elementor-widget elementor-widget-text-editor\" data-id=\"63a6bd4\" data-element_type=\"widget\" data-e-type=\"widget\" data-settings=\"{&quot;_animation&quot;:&quot;none&quot;}\" data-widget_type=\"text-editor.default\">\n\t\t\t\t<div class=\"elementor-widget-container\">\n\t\t\t\t\t\t\t\t\t<h2 data-start=\"1600\" data-end=\"1676\"><strong data-start=\"1603\" data-end=\"1674\">Costa Tropical (Motril, Salobre\u00f1a, Almu\u00f1\u00e9car y localidades cercanas)<\/strong><\/h2><p data-start=\"1677\" data-end=\"1985\">A lo largo de la costa, la Costa Tropical a\u00f1ade una dimensi\u00f3n mediterr\u00e1nea a la experiencia art\u00edstica. Rodeada de playas, castillos, senderos litorales y pueblos blancos llenos de encanto, esta zona ofrece una selecci\u00f3n de galer\u00edas de arte y salas de exposiciones donde el arte convive con el ritmo relajado de la vida junto al mar.<\/p><p data-start=\"1987\" data-end=\"2008\">Los visitantes encontrar\u00e1n:<\/p><ul data-start=\"2009\" data-end=\"2425\"><li data-start=\"2009\" data-end=\"2136\"><p data-start=\"2011\" data-end=\"2136\">Centros culturales municipales, que acogen con frecuencia exposiciones temporales, muestras fotogr\u00e1ficas y obras de artistas locales.<\/p><\/li><li data-start=\"2137\" data-end=\"2262\"><p data-start=\"2139\" data-end=\"2262\">Peque\u00f1as galer\u00edas independientes, \u00edntimas y acogedoras, que exhiben obras contempor\u00e1neas y proyectos de artistas locales.<\/p><\/li><li data-start=\"2263\" data-end=\"2425\"><p data-start=\"2265\" data-end=\"2425\">Iniciativas de arte al aire libre, incluidos murales y exposiciones al aire libre que se pueden disfrutar paseando por los barrios hist\u00f3ricos o a lo largo de los paseos mar\u00edtimos.<\/p><\/li><\/ul><p data-start=\"2427\" data-end=\"2548\">La Costa Tropical es ideal para quienes buscan combinar cultura, naturaleza y un aut\u00e9ntico ambiente mediterr\u00e1neo.<\/p>\t\t\t\t\t\t\t\t<\/div>\n\t\t\t\t<\/div>\n\t\t\t\t\t<\/div>\n\t\t<\/div>\n\t\t\t\t\t<\/div>\n\t\t<\/section>\n\t\t\t\t<section class=\"elementor-section elementor-top-section elementor-element elementor-element-07b90a4 elementor-section-boxed elementor-section-height-default elementor-section-height-default rt-parallax-bg-no\" data-id=\"07b90a4\" data-element_type=\"section\" data-e-type=\"section\">\n\t\t\t\t\t\t<div class=\"elementor-container elementor-column-gap-default\">\n\t\t\t\t\t<div class=\"elementor-column elementor-col-100 elementor-top-column elementor-element elementor-element-429e78b\" data-id=\"429e78b\" data-element_type=\"column\" data-e-type=\"column\">\n\t\t\t<div class=\"elementor-widget-wrap elementor-element-populated\">\n\t\t\t\t\t\t<div class=\"elementor-element elementor-element-f91be37 elementor-widget elementor-widget-text-editor\" data-id=\"f91be37\" data-element_type=\"widget\" data-e-type=\"widget\" data-widget_type=\"text-editor.default\">\n\t\t\t\t<div class=\"elementor-widget-container\">\n\t\t\t\t\t\t\t\t\t<h4>Explora este sitio web<\/h4><ul><li><a href=\"https:\/\/costatropical.com\/es\/datos-costa-tropical-de-granada\/\">\u00bfQu\u00e9 hace tan especial a la Costa Tropical?<\/a><\/li><li><a href=\"https:\/\/costatropical.com\/es\/tradiciones-fiestas-costa-tropical\/\">Tradiciones y fiestas<\/a><\/li><li><a href=\"https:\/\/costatropical.com\/es\/viajar-a-espana\/\">Informaci\u00f3n \u00fatil para su viaje a Espa\u00f1a<\/a><\/li><li><a href=\"https:\/\/costatropical.com\/es\/transporte\/\">Transporte p\u00fablico y privado en Granada y la Costa Tropical<\/a>l<\/li><li class=\"elementor-sitemap-item elementor-sitemap-item-page page_item page-item-10559\"><a href=\"https:\/\/costatropical.com\/es\/health-and-emergencies\/\">Sanidad y emergencias<\/a><\/li><li class=\"elementor-sitemap-item elementor-sitemap-item-page page_item page-item-10354\"><a href=\"https:\/\/costatropical.com\/es\/conducir-en-espana\/\">Conducir en Espa\u00f1a<\/a><\/li><li><a href=\"https:\/\/costatropical.com\/es\/things-to-see-do\/\">Qu\u00e9 ver y qu\u00e9 hacer<\/a><\/li><\/ul>\t\t\t\t\t\t\t\t<\/div>\n\t\t\t\t<\/div>\n\t\t\t\t\t<\/div>\n\t\t<\/div>\n\t\t\t\t\t<\/div>\n\t\t<\/section>\n\t\t\t\t<section class=\"elementor-section elementor-top-section elementor-element elementor-element-d4c3712 elementor-section-boxed elementor-section-height-default elementor-section-height-default rt-parallax-bg-no\" data-id=\"d4c3712\" data-element_type=\"section\" data-e-type=\"section\">\n\t\t\t\t\t\t<div class=\"elementor-container elementor-column-gap-default\">\n\t\t\t\t\t<div class=\"elementor-column elementor-col-100 elementor-top-column elementor-element elementor-element-b3173f0\" data-id=\"b3173f0\" data-element_type=\"column\" data-e-type=\"column\">\n\t\t\t<div class=\"elementor-widget-wrap elementor-element-populated\">\n\t\t\t\t\t\t<div class=\"elementor-element elementor-element-37b4ec6 elementor-widget elementor-widget-image\" data-id=\"37b4ec6\" data-element_type=\"widget\" data-e-type=\"widget\" data-widget_type=\"image.default\">\n\t\t\t\t<div class=\"elementor-widget-container\">\n\t\t\t\t\t\t\t\t\t\t\t\t\t\t\t\t<a href=\"https:\/\/costatropical.com\/es\/tiempo-costatropical\/\">\n\t\t\t\t\t\t\t<img decoding=\"async\" width=\"97\" height=\"118\" src=\"https:\/\/costatropical.com\/wp-content\/uploads\/2024\/02\/weather.png\" class=\"attachment-medium size-medium wp-image-11177\" alt=\"\" srcset=\"https:\/\/costatropical.com\/wp-content\/uploads\/2024\/02\/weather.png 97w, https:\/\/costatropical.com\/wp-content\/uploads\/2024\/02\/weather-10x12.png 10w\" sizes=\"(max-width: 97px) 100vw, 97px\" title=\"\">\t\t\t\t\t\t\t\t<\/a>\n\t\t\t\t\t\t\t\t\t\t\t\t\t\t\t<\/div>\n\t\t\t\t<\/div>\n\t\t\t\t\t<\/div>\n\t\t<\/div>\n\t\t\t\t\t<\/div>\n\t\t<\/section>\n\t\t\t\t<\/div>","protected":false},"excerpt":{"rendered":"<p>Granada and the Costa Tropical offer a cultural landscape where art blends naturally with history, architecture, and Mediterranean charm. From historic streets and scenic viewpoints to seaside towns and vibrant neighbourhoods, the province invites visitors to explore a wide variety of art galleries and exhibition spaces. This guide provides an overview of the main areas<\/p>","protected":false},"author":1,"featured_media":10414,"parent":0,"menu_order":0,"comment_status":"closed","ping_status":"closed","template":"elementor_header_footer","meta":{"_rtcl_gb_attr":"","footnotes":""},"class_list":["post-14297","page","type-page","status-publish","has-post-thumbnail","hentry","have-post-thumb"],"_links":{"self":[{"href":"https:\/\/costatropical.com\/es\/wp-json\/wp\/v2\/pages\/14297","targetHints":{"allow":["GET"]}}],"collection":[{"href":"https:\/\/costatropical.com\/es\/wp-json\/wp\/v2\/pages"}],"about":[{"href":"https:\/\/costatropical.com\/es\/wp-json\/wp\/v2\/types\/page"}],"author":[{"embeddable":true,"href":"https:\/\/costatropical.com\/es\/wp-json\/wp\/v2\/users\/1"}],"replies":[{"embeddable":true,"href":"https:\/\/costatropical.com\/es\/wp-json\/wp\/v2\/comments?post=14297"}],"version-history":[{"count":16,"href":"https:\/\/costatropical.com\/es\/wp-json\/wp\/v2\/pages\/14297\/revisions"}],"predecessor-version":[{"id":14323,"href":"https:\/\/costatropical.com\/es\/wp-json\/wp\/v2\/pages\/14297\/revisions\/14323"}],"wp:featuredmedia":[{"embeddable":true,"href":"https:\/\/costatropical.com\/es\/wp-json\/wp\/v2\/media\/10414"}],"wp:attachment":[{"href":"https:\/\/costatropical.com\/es\/wp-json\/wp\/v2\/media?parent=14297"}],"curies":[{"name":"wp","href":"https:\/\/api.w.org\/{rel}","templated":true}]}}