{"id":11943,"date":"2024-04-01T13:04:35","date_gmt":"2024-04-01T12:04:35","guid":{"rendered":"https:\/\/costatropical.com\/?page_id=11943"},"modified":"2025-10-08T19:09:00","modified_gmt":"2025-10-08T18:09:00","slug":"comunidad","status":"publish","type":"page","link":"https:\/\/costatropical.com\/es\/community\/","title":{"rendered":"Asociaciones y clubes locales"},"content":{"rendered":"<div data-elementor-type=\"wp-page\" data-elementor-id=\"11943\" class=\"elementor elementor-11943\" data-elementor-post-type=\"page\">\n\t\t\t\t\t\t<section class=\"elementor-section elementor-top-section elementor-element elementor-element-0b34269 elementor-section-boxed elementor-section-height-default elementor-section-height-default rt-parallax-bg-no\" data-id=\"0b34269\" data-element_type=\"section\" data-e-type=\"section\">\n\t\t\t\t\t\t<div class=\"elementor-container elementor-column-gap-default\">\n\t\t\t\t\t<div class=\"elementor-column elementor-col-100 elementor-top-column elementor-element elementor-element-24b2d51\" data-id=\"24b2d51\" data-element_type=\"column\" data-e-type=\"column\">\n\t\t\t<div class=\"elementor-widget-wrap elementor-element-populated\">\n\t\t\t\t\t\t<div class=\"elementor-element elementor-element-a747c29 elementor-widget elementor-widget-spacer\" data-id=\"a747c29\" data-element_type=\"widget\" data-e-type=\"widget\" data-widget_type=\"spacer.default\">\n\t\t\t\t<div class=\"elementor-widget-container\">\n\t\t\t\t\t\t\t<div class=\"elementor-spacer\">\n\t\t\t<div class=\"elementor-spacer-inner\"><\/div>\n\t\t<\/div>\n\t\t\t\t\t\t<\/div>\n\t\t\t\t<\/div>\n\t\t\t\t\t<\/div>\n\t\t<\/div>\n\t\t\t\t\t<\/div>\n\t\t<\/section>\n\t\t\t\t<section class=\"elementor-section elementor-top-section elementor-element elementor-element-3a32983 elementor-section-boxed elementor-section-height-default elementor-section-height-default rt-parallax-bg-no\" data-id=\"3a32983\" data-element_type=\"section\" data-e-type=\"section\">\n\t\t\t\t\t\t<div class=\"elementor-container elementor-column-gap-default\">\n\t\t\t\t\t<div class=\"elementor-column elementor-col-100 elementor-top-column elementor-element elementor-element-0094017\" data-id=\"0094017\" data-element_type=\"column\" data-e-type=\"column\">\n\t\t\t<div class=\"elementor-widget-wrap elementor-element-populated\">\n\t\t\t\t\t\t<div class=\"elementor-element elementor-element-b6466ca elementor-widget elementor-widget-heading\" data-id=\"b6466ca\" data-element_type=\"widget\" data-e-type=\"widget\" data-widget_type=\"heading.default\">\n\t\t\t\t<div class=\"elementor-widget-container\">\n\t\t\t\t\t<h3 class=\"elementor-heading-title elementor-size-default\">Descubra la vibrante comunidad de asociaciones internacionales y culturales en la Costa Tropical<\/h3>\t\t\t\t<\/div>\n\t\t\t\t<\/div>\n\t\t\t\t\t<\/div>\n\t\t<\/div>\n\t\t\t\t\t<\/div>\n\t\t<\/section>\n\t\t\t\t<section class=\"elementor-section elementor-top-section elementor-element elementor-element-f0d2294 elementor-section-boxed elementor-section-height-default elementor-section-height-default rt-parallax-bg-no\" data-id=\"f0d2294\" data-element_type=\"section\" data-e-type=\"section\">\n\t\t\t\t\t\t<div class=\"elementor-container elementor-column-gap-default\">\n\t\t\t\t\t<div class=\"elementor-column elementor-col-100 elementor-top-column elementor-element elementor-element-81e7bcc\" data-id=\"81e7bcc\" data-element_type=\"column\" data-e-type=\"column\">\n\t\t\t<div class=\"elementor-widget-wrap elementor-element-populated\">\n\t\t\t\t\t\t<div class=\"elementor-element elementor-element-dd0c2ee elementor-widget elementor-widget-text-editor\" data-id=\"dd0c2ee\" data-element_type=\"widget\" data-e-type=\"widget\" data-widget_type=\"text-editor.default\">\n\t\t\t\t<div class=\"elementor-widget-container\">\n\t\t\t\t\t\t\t\t\t<p>\u00a0La Costa Tropical es una regi\u00f3n activa y din\u00e1mica donde la participaci\u00f3n ciudadana es esencial. Encontrar\u00e1s una amplia variedad de entidades, desde iniciativas locales hasta organizaciones internacionales, que trabajan incansablemente para mejorar la calidad de vida de quienes habitan esta hermosa regi\u00f3n. Adem\u00e1s, esta comunidad es diversa y acogedora, con grupos formados por personas de diversas nacionalidades, enriqueciendo a\u00fan m\u00e1s el tejido social. Aqu\u00ed encontrar\u00e1s una recopilaci\u00f3n de organizaciones comprometidas con el bienestar y el desarrollo de la comunidad. Explora nuestro sitio para conocer m\u00e1s sobre estas inspiradoras organizaciones y descubre c\u00f3mo puedes unirte o colaborar con sus causas.<\/p>\t\t\t\t\t\t\t\t<\/div>\n\t\t\t\t<\/div>\n\t\t\t\t\t<\/div>\n\t\t<\/div>\n\t\t\t\t\t<\/div>\n\t\t<\/section>\n\t\t\t\t<section class=\"elementor-section elementor-top-section elementor-element elementor-element-ef0481c elementor-section-boxed elementor-section-height-default elementor-section-height-default rt-parallax-bg-no\" data-id=\"ef0481c\" data-element_type=\"section\" data-e-type=\"section\">\n\t\t\t\t\t\t<div class=\"elementor-container elementor-column-gap-default\">\n\t\t\t\t\t<div class=\"elementor-column elementor-col-100 elementor-top-column elementor-element elementor-element-d438b35\" data-id=\"d438b35\" data-element_type=\"column\" data-e-type=\"column\">\n\t\t\t<div class=\"elementor-widget-wrap elementor-element-populated\">\n\t\t\t\t\t\t<div class=\"elementor-element elementor-element-376a981 elementor-widget elementor-widget-spacer\" data-id=\"376a981\" data-element_type=\"widget\" data-e-type=\"widget\" data-widget_type=\"spacer.default\">\n\t\t\t\t<div class=\"elementor-widget-container\">\n\t\t\t\t\t\t\t<div class=\"elementor-spacer\">\n\t\t\t<div class=\"elementor-spacer-inner\"><\/div>\n\t\t<\/div>\n\t\t\t\t\t\t<\/div>\n\t\t\t\t<\/div>\n\t\t\t\t\t<\/div>\n\t\t<\/div>\n\t\t\t\t\t<\/div>\n\t\t<\/section>\n\t\t\t\t<section class=\"elementor-section elementor-top-section elementor-element elementor-element-e2e16ed elementor-section-boxed elementor-section-height-default elementor-section-height-default rt-parallax-bg-no\" data-id=\"e2e16ed\" data-element_type=\"section\" data-e-type=\"section\">\n\t\t\t\t\t\t<div class=\"elementor-container elementor-column-gap-default\">\n\t\t\t\t\t<div class=\"elementor-column elementor-col-100 elementor-top-column elementor-element elementor-element-9f11246\" data-id=\"9f11246\" data-element_type=\"column\" data-e-type=\"column\">\n\t\t\t<div class=\"elementor-widget-wrap elementor-element-populated\">\n\t\t\t\t\t\t<div class=\"elementor-element elementor-element-cbb042b elementor-widget elementor-widget-heading\" data-id=\"cbb042b\" data-element_type=\"widget\" data-e-type=\"widget\" data-widget_type=\"heading.default\">\n\t\t\t\t<div class=\"elementor-widget-container\">\n\t\t\t\t\t<h2 class=\"elementor-heading-title elementor-size-default\">International groups<\/h2>\t\t\t\t<\/div>\n\t\t\t\t<\/div>\n\t\t\t\t\t<\/div>\n\t\t<\/div>\n\t\t\t\t\t<\/div>\n\t\t<\/section>\n\t\t\t\t<section class=\"elementor-section elementor-top-section elementor-element elementor-element-1d8dac1 elementor-section-boxed elementor-section-height-default elementor-section-height-default rt-parallax-bg-no\" data-id=\"1d8dac1\" data-element_type=\"section\" data-e-type=\"section\">\n\t\t\t\t\t\t<div class=\"elementor-container elementor-column-gap-default\">\n\t\t\t\t\t<div class=\"elementor-column elementor-col-100 elementor-top-column elementor-element elementor-element-84c1de6\" data-id=\"84c1de6\" data-element_type=\"column\" data-e-type=\"column\">\n\t\t\t<div class=\"elementor-widget-wrap elementor-element-populated\">\n\t\t\t\t\t\t<div class=\"elementor-element elementor-element-448234a elementor-widget elementor-widget-text-editor\" data-id=\"448234a\" data-element_type=\"widget\" data-e-type=\"widget\" data-widget_type=\"text-editor.default\">\n\t\t\t\t<div class=\"elementor-widget-container\">\n\t\t\t\t\t\t\t\t\t<p><strong>Almu\u00f1\u00e9car International Womens Group.<\/strong> El grupo organiza eventos, viajes y salidas sociales. Han creado un grupo de conversaci\u00f3n en espa\u00f1ol, organizado grupos de canto, sesiones de yoga y los miembros han organizado una variedad de eventos sociales, desde fiestas en la piscina hasta intercambios de plantas. Se re\u00fanen dos veces al mes (el segundo y el cuarto s\u00e1bado de cada mes) para un caf\u00e9  y planificar actividades. Correo electr\u00f3nico: almunecarwomensgroup@gmail.com. Sitio web<br \/><a href=\"https:\/\/aiwg.weebly.com\/\" target=\"_blank\" rel=\"noopener\">https:\/\/aiwg.weebly.com\/<\/a><\/p>\t\t\t\t\t\t\t\t<\/div>\n\t\t\t\t<\/div>\n\t\t\t\t\t<\/div>\n\t\t<\/div>\n\t\t\t\t\t<\/div>\n\t\t<\/section>\n\t\t\t\t<section class=\"elementor-section elementor-top-section elementor-element elementor-element-d3dde0d elementor-section-boxed elementor-section-height-default elementor-section-height-default rt-parallax-bg-no\" data-id=\"d3dde0d\" data-element_type=\"section\" data-e-type=\"section\">\n\t\t\t\t\t\t<div class=\"elementor-container elementor-column-gap-default\">\n\t\t\t\t\t<div class=\"elementor-column elementor-col-100 elementor-top-column elementor-element elementor-element-f7b185b\" data-id=\"f7b185b\" data-element_type=\"column\" data-e-type=\"column\">\n\t\t\t<div class=\"elementor-widget-wrap elementor-element-populated\">\n\t\t\t\t\t\t<div class=\"elementor-element elementor-element-221c260 elementor-widget elementor-widget-text-editor\" data-id=\"221c260\" data-element_type=\"widget\" data-e-type=\"widget\" data-widget_type=\"text-editor.default\">\n\t\t\t\t<div class=\"elementor-widget-container\">\n\t\t\t\t\t\t\t\t\t<p><strong>Costa Women<\/strong>. Creada en 2010, Costa Women es una comunidad gratuita para mujeres que viven o se mudan a Espa\u00f1a. Comparten informaci\u00f3n, reciben consejos pr\u00e1cticos y consejos reales para el viaje a Espa\u00f1a y sobre el pa\u00eds. <a href=\"https:\/\/costa-women.mn.co\/\" target=\"_blank\" rel=\"noopener\">Sitio web<\/a>. <a href=\"https:\/\/www.facebook.com\/groups\/CostaWomenCostaTropical\/\" target=\"_blank\" rel=\"noopener\">Facebook group<\/a>.<\/p>\t\t\t\t\t\t\t\t<\/div>\n\t\t\t\t<\/div>\n\t\t\t\t\t<\/div>\n\t\t<\/div>\n\t\t\t\t\t<\/div>\n\t\t<\/section>\n\t\t\t\t<section class=\"elementor-section elementor-top-section elementor-element elementor-element-717c160 elementor-section-boxed elementor-section-height-default elementor-section-height-default rt-parallax-bg-no\" data-id=\"717c160\" data-element_type=\"section\" data-e-type=\"section\">\n\t\t\t\t\t\t<div class=\"elementor-container elementor-column-gap-default\">\n\t\t\t\t\t<div class=\"elementor-column elementor-col-100 elementor-top-column elementor-element elementor-element-c3b3df4\" data-id=\"c3b3df4\" data-element_type=\"column\" data-e-type=\"column\">\n\t\t\t<div class=\"elementor-widget-wrap elementor-element-populated\">\n\t\t\t\t\t\t<div class=\"elementor-element elementor-element-4ad2d7f elementor-widget elementor-widget-text-editor\" data-id=\"4ad2d7f\" data-element_type=\"widget\" data-e-type=\"widget\" data-widget_type=\"text-editor.default\">\n\t\t\t\t<div class=\"elementor-widget-container\">\n\t\t\t\t\t\t\t\t\t<p><strong>American International Club.<\/strong> Fundado en 2008, el American International Club (AIC) es un club social de expatriados con sede en Nerja, cuyos miembros viven o visitan regularmente la zona, pero provienen de diversas partes del mundo. Su lema es \"divertirse y retribuir\". Tienen reuniones en Nerja, Torrox y Frigiliana. Celebran el D\u00eda de Acci\u00f3n de Gracias. Email: hq@aicnerja.org. <a href=\"https:\/\/www.facebook.com\/AICNerja\/\" target=\"_blank\" rel=\"noopener\">Facebook page<\/a>.<\/p>\t\t\t\t\t\t\t\t<\/div>\n\t\t\t\t<\/div>\n\t\t\t\t\t<\/div>\n\t\t<\/div>\n\t\t\t\t\t<\/div>\n\t\t<\/section>\n\t\t\t\t<section class=\"elementor-section elementor-top-section elementor-element elementor-element-9c258fe elementor-section-boxed elementor-section-height-default elementor-section-height-default rt-parallax-bg-no\" data-id=\"9c258fe\" data-element_type=\"section\" data-e-type=\"section\">\n\t\t\t\t\t\t<div class=\"elementor-container elementor-column-gap-default\">\n\t\t\t\t\t<div class=\"elementor-column elementor-col-100 elementor-top-column elementor-element elementor-element-5553b47\" data-id=\"5553b47\" data-element_type=\"column\" data-e-type=\"column\">\n\t\t\t<div class=\"elementor-widget-wrap elementor-element-populated\">\n\t\t\t\t\t\t<div class=\"elementor-element elementor-element-2b9017c elementor-widget elementor-widget-text-editor\" data-id=\"2b9017c\" data-element_type=\"widget\" data-e-type=\"widget\" data-widget_type=\"text-editor.default\">\n\t\t\t\t<div class=\"elementor-widget-container\">\n\t\t\t\t\t\t\t\t\t<p><strong>Los Flamencos sexitanos.<\/strong> Esta es una asociaci\u00f3n de visitantes invernales que hablan flamenco y neerland\u00e9s y residen por per\u00edodos cortos o largos en Almu\u00f1\u00e9car. En Flandes, la asociaci\u00f3n est\u00e1 afiliada al FVV (Foro de Mujeres Flamencas) y en Andaluc\u00eda, tambi\u00e9n est\u00e1n oficialmente reconocidos como una organizaci\u00f3n sin fines de lucro. Actualmente tienen m\u00e1s de 120 miembros. Celebran el Festival de Gofres y Crepes los domingos y la degustaci\u00f3n navide\u00f1a de las t\u00edpicas salchichas con cebolla, comida tradicional del norte de B\u00e9lgica y otros pa\u00edses. <a href=\"https:\/\/losflamencossexitanos\" data-wplink-url-error=\"true\">Sitio web<\/a>. <a href=\"https:\/\/www.facebook.com\/people\/Los-Flamencos-Sexitanos\/100063616524003\/?locale=he_IL&amp;paipv=0&amp;eav=AfbyLn1Tu4GQauOuKVu4cmFNoeb6V33BZZZz3lRwyXk97PC4JxjC9pYqIQLNan6Zgxc&amp;_rdr\" data-wplink-edit=\"true\" target=\"_blank\" rel=\"noopener\">Facebook page<\/a>.<\/p>\t\t\t\t\t\t\t\t<\/div>\n\t\t\t\t<\/div>\n\t\t\t\t\t<\/div>\n\t\t<\/div>\n\t\t\t\t\t<\/div>\n\t\t<\/section>\n\t\t\t\t<section class=\"elementor-section elementor-top-section elementor-element elementor-element-adce7c4 elementor-section-boxed elementor-section-height-default elementor-section-height-default rt-parallax-bg-no\" data-id=\"adce7c4\" data-element_type=\"section\" data-e-type=\"section\">\n\t\t\t\t\t\t<div class=\"elementor-container elementor-column-gap-default\">\n\t\t\t\t\t<div class=\"elementor-column elementor-col-100 elementor-top-column elementor-element elementor-element-8d08e0f\" data-id=\"8d08e0f\" data-element_type=\"column\" data-e-type=\"column\">\n\t\t\t<div class=\"elementor-widget-wrap elementor-element-populated\">\n\t\t\t\t\t\t<div class=\"elementor-element elementor-element-4c0ff2d elementor-widget elementor-widget-text-editor\" data-id=\"4c0ff2d\" data-element_type=\"widget\" data-e-type=\"widget\" data-widget_type=\"text-editor.default\">\n\t\t\t\t<div class=\"elementor-widget-container\">\n\t\t\t\t\t\t\t\t\t<p><strong>International Club of Salobre\u00f1a.<\/strong> El International Club of Salobre\u00f1a es un club social vibrante, que da la bienvenida a miembros de diversos or\u00edgenes y nacionalidades. Con aproximadamente 180 miembros, tanto residentes permanentes como aquellos que se mudan dentro y fuera de la regi\u00f3n, el club sirve como un centro para la socializaci\u00f3n y las conexiones comunitarias. Aunque el ingl\u00e9s es el idioma oficial, la membres\u00eda representa un espectro global. Las reuniones se llevan a cabo semanalmente los mi\u00e9rcoles de 11am a 1pm en el Hotel Salobre\u00f1a Suites (excepto de julio a septiembre y un breve descanso en Navidad y A\u00f1o Nuevo). Correo electr\u00f3nico: icsalobrena2016@gmail.com. <a href=\"https:\/\/www.icsalobrena.com\/\" target=\"_blank\" rel=\"noopener\">Sitio web<\/a>.\u00a0<\/p>\t\t\t\t\t\t\t\t<\/div>\n\t\t\t\t<\/div>\n\t\t\t\t\t<\/div>\n\t\t<\/div>\n\t\t\t\t\t<\/div>\n\t\t<\/section>\n\t\t\t\t<section class=\"elementor-section elementor-top-section elementor-element elementor-element-d91a646 elementor-section-boxed elementor-section-height-default elementor-section-height-default rt-parallax-bg-no\" data-id=\"d91a646\" data-element_type=\"section\" data-e-type=\"section\">\n\t\t\t\t\t\t<div class=\"elementor-container elementor-column-gap-default\">\n\t\t\t\t\t<div class=\"elementor-column elementor-col-100 elementor-top-column elementor-element elementor-element-546fee4\" data-id=\"546fee4\" data-element_type=\"column\" data-e-type=\"column\">\n\t\t\t<div class=\"elementor-widget-wrap elementor-element-populated\">\n\t\t\t\t\t\t<div class=\"elementor-element elementor-element-f3ec10f elementor-widget elementor-widget-text-editor\" data-id=\"f3ec10f\" data-element_type=\"widget\" data-e-type=\"widget\" data-widget_type=\"text-editor.default\">\n\t\t\t\t<div class=\"elementor-widget-container\">\n\t\t\t\t\t\t\t\t\t<p><strong>Asociaci\u00f3n Casa de la Amistad Argentina-Espa\u00f1ola.<\/strong> Direcci\u00f3n: Calle R\u00edo Segre N\u00ba4, 8\u00baB, Motril. Tel: 958822983<\/p>\t\t\t\t\t\t\t\t<\/div>\n\t\t\t\t<\/div>\n\t\t\t\t\t<\/div>\n\t\t<\/div>\n\t\t\t\t\t<\/div>\n\t\t<\/section>\n\t\t\t\t<section class=\"elementor-section elementor-top-section elementor-element elementor-element-27a794e elementor-section-boxed elementor-section-height-default elementor-section-height-default rt-parallax-bg-no\" data-id=\"27a794e\" data-element_type=\"section\" data-e-type=\"section\">\n\t\t\t\t\t\t<div class=\"elementor-container elementor-column-gap-default\">\n\t\t\t\t\t<div class=\"elementor-column elementor-col-100 elementor-top-column elementor-element elementor-element-34948c8\" data-id=\"34948c8\" data-element_type=\"column\" data-e-type=\"column\">\n\t\t\t<div class=\"elementor-widget-wrap elementor-element-populated\">\n\t\t\t\t\t\t<div class=\"elementor-element elementor-element-4b0cecb elementor-widget elementor-widget-text-editor\" data-id=\"4b0cecb\" data-element_type=\"widget\" data-e-type=\"widget\" data-widget_type=\"text-editor.default\">\n\t\t\t\t<div class=\"elementor-widget-container\">\n\t\t\t\t\t\t\t\t\t<p><strong>l\u2018AFA (Amicale des Francophones d\u2019Almu\u00f1\u00e9car).<\/strong> Asociaci\u00f3n de franc\u00f3fonos, tanto residentes como visitantes, con alrededor de 200 miembros activos. Se re\u00fanen todos los lunes en un espacio facilitado por el Ayuntamiento. Ofrecen una c\u00e1lida bienvenida y una variedad de actividades, como viajes, una biblioteca semanal, excursiones mensuales en invierno, noches de baile, comidas en restaurantes y tambi\u00e9n brindan ayuda con peque\u00f1os problemas pr\u00e1cticos. <a href=\"https:\/\/www.afalmunecar.es\/\" target=\"_blank\" rel=\"noopener\">Sitio web<\/a>.<\/p>\t\t\t\t\t\t\t\t<\/div>\n\t\t\t\t<\/div>\n\t\t\t\t\t<\/div>\n\t\t<\/div>\n\t\t\t\t\t<\/div>\n\t\t<\/section>\n\t\t\t\t<section class=\"elementor-section elementor-top-section elementor-element elementor-element-20247bb elementor-section-boxed elementor-section-height-default elementor-section-height-default rt-parallax-bg-no\" data-id=\"20247bb\" data-element_type=\"section\" data-e-type=\"section\">\n\t\t\t\t\t\t<div class=\"elementor-container elementor-column-gap-default\">\n\t\t\t\t\t<div class=\"elementor-column elementor-col-100 elementor-top-column elementor-element elementor-element-3810b2c\" data-id=\"3810b2c\" data-element_type=\"column\" data-e-type=\"column\">\n\t\t\t<div class=\"elementor-widget-wrap elementor-element-populated\">\n\t\t\t\t\t\t<div class=\"elementor-element elementor-element-c7125db elementor-widget elementor-widget-text-editor\" data-id=\"c7125db\" data-element_type=\"widget\" data-e-type=\"widget\" data-widget_type=\"text-editor.default\">\n\t\t\t\t<div class=\"elementor-widget-container\">\n\t\t\t\t\t\t\t\t\t<p><strong>Deutschsprachige Vereinigung Almu\u00f1\u00e9car und La Herradura. <\/strong>Asociaci\u00f3n de germanohablantes de la zona con m\u00e1s de 200 miembros de diversos pa\u00edses. Ofrecen varias oportunidades para encuentros e intercambios, ya sea jugando petanca, participando en caminatas los lunes, asistiendo a las reuniones generales o disfrutando juntos de la oferta cultural de Almu\u00f1\u00e9car. <a href=\"https:\/\/www.deutschsprachigervereinalmunecar.de\/\" target=\"_blank\" rel=\"noopener\">Sitio web<\/a>.<\/p>\t\t\t\t\t\t\t\t<\/div>\n\t\t\t\t<\/div>\n\t\t\t\t\t<\/div>\n\t\t<\/div>\n\t\t\t\t\t<\/div>\n\t\t<\/section>\n\t\t\t\t<section class=\"elementor-section elementor-top-section elementor-element elementor-element-df84d64 elementor-section-boxed elementor-section-height-default elementor-section-height-default rt-parallax-bg-no\" data-id=\"df84d64\" data-element_type=\"section\" data-e-type=\"section\">\n\t\t\t\t\t\t<div class=\"elementor-container elementor-column-gap-default\">\n\t\t\t\t\t<div class=\"elementor-column elementor-col-100 elementor-top-column elementor-element elementor-element-25ddd61\" data-id=\"25ddd61\" data-element_type=\"column\" data-e-type=\"column\">\n\t\t\t<div class=\"elementor-widget-wrap elementor-element-populated\">\n\t\t\t\t\t\t<div class=\"elementor-element elementor-element-904f591 elementor-widget elementor-widget-spacer\" data-id=\"904f591\" data-element_type=\"widget\" data-e-type=\"widget\" data-widget_type=\"spacer.default\">\n\t\t\t\t<div class=\"elementor-widget-container\">\n\t\t\t\t\t\t\t<div class=\"elementor-spacer\">\n\t\t\t<div class=\"elementor-spacer-inner\"><\/div>\n\t\t<\/div>\n\t\t\t\t\t\t<\/div>\n\t\t\t\t<\/div>\n\t\t\t\t\t<\/div>\n\t\t<\/div>\n\t\t\t\t\t<\/div>\n\t\t<\/section>\n\t\t\t\t<section class=\"elementor-section elementor-top-section elementor-element elementor-element-02739b4 elementor-section-boxed elementor-section-height-default elementor-section-height-default rt-parallax-bg-no\" data-id=\"02739b4\" data-element_type=\"section\" data-e-type=\"section\">\n\t\t\t\t\t\t<div class=\"elementor-container elementor-column-gap-default\">\n\t\t\t\t\t<div class=\"elementor-column elementor-col-100 elementor-top-column elementor-element elementor-element-946a81e\" data-id=\"946a81e\" data-element_type=\"column\" data-e-type=\"column\">\n\t\t\t<div class=\"elementor-widget-wrap elementor-element-populated\">\n\t\t\t\t\t\t<div class=\"elementor-element elementor-element-053deb2 elementor-widget elementor-widget-heading\" data-id=\"053deb2\" data-element_type=\"widget\" data-e-type=\"widget\" data-widget_type=\"heading.default\">\n\t\t\t\t<div class=\"elementor-widget-container\">\n\t\t\t\t\t<h2 class=\"elementor-heading-title elementor-size-default\">Asociaciones culturales<\/h2>\t\t\t\t<\/div>\n\t\t\t\t<\/div>\n\t\t\t\t\t<\/div>\n\t\t<\/div>\n\t\t\t\t\t<\/div>\n\t\t<\/section>\n\t\t\t\t<section class=\"elementor-section elementor-top-section elementor-element elementor-element-e47ba17 elementor-section-boxed elementor-section-height-default elementor-section-height-default rt-parallax-bg-no\" data-id=\"e47ba17\" data-element_type=\"section\" data-e-type=\"section\">\n\t\t\t\t\t\t<div class=\"elementor-container elementor-column-gap-default\">\n\t\t\t\t\t<div class=\"elementor-column elementor-col-100 elementor-top-column elementor-element elementor-element-5cc602e\" data-id=\"5cc602e\" data-element_type=\"column\" data-e-type=\"column\">\n\t\t\t<div class=\"elementor-widget-wrap elementor-element-populated\">\n\t\t\t\t\t\t<div class=\"elementor-element elementor-element-0addcd6 elementor-widget elementor-widget-text-editor\" data-id=\"0addcd6\" data-element_type=\"widget\" data-e-type=\"widget\" data-widget_type=\"text-editor.default\">\n\t\t\t\t<div class=\"elementor-widget-container\">\n\t\t\t\t\t\t\t\t\t<p><b>Cineclub Mediterr\u00e1neo. <\/b>El Cineclub Mediterr\u00e1neo es una asociaci\u00f3n cultural sin \u00e1nimo de lucro, que comenz\u00f3 sus proyecciones en 1992, convirti\u00e9ndose en uno de los cineclubs andaluces con m\u00e1s trayectoria. Cuenta actualmente con m\u00e1s de 170 socios y una asistencia media de 125 espectadores por pel\u00edcula. Este cineclub ha sido galardonado con prestigiosos premios, como el premio del Cine Andaluz Asecan 2013 por su labor de difusi\u00f3n y fomento del cine, y el premio ASFAAN en 2015 por su trayectoria. El Cineclub Mediterr\u00e1neo ofrece una programaci\u00f3n mensual de cuatro pel\u00edculas, destacando producciones nacionales e independientes, y cuenta con una videoteca de 3000 t\u00edtulos. Las proyecciones se realizan en el Centro Cultural Caja Granada en la calle Jos\u00e9 Felipe Soto 1 bajo A de Motril los mi\u00e9rcoles y viernes a las 20:00 horas. Los socios disfrutan de ventajas adicionales, como entrada gratuita a ciertas proyecciones y pr\u00e9stamo de DVDs. Colaborar con el cineclub est\u00e1 al alcance de todos los interesados en participar en este proyecto cultural y no es necesario saber mucho de cine.\u00a0<a href=\"https:\/\/cineclubmediterraneo.com\/\" target=\"_blank\" rel=\"noopener\">Sitio web<\/a>.<\/p>\t\t\t\t\t\t\t\t<\/div>\n\t\t\t\t<\/div>\n\t\t\t\t\t<\/div>\n\t\t<\/div>\n\t\t\t\t\t<\/div>\n\t\t<\/section>\n\t\t\t\t<section class=\"elementor-section elementor-top-section elementor-element elementor-element-e36b615 elementor-section-boxed elementor-section-height-default elementor-section-height-default rt-parallax-bg-no\" data-id=\"e36b615\" data-element_type=\"section\" data-e-type=\"section\">\n\t\t\t\t\t\t<div class=\"elementor-container elementor-column-gap-default\">\n\t\t\t\t\t<div class=\"elementor-column elementor-col-100 elementor-top-column elementor-element elementor-element-c97919e\" data-id=\"c97919e\" data-element_type=\"column\" data-e-type=\"column\">\n\t\t\t<div class=\"elementor-widget-wrap elementor-element-populated\">\n\t\t\t\t\t\t<div class=\"elementor-element elementor-element-d209e5f elementor-widget elementor-widget-text-editor\" data-id=\"d209e5f\" data-element_type=\"widget\" data-e-type=\"widget\" data-widget_type=\"text-editor.default\">\n\t\t\t\t<div class=\"elementor-widget-container\">\n\t\t\t\t\t\t\t\t\t<p><strong>Asociaci\u00f3n 14 de abril.<\/strong> Esta asociaci\u00f3n participa activamente en la recuperaci\u00f3n de la memoria hist\u00f3rica de la regi\u00f3n, organizando actividades, sesiones de cine y debates sobre la historia de la \u00e9poca de la Rep\u00fablica en Espa\u00f1a. Direcci\u00f3n: Calle Ancha 16, Motril. <a href=\"https:\/\/asociacion14deabril.es\/\" target=\"_blank\" rel=\"noopener\">Sitio web<\/a>. <a href=\"https:\/\/www.facebook.com\/p\/Asociaci%C3%B3n-14-de-abril-100064600003011\/?paipv=0&amp;eav=Afb-CMziSVesYKEI1ZJgls-f_v8bPanY7reJOdzUrB-zEsR_F3G_lf7_S1-F6skT_Nc&amp;_rdr\" data-wplink-edit=\"true\" target=\"_blank\" rel=\"noopener\">Facebook group<\/a>.<\/p>\t\t\t\t\t\t\t\t<\/div>\n\t\t\t\t<\/div>\n\t\t\t\t\t<\/div>\n\t\t<\/div>\n\t\t\t\t\t<\/div>\n\t\t<\/section>\n\t\t\t\t<section class=\"elementor-section elementor-top-section elementor-element elementor-element-e368aa0 elementor-section-boxed elementor-section-height-default elementor-section-height-default rt-parallax-bg-no\" data-id=\"e368aa0\" data-element_type=\"section\" data-e-type=\"section\">\n\t\t\t\t\t\t<div class=\"elementor-container elementor-column-gap-default\">\n\t\t\t\t\t<div class=\"elementor-column elementor-col-100 elementor-top-column elementor-element elementor-element-0e93757\" data-id=\"0e93757\" data-element_type=\"column\" data-e-type=\"column\">\n\t\t\t<div class=\"elementor-widget-wrap elementor-element-populated\">\n\t\t\t\t\t\t<div class=\"elementor-element elementor-element-adbd908 elementor-widget elementor-widget-text-editor\" data-id=\"adbd908\" data-element_type=\"widget\" data-e-type=\"widget\" data-widget_type=\"text-editor.default\">\n\t\t\t\t<div class=\"elementor-widget-container\">\n\t\t\t\t\t\t\t\t\t<p><strong>Asociaci\u00f3n Tejedores de Memoria.<\/strong> Colectivo de personas que conmemoran eventos hist\u00f3ricamente significativos a trav\u00e9s de teatro emocional y f\u00edsico. Direcci\u00f3n: Calle Mar\u00eda Antonia La Caramba N\u00ba4, Motril. Tel: 606381179.\u00a0<a href=\"https:\/\/www.facebook.com\/tejedoresmemoria\/?locale=es_ES\" target=\"_blank\" rel=\"noopener\">Facebook group<\/a>.<\/p>\t\t\t\t\t\t\t\t<\/div>\n\t\t\t\t<\/div>\n\t\t\t\t\t<\/div>\n\t\t<\/div>\n\t\t\t\t\t<\/div>\n\t\t<\/section>\n\t\t\t\t<section class=\"elementor-section elementor-top-section elementor-element elementor-element-c64e239 elementor-section-boxed elementor-section-height-default elementor-section-height-default rt-parallax-bg-no\" data-id=\"c64e239\" data-element_type=\"section\" data-e-type=\"section\">\n\t\t\t\t\t\t<div class=\"elementor-container elementor-column-gap-default\">\n\t\t\t\t\t<div class=\"elementor-column elementor-col-100 elementor-top-column elementor-element elementor-element-e2eb2e0\" data-id=\"e2eb2e0\" data-element_type=\"column\" data-e-type=\"column\">\n\t\t\t<div class=\"elementor-widget-wrap elementor-element-populated\">\n\t\t\t\t\t\t<div class=\"elementor-element elementor-element-886eef5 elementor-widget elementor-widget-text-editor\" data-id=\"886eef5\" data-element_type=\"widget\" data-e-type=\"widget\" data-widget_type=\"text-editor.default\">\n\t\t\t\t<div class=\"elementor-widget-container\">\n\t\t\t\t\t\t\t\t\t<p><strong>Asociaci\u00f3n Cultural Mujeres de Carchuna.<\/strong> Grupo de promoci\u00f3n cultural en Calahonda\/Carchuna. Direcci\u00f3n: Calle Marco Polo 15, Carchuna. Tel: 609433172. <a href=\"https:\/\/www.facebook.com\/groups\/177035342672375\/\" target=\"_blank\" rel=\"noopener\">Facebook group<\/a>.<\/p>\t\t\t\t\t\t\t\t<\/div>\n\t\t\t\t<\/div>\n\t\t\t\t\t<\/div>\n\t\t<\/div>\n\t\t\t\t\t<\/div>\n\t\t<\/section>\n\t\t\t\t<section class=\"elementor-section elementor-top-section elementor-element elementor-element-bf1cc24 elementor-section-boxed elementor-section-height-default elementor-section-height-default rt-parallax-bg-no\" data-id=\"bf1cc24\" data-element_type=\"section\" data-e-type=\"section\">\n\t\t\t\t\t\t<div class=\"elementor-container elementor-column-gap-default\">\n\t\t\t\t\t<div class=\"elementor-column elementor-col-100 elementor-top-column elementor-element elementor-element-ddb9758\" data-id=\"ddb9758\" data-element_type=\"column\" data-e-type=\"column\">\n\t\t\t<div class=\"elementor-widget-wrap elementor-element-populated\">\n\t\t\t\t\t\t<div class=\"elementor-element elementor-element-4258364 elementor-widget elementor-widget-text-editor\" data-id=\"4258364\" data-element_type=\"widget\" data-e-type=\"widget\" data-widget_type=\"text-editor.default\">\n\t\t\t\t<div class=\"elementor-widget-container\">\n\t\t\t\t\t\t\t\t\t<p><strong>Asociaci\u00f3n Casa Jap\u00f3n.<\/strong> Para los amantes de la cultura japonesa, incluyendo artes, idioma, sociedad, etc. Direcci\u00f3n: Calle Rambla del Manj\u00f3n 12, Bajo 3, Motril. Tel: 676099178.<\/p>\t\t\t\t\t\t\t\t<\/div>\n\t\t\t\t<\/div>\n\t\t\t\t\t<\/div>\n\t\t<\/div>\n\t\t\t\t\t<\/div>\n\t\t<\/section>\n\t\t\t\t<section class=\"elementor-section elementor-top-section elementor-element elementor-element-4b8cd62 elementor-section-boxed elementor-section-height-default elementor-section-height-default rt-parallax-bg-no\" data-id=\"4b8cd62\" data-element_type=\"section\" data-e-type=\"section\">\n\t\t\t\t\t\t<div class=\"elementor-container elementor-column-gap-default\">\n\t\t\t\t\t<div class=\"elementor-column elementor-col-100 elementor-top-column elementor-element elementor-element-2176a92\" data-id=\"2176a92\" data-element_type=\"column\" data-e-type=\"column\">\n\t\t\t<div class=\"elementor-widget-wrap elementor-element-populated\">\n\t\t\t\t\t\t<div class=\"elementor-element elementor-element-1d23b6e elementor-widget elementor-widget-text-editor\" data-id=\"1d23b6e\" data-element_type=\"widget\" data-e-type=\"widget\" data-widget_type=\"text-editor.default\">\n\t\t\t\t<div class=\"elementor-widget-container\">\n\t\t\t\t\t\t\t\t\t<p><strong>Asociaci\u00f3n Costa Ins\u00f3lita.<\/strong> Grupo de investigaci\u00f3n paranormal y ufol\u00f3gica creado para compartir y difundir eventos paranormales ocurridos en la Costa Tropical. Direcci\u00f3n: Calle Fray Vicente Soler 25, Motril. Tel: 629994337. <a href=\"https:\/\/www.facebook.com\/costa.insolita\/?locale=es_LA\" target=\"_blank\" rel=\"noopener\">Facebook page<\/a>.<\/p>\t\t\t\t\t\t\t\t<\/div>\n\t\t\t\t<\/div>\n\t\t\t\t\t<\/div>\n\t\t<\/div>\n\t\t\t\t\t<\/div>\n\t\t<\/section>\n\t\t\t\t<section class=\"elementor-section elementor-top-section elementor-element elementor-element-370164d elementor-section-boxed elementor-section-height-default elementor-section-height-default rt-parallax-bg-no\" data-id=\"370164d\" data-element_type=\"section\" data-e-type=\"section\">\n\t\t\t\t\t\t<div class=\"elementor-container elementor-column-gap-default\">\n\t\t\t\t\t<div class=\"elementor-column elementor-col-100 elementor-top-column elementor-element elementor-element-f688e16\" data-id=\"f688e16\" data-element_type=\"column\" data-e-type=\"column\">\n\t\t\t<div class=\"elementor-widget-wrap elementor-element-populated\">\n\t\t\t\t\t\t<div class=\"elementor-element elementor-element-a79904c elementor-widget elementor-widget-text-editor\" data-id=\"a79904c\" data-element_type=\"widget\" data-e-type=\"widget\" data-widget_type=\"text-editor.default\">\n\t\t\t\t<div class=\"elementor-widget-container\">\n\t\t\t\t\t\t\t\t\t<p><strong>Asociaci\u00f3n TropicArt.<\/strong>\u00a0Tropicart se estableci\u00f3 como una asociaci\u00f3n en 2021 con el objetivo de reunir a algunos de los creadores y artistas de la zona. Direcci\u00f3n: Plaza Escultor Domingo S\u00e1nchez Mesa N\u00ba1, 5, Motril. Tel: 653804171 <a href=\"https:\/\/www.facebook.com\/tropicartasociacion\/\" target=\"_blank\" rel=\"noopener\">Facebook page<\/a>.<\/p>\t\t\t\t\t\t\t\t<\/div>\n\t\t\t\t<\/div>\n\t\t\t\t\t<\/div>\n\t\t<\/div>\n\t\t\t\t\t<\/div>\n\t\t<\/section>\n\t\t\t\t<section class=\"elementor-section elementor-top-section elementor-element elementor-element-df5a577 elementor-section-boxed elementor-section-height-default elementor-section-height-default rt-parallax-bg-no\" data-id=\"df5a577\" data-element_type=\"section\" data-e-type=\"section\">\n\t\t\t\t\t\t<div class=\"elementor-container elementor-column-gap-default\">\n\t\t\t\t\t<div class=\"elementor-column elementor-col-100 elementor-top-column elementor-element elementor-element-f9ab883\" data-id=\"f9ab883\" data-element_type=\"column\" data-e-type=\"column\">\n\t\t\t<div class=\"elementor-widget-wrap elementor-element-populated\">\n\t\t\t\t\t\t<div class=\"elementor-element elementor-element-16805a6 elementor-widget elementor-widget-text-editor\" data-id=\"16805a6\" data-element_type=\"widget\" data-e-type=\"widget\" data-widget_type=\"text-editor.default\">\n\t\t\t\t<div class=\"elementor-widget-container\">\n\t\t\t\t\t\t\t\t\t<p class=\"LC20lb MBeuO DKV0Md\"><strong>Asociaci\u00f3n Triunvirato.<\/strong> Esta asociaci\u00f3n sin \u00e1nimo de lucro est\u00e1 dedicada a promover el uso de wargames, juegos de rol y juegos de mesa como medio de entretenimiento y ocio alternativo. Ofrecen una amplia variedad de actividades, como torneos, charlas y talleres. Direcci\u00f3n: Calle Sancho N\u00ba11, Motril. Tel: 625986190. <a href=\"https:\/\/triunvirato.org\/\" target=\"_blank\" rel=\"noopener\">Sitio web<\/a>. <a href=\"https:\/\/www.facebook.com\/asociaciontriunvirato\/?locale=es_ES\" target=\"_blank\" rel=\"noopener\">Facebook page<\/a>.<\/p>\t\t\t\t\t\t\t\t<\/div>\n\t\t\t\t<\/div>\n\t\t\t\t\t<\/div>\n\t\t<\/div>\n\t\t\t\t\t<\/div>\n\t\t<\/section>\n\t\t\t\t<section class=\"elementor-section elementor-top-section elementor-element elementor-element-66914f8 elementor-section-boxed elementor-section-height-default elementor-section-height-default rt-parallax-bg-no\" data-id=\"66914f8\" data-element_type=\"section\" data-e-type=\"section\">\n\t\t\t\t\t\t<div class=\"elementor-container elementor-column-gap-default\">\n\t\t\t\t\t<div class=\"elementor-column elementor-col-100 elementor-top-column elementor-element elementor-element-4889d51\" data-id=\"4889d51\" data-element_type=\"column\" data-e-type=\"column\">\n\t\t\t<div class=\"elementor-widget-wrap elementor-element-populated\">\n\t\t\t\t\t\t<div class=\"elementor-element elementor-element-df865be elementor-widget elementor-widget-text-editor\" data-id=\"df865be\" data-element_type=\"widget\" data-e-type=\"widget\" data-widget_type=\"text-editor.default\">\n\t\t\t\t<div class=\"elementor-widget-container\">\n\t\t\t\t\t\t\t\t\t<p><strong>Ateneo Libertario Utop\u00eda Costa de Granada.<\/strong>\u00a0Direcci\u00f3n: Calle Santa Luc\u00eda N\u00ba32, Motril. Tel: 619458680. <a href=\"https:\/\/ateneolibertarioutopia.blogspot.com\/\" target=\"_blank\" rel=\"noopener\">Sitio web<\/a>.\u00a0<\/p>\t\t\t\t\t\t\t\t<\/div>\n\t\t\t\t<\/div>\n\t\t\t\t\t<\/div>\n\t\t<\/div>\n\t\t\t\t\t<\/div>\n\t\t<\/section>\n\t\t\t\t<section class=\"elementor-section elementor-top-section elementor-element elementor-element-689b4e7 elementor-section-boxed elementor-section-height-default elementor-section-height-default rt-parallax-bg-no\" data-id=\"689b4e7\" data-element_type=\"section\" data-e-type=\"section\">\n\t\t\t\t\t\t<div class=\"elementor-container elementor-column-gap-default\">\n\t\t\t\t\t<div class=\"elementor-column elementor-col-100 elementor-top-column elementor-element elementor-element-e93ff9f\" data-id=\"e93ff9f\" data-element_type=\"column\" data-e-type=\"column\">\n\t\t\t<div class=\"elementor-widget-wrap elementor-element-populated\">\n\t\t\t\t\t\t<div class=\"elementor-element elementor-element-552905a elementor-widget elementor-widget-text-editor\" data-id=\"552905a\" data-element_type=\"widget\" data-e-type=\"widget\" data-widget_type=\"text-editor.default\">\n\t\t\t\t<div class=\"elementor-widget-container\">\n\t\t\t\t\t\t\t\t\t<p class=\"bodytext\"><strong>Asociaci\u00f3n de Fot\u00f3grafos Costa Tropical.<\/strong> Tel: 657279085. Email: afocost@gmail.com. <a href=\"https:\/\/www.facebook.com\/AFOCOSTasociacion\/?locale=es_ES\" target=\"_blank\" rel=\"noopener\">Facebook<\/a>.<\/p>\t\t\t\t\t\t\t\t<\/div>\n\t\t\t\t<\/div>\n\t\t\t\t\t<\/div>\n\t\t<\/div>\n\t\t\t\t\t<\/div>\n\t\t<\/section>\n\t\t\t\t<section class=\"elementor-section elementor-top-section elementor-element elementor-element-1df676c elementor-section-boxed elementor-section-height-default elementor-section-height-default rt-parallax-bg-no\" data-id=\"1df676c\" data-element_type=\"section\" data-e-type=\"section\">\n\t\t\t\t\t\t<div class=\"elementor-container elementor-column-gap-default\">\n\t\t\t\t\t<div class=\"elementor-column elementor-col-100 elementor-top-column elementor-element elementor-element-1cdef13\" data-id=\"1cdef13\" data-element_type=\"column\" data-e-type=\"column\">\n\t\t\t<div class=\"elementor-widget-wrap elementor-element-populated\">\n\t\t\t\t\t\t<div class=\"elementor-element elementor-element-a8d3795 elementor-widget elementor-widget-text-editor\" data-id=\"a8d3795\" data-element_type=\"widget\" data-e-type=\"widget\" data-widget_type=\"text-editor.default\">\n\t\t\t\t<div class=\"elementor-widget-container\">\n\t\t\t\t\t\t\t\t\t<p class=\"bodytext\"><strong>Asociaci\u00f3n\u00a0Cultural\u00a0Misterio al Sur.<\/strong> Direcci\u00f3n: Calle Monte Perdido 2, 1\u00baA, Motril. Tel: 609363573.<\/p>\t\t\t\t\t\t\t\t<\/div>\n\t\t\t\t<\/div>\n\t\t\t\t\t<\/div>\n\t\t<\/div>\n\t\t\t\t\t<\/div>\n\t\t<\/section>\n\t\t\t\t<section class=\"elementor-section elementor-top-section elementor-element elementor-element-6a13339 elementor-section-boxed elementor-section-height-default elementor-section-height-default rt-parallax-bg-no\" data-id=\"6a13339\" data-element_type=\"section\" data-e-type=\"section\">\n\t\t\t\t\t\t<div class=\"elementor-container elementor-column-gap-default\">\n\t\t\t\t\t<div class=\"elementor-column elementor-col-100 elementor-top-column elementor-element elementor-element-a6ce14b\" data-id=\"a6ce14b\" data-element_type=\"column\" data-e-type=\"column\">\n\t\t\t<div class=\"elementor-widget-wrap elementor-element-populated\">\n\t\t\t\t\t\t<div class=\"elementor-element elementor-element-7cc10f6 elementor-widget elementor-widget-text-editor\" data-id=\"7cc10f6\" data-element_type=\"widget\" data-e-type=\"widget\" data-widget_type=\"text-editor.default\">\n\t\t\t\t<div class=\"elementor-widget-container\">\n\t\t\t\t\t\t\t\t\t<p class=\"html-h1 xe8uvvx xdj266r x11i5rnm xat24cr x1mh8g0r xexx8yu x4uap5 x18d9i69 xkhd6sd x1vvkbs x1heor9g x1qlqyl8 x1pd3egz x1a2a7pz\"><strong>Asociaci\u00f3n AguaViva, para la Costa y Alpujarra<\/strong><strong>.<\/strong> Direcci\u00f3n: Calle Francisco P\u00e9rez Garc\u00eda N\u00ba5, bajo, Motril. Tel:619374349.<\/p>\t\t\t\t\t\t\t\t<\/div>\n\t\t\t\t<\/div>\n\t\t\t\t\t<\/div>\n\t\t<\/div>\n\t\t\t\t\t<\/div>\n\t\t<\/section>\n\t\t\t\t<section class=\"elementor-section elementor-top-section elementor-element elementor-element-6a6ac85 elementor-section-boxed elementor-section-height-default elementor-section-height-default rt-parallax-bg-no\" data-id=\"6a6ac85\" data-element_type=\"section\" data-e-type=\"section\">\n\t\t\t\t\t\t<div class=\"elementor-container elementor-column-gap-default\">\n\t\t\t\t\t<div class=\"elementor-column elementor-col-100 elementor-top-column elementor-element elementor-element-75f812d\" data-id=\"75f812d\" data-element_type=\"column\" data-e-type=\"column\">\n\t\t\t<div class=\"elementor-widget-wrap elementor-element-populated\">\n\t\t\t\t\t\t<div class=\"elementor-element elementor-element-deadb58 elementor-widget elementor-widget-text-editor\" data-id=\"deadb58\" data-element_type=\"widget\" data-e-type=\"widget\" data-widget_type=\"text-editor.default\">\n\t\t\t\t<div class=\"elementor-widget-container\">\n\t\t\t\t\t\t\t\t\t<p id=\":r4m:\" class=\"html-h2 xe8uvvx x11i5rnm xat24cr x1mh8g0r xexx8yu x4uap5 x18d9i69 xkhd6sd x1vvkbs x1heor9g x1qlqyl8 x1pd3egz x1a2a7pz x1gslohp x1yc453h\"><strong><span class=\"xt0psk2\"><span class=\"html-span xdj266r x11i5rnm xat24cr x1mh8g0r xexx8yu x4uap5 x18d9i69 xkhd6sd x1hl2dhg x16tdsg8 x1vvkbs\">Asociaci\u00f3n Julio Verne Motril<\/span><\/span>. <\/strong>La asociaci\u00f3n organiza diversas acciones ben\u00e9ficas, socioculturales, deportivas y educativas, fomentando el intercambio sociocultural entre personas de diversas nacionalidades residentes en el municipio de Motril y sus alrededores. Direcci\u00f3n: Calle Isaac Peral N\u00ba 19, Bajo, Motril. <a href=\"https:\/\/www.facebook.com\/profile.php?id=100069388743921&amp;locale=af_ZA&amp;paipv=0&amp;eav=AfY6_KJ8YoHc0-oW5G5w3cq3wCuvvFYjWlq44d_rYrK1jaHoddOQF1v9EW35gdisvvQ&amp;_rdr\" target=\"_blank\" rel=\"noopener\">Facebook<\/a>.<\/p>\t\t\t\t\t\t\t\t<\/div>\n\t\t\t\t<\/div>\n\t\t\t\t\t<\/div>\n\t\t<\/div>\n\t\t\t\t\t<\/div>\n\t\t<\/section>\n\t\t\t\t<section class=\"elementor-section elementor-top-section elementor-element elementor-element-761a176 elementor-section-boxed elementor-section-height-default elementor-section-height-default rt-parallax-bg-no\" data-id=\"761a176\" data-element_type=\"section\" data-e-type=\"section\">\n\t\t\t\t\t\t<div class=\"elementor-container elementor-column-gap-default\">\n\t\t\t\t\t<div class=\"elementor-column elementor-col-100 elementor-top-column elementor-element elementor-element-53bcd07\" data-id=\"53bcd07\" data-element_type=\"column\" data-e-type=\"column\">\n\t\t\t<div class=\"elementor-widget-wrap elementor-element-populated\">\n\t\t\t\t\t\t<div class=\"elementor-element elementor-element-92cb6f6 elementor-widget elementor-widget-text-editor\" data-id=\"92cb6f6\" data-element_type=\"widget\" data-e-type=\"widget\" data-widget_type=\"text-editor.default\">\n\t\t\t\t<div class=\"elementor-widget-container\">\n\t\t\t\t\t\t\t\t\t<p class=\"html-h1 xe8uvvx xdj266r x11i5rnm xat24cr x1mh8g0r xexx8yu x4uap5 x18d9i69 xkhd6sd x1vvkbs x1heor9g x1qlqyl8 x1pd3egz x1a2a7pz\"><strong>Grupo de baile Menea-T. <\/strong>Grupo de danza infantil. Direcci\u00f3n: Calle Lontananza N\u00ba 16, Santa Adela, Motril. Tel: 658017822. <a href=\"https:\/\/www.facebook.com\/TOTYPATRIASOCIACIONMENEAT\/?locale=es_ES\" target=\"_blank\" rel=\"noopener\">Facebook<\/a>.<\/p>\t\t\t\t\t\t\t\t<\/div>\n\t\t\t\t<\/div>\n\t\t\t\t\t<\/div>\n\t\t<\/div>\n\t\t\t\t\t<\/div>\n\t\t<\/section>\n\t\t\t\t<section class=\"elementor-section elementor-top-section elementor-element elementor-element-aff898e elementor-section-boxed elementor-section-height-default elementor-section-height-default rt-parallax-bg-no\" data-id=\"aff898e\" data-element_type=\"section\" data-e-type=\"section\">\n\t\t\t\t\t\t<div class=\"elementor-container elementor-column-gap-default\">\n\t\t\t\t\t<div class=\"elementor-column elementor-col-100 elementor-top-column elementor-element elementor-element-becce50\" data-id=\"becce50\" data-element_type=\"column\" data-e-type=\"column\">\n\t\t\t<div class=\"elementor-widget-wrap elementor-element-populated\">\n\t\t\t\t\t\t<div class=\"elementor-element elementor-element-a8be377 elementor-widget elementor-widget-text-editor\" data-id=\"a8be377\" data-element_type=\"widget\" data-e-type=\"widget\" data-widget_type=\"text-editor.default\">\n\t\t\t\t<div class=\"elementor-widget-container\">\n\t\t\t\t\t\t\t\t\t<p class=\"html-h1 xe8uvvx xdj266r x11i5rnm xat24cr x1mh8g0r xexx8yu x4uap5 x18d9i69 xkhd6sd x1vvkbs x1heor9g x1qlqyl8 x1pd3egz x1a2a7pz\"><strong>Asociaci\u00f3n Para la Difusi\u00f3n del Patrimonio de Almu\u00f1\u00e9car.<\/strong> Direcci\u00f3n: Calle Mariana Pineda Generalif, 4, 2 A, Almu\u00f1ecar.\u00a0<\/p>\t\t\t\t\t\t\t\t<\/div>\n\t\t\t\t<\/div>\n\t\t\t\t\t<\/div>\n\t\t<\/div>\n\t\t\t\t\t<\/div>\n\t\t<\/section>\n\t\t\t\t<section class=\"elementor-section elementor-top-section elementor-element elementor-element-b5e691e elementor-section-boxed elementor-section-height-default elementor-section-height-default rt-parallax-bg-no\" data-id=\"b5e691e\" data-element_type=\"section\" data-e-type=\"section\">\n\t\t\t\t\t\t<div class=\"elementor-container elementor-column-gap-default\">\n\t\t\t\t\t<div class=\"elementor-column elementor-col-100 elementor-top-column elementor-element elementor-element-01882eb\" data-id=\"01882eb\" data-element_type=\"column\" data-e-type=\"column\">\n\t\t\t<div class=\"elementor-widget-wrap elementor-element-populated\">\n\t\t\t\t\t\t<div class=\"elementor-element elementor-element-c24d60e elementor-widget elementor-widget-text-editor\" data-id=\"c24d60e\" data-element_type=\"widget\" data-e-type=\"widget\" data-widget_type=\"text-editor.default\">\n\t\t\t\t<div class=\"elementor-widget-container\">\n\t\t\t\t\t\t\t\t\t<p class=\"entry-title\"><strong>Asociaci\u00f3n Cineclub\u00a0 Sexi \u00a0Firmum.<\/strong> Club de cine para amantes del cine, Almu\u00f1\u00e9car.\u00a0<\/p>\t\t\t\t\t\t\t\t<\/div>\n\t\t\t\t<\/div>\n\t\t\t\t\t<\/div>\n\t\t<\/div>\n\t\t\t\t\t<\/div>\n\t\t<\/section>\n\t\t\t\t<section class=\"elementor-section elementor-top-section elementor-element elementor-element-5f4f439 elementor-section-boxed elementor-section-height-default elementor-section-height-default rt-parallax-bg-no\" data-id=\"5f4f439\" data-element_type=\"section\" data-e-type=\"section\">\n\t\t\t\t\t\t<div class=\"elementor-container elementor-column-gap-default\">\n\t\t\t\t\t<div class=\"elementor-column elementor-col-100 elementor-top-column elementor-element elementor-element-a7d8c34\" data-id=\"a7d8c34\" data-element_type=\"column\" data-e-type=\"column\">\n\t\t\t<div class=\"elementor-widget-wrap elementor-element-populated\">\n\t\t\t\t\t\t<div class=\"elementor-element elementor-element-12a761d elementor-widget elementor-widget-text-editor\" data-id=\"12a761d\" data-element_type=\"widget\" data-e-type=\"widget\" data-widget_type=\"text-editor.default\">\n\t\t\t\t<div class=\"elementor-widget-container\">\n\t\t\t\t\t\t\t\t\t<p class=\"html-h1 xe8uvvx xdj266r x11i5rnm xat24cr x1mh8g0r xexx8yu x4uap5 x18d9i69 xkhd6sd x1vvkbs x1heor9g x1qlqyl8 x1pd3egz x1a2a7pz\"><strong>Asociaci\u00f3n Cultural \u201cDA2 Trucados&#8221;\u00a0. <\/strong>Asociaci\u00f3n Cultural de Juegos de Mesa y Ocio Alternativo de la Costa Tropical. Direcci\u00f3n: Pub Jabeque. Aduana vieja 3, Almu\u00f1\u00e9car. <a href=\"https:\/\/www.facebook.com\/da2trucados\/?locale=es_ES\" target=\"_blank\" rel=\"noopener\">Facebook page<\/a>.<\/p>\t\t\t\t\t\t\t\t<\/div>\n\t\t\t\t<\/div>\n\t\t\t\t\t<\/div>\n\t\t<\/div>\n\t\t\t\t\t<\/div>\n\t\t<\/section>\n\t\t\t\t<section class=\"elementor-section elementor-top-section elementor-element elementor-element-d8c1c11 elementor-section-boxed elementor-section-height-default elementor-section-height-default rt-parallax-bg-no\" data-id=\"d8c1c11\" data-element_type=\"section\" data-e-type=\"section\">\n\t\t\t\t\t\t<div class=\"elementor-container elementor-column-gap-default\">\n\t\t\t\t\t<div class=\"elementor-column elementor-col-100 elementor-top-column elementor-element elementor-element-a337031\" data-id=\"a337031\" data-element_type=\"column\" data-e-type=\"column\">\n\t\t\t<div class=\"elementor-widget-wrap elementor-element-populated\">\n\t\t\t\t\t\t<div class=\"elementor-element elementor-element-5b480e4 elementor-widget elementor-widget-text-editor\" data-id=\"5b480e4\" data-element_type=\"widget\" data-e-type=\"widget\" data-widget_type=\"text-editor.default\">\n\t\t\t\t<div class=\"elementor-widget-container\">\n\t\t\t\t\t\t\t\t\t<p class=\"html-h1 xe8uvvx xdj266r x11i5rnm xat24cr x1mh8g0r xexx8yu x4uap5 x18d9i69 xkhd6sd x1vvkbs x1heor9g x1qlqyl8 x1pd3egz x1a2a7pz\"><strong>Arte &#8211; Sur Almu\u00f1\u00e9car.<\/strong> Promoci\u00f3n del arte. <a href=\"https:\/\/www.facebook.com\/ArteSurAlmu\/?locale=es_ES\" target=\"_blank\" rel=\"noopener\">Facebook page<\/a>.<\/p>\t\t\t\t\t\t\t\t<\/div>\n\t\t\t\t<\/div>\n\t\t\t\t\t<\/div>\n\t\t<\/div>\n\t\t\t\t\t<\/div>\n\t\t<\/section>\n\t\t\t\t<section class=\"elementor-section elementor-top-section elementor-element elementor-element-2dfd872 elementor-section-boxed elementor-section-height-default elementor-section-height-default rt-parallax-bg-no\" data-id=\"2dfd872\" data-element_type=\"section\" data-e-type=\"section\">\n\t\t\t\t\t\t<div class=\"elementor-container elementor-column-gap-default\">\n\t\t\t\t\t<div class=\"elementor-column elementor-col-100 elementor-top-column elementor-element elementor-element-ade41ee\" data-id=\"ade41ee\" data-element_type=\"column\" data-e-type=\"column\">\n\t\t\t<div class=\"elementor-widget-wrap elementor-element-populated\">\n\t\t\t\t\t\t<div class=\"elementor-element elementor-element-a40de04 elementor-widget elementor-widget-text-editor\" data-id=\"a40de04\" data-element_type=\"widget\" data-e-type=\"widget\" data-widget_type=\"text-editor.default\">\n\t\t\t\t<div class=\"elementor-widget-container\">\n\t\t\t\t\t\t\t\t\t<p class=\"html-h1 xe8uvvx xdj266r x11i5rnm xat24cr x1mh8g0r xexx8yu x4uap5 x18d9i69 xkhd6sd x1vvkbs x1heor9g x1qlqyl8 x1pd3egz x1a2a7pz\"><strong>Asociaci\u00f3n\u00a0para el Desarrollo Digital en la\u00a0Costa Tropical.<\/strong> Su objetivo es expandir el conocimiento tecnol\u00f3gico en todos los sectores, tanto amateurs como profesionales, y establecer un punto de encuentro para profesionales, estudiantes y empresas para intercambiar experiencias. Direcci\u00f3n: Calle Narciso Gonz\u00e1lez Cervera, Motril. <a href=\"https:\/\/addcostatropical.org\/\" target=\"_blank\" rel=\"noopener\">Sitio web<\/a>.<\/p>\t\t\t\t\t\t\t\t<\/div>\n\t\t\t\t<\/div>\n\t\t\t\t\t<\/div>\n\t\t<\/div>\n\t\t\t\t\t<\/div>\n\t\t<\/section>\n\t\t\t\t<section class=\"elementor-section elementor-top-section elementor-element elementor-element-f77c2a2 elementor-section-boxed elementor-section-height-default elementor-section-height-default rt-parallax-bg-no\" data-id=\"f77c2a2\" data-element_type=\"section\" data-e-type=\"section\">\n\t\t\t\t\t\t<div class=\"elementor-container elementor-column-gap-default\">\n\t\t\t\t\t<div class=\"elementor-column elementor-col-100 elementor-top-column elementor-element elementor-element-8e33794\" data-id=\"8e33794\" data-element_type=\"column\" data-e-type=\"column\">\n\t\t\t<div class=\"elementor-widget-wrap elementor-element-populated\">\n\t\t\t\t\t\t<div class=\"elementor-element elementor-element-1dbdaec elementor-widget elementor-widget-text-editor\" data-id=\"1dbdaec\" data-element_type=\"widget\" data-e-type=\"widget\" data-widget_type=\"text-editor.default\">\n\t\t\t\t<div class=\"elementor-widget-container\">\n\t\t\t\t\t\t\t\t\t<p><strong>Asociaci\u00f3n Aeron\u00e1utica Andaluza Ori\u00f3n.<\/strong> Se fund\u00f3 con el prop\u00f3sito de difundir, promover y educar en el \u00e1mbito de la cultura aeron\u00e1utica. Ha llevado a cabo una amplia gama de actividades, tanto p\u00fablicas como privadas, incluyendo concursos, conferencias, viajes, visitas a museos, bases militares y aeropuertos, para acercar la aviaci\u00f3n al p\u00fablico en general. Organiza el Festival Internacional del Aire de Motril, que se celebra anualmente y se ha convertido en uno de los espect\u00e1culos a\u00e9reos m\u00e1s importantes de Espa\u00f1a. Direcci\u00f3n: Calle Mirador del Tajo N\u00ba3, Esc.2, Ptl. 3 Pta.A, Motril. Tel: 606011054. <a href=\"https:\/\/www.coralarmiz.com\/\" target=\"_blank\" rel=\"noopener\">Sitio web<\/a>.<\/p>\t\t\t\t\t\t\t\t<\/div>\n\t\t\t\t<\/div>\n\t\t\t\t\t<\/div>\n\t\t<\/div>\n\t\t\t\t\t<\/div>\n\t\t<\/section>\n\t\t\t\t<section class=\"elementor-section elementor-top-section elementor-element elementor-element-17844eb elementor-section-boxed elementor-section-height-default elementor-section-height-default rt-parallax-bg-no\" data-id=\"17844eb\" data-element_type=\"section\" data-e-type=\"section\">\n\t\t\t\t\t\t<div class=\"elementor-container elementor-column-gap-default\">\n\t\t\t\t\t<div class=\"elementor-column elementor-col-100 elementor-top-column elementor-element elementor-element-0a48963\" data-id=\"0a48963\" data-element_type=\"column\" data-e-type=\"column\">\n\t\t\t<div class=\"elementor-widget-wrap elementor-element-populated\">\n\t\t\t\t\t\t<div class=\"elementor-element elementor-element-ea8f8be elementor-widget elementor-widget-spacer\" data-id=\"ea8f8be\" data-element_type=\"widget\" data-e-type=\"widget\" data-widget_type=\"spacer.default\">\n\t\t\t\t<div class=\"elementor-widget-container\">\n\t\t\t\t\t\t\t<div class=\"elementor-spacer\">\n\t\t\t<div class=\"elementor-spacer-inner\"><\/div>\n\t\t<\/div>\n\t\t\t\t\t\t<\/div>\n\t\t\t\t<\/div>\n\t\t\t\t\t<\/div>\n\t\t<\/div>\n\t\t\t\t\t<\/div>\n\t\t<\/section>\n\t\t\t\t<section class=\"elementor-section elementor-top-section elementor-element elementor-element-068dcb8 elementor-section-boxed elementor-section-height-default elementor-section-height-default rt-parallax-bg-no\" data-id=\"068dcb8\" data-element_type=\"section\" data-e-type=\"section\">\n\t\t\t\t\t\t<div class=\"elementor-container elementor-column-gap-default\">\n\t\t\t\t\t<div class=\"elementor-column elementor-col-100 elementor-top-column elementor-element elementor-element-074cb15\" data-id=\"074cb15\" data-element_type=\"column\" data-e-type=\"column\">\n\t\t\t<div class=\"elementor-widget-wrap elementor-element-populated\">\n\t\t\t\t\t\t<div class=\"elementor-element elementor-element-23a6744 elementor-widget elementor-widget-heading\" data-id=\"23a6744\" data-element_type=\"widget\" data-e-type=\"widget\" data-widget_type=\"heading.default\">\n\t\t\t\t<div class=\"elementor-widget-container\">\n\t\t\t\t\t<h2 class=\"elementor-heading-title elementor-size-default\">M\u00fasica y baile<\/h2>\t\t\t\t<\/div>\n\t\t\t\t<\/div>\n\t\t\t\t\t<\/div>\n\t\t<\/div>\n\t\t\t\t\t<\/div>\n\t\t<\/section>\n\t\t\t\t<section class=\"elementor-section elementor-top-section elementor-element elementor-element-827751b elementor-section-boxed elementor-section-height-default elementor-section-height-default rt-parallax-bg-no\" data-id=\"827751b\" data-element_type=\"section\" data-e-type=\"section\">\n\t\t\t\t\t\t<div class=\"elementor-container elementor-column-gap-default\">\n\t\t\t\t\t<div class=\"elementor-column elementor-col-100 elementor-top-column elementor-element elementor-element-fd3c59f\" data-id=\"fd3c59f\" data-element_type=\"column\" data-e-type=\"column\">\n\t\t\t<div class=\"elementor-widget-wrap elementor-element-populated\">\n\t\t\t\t\t\t<div class=\"elementor-element elementor-element-5e43b84 elementor-widget elementor-widget-text-editor\" data-id=\"5e43b84\" data-element_type=\"widget\" data-e-type=\"widget\" data-widget_type=\"text-editor.default\">\n\t\t\t\t<div class=\"elementor-widget-container\">\n\t\t\t\t\t\t\t\t\t<p><strong>Coral Armiz.<\/strong> Direcci\u00f3n: Calle R\u00edo Duero N\u00ba7, 3\u00baB, Motril. Tel: 958822397. <a href=\"https:\/\/www.coralarmiz.com\/\" target=\"_blank\" rel=\"noopener\">Sitio web<\/a>. <a href=\"https:\/\/www.facebook.com\/coralarmiz\/?locale=es_LA\" target=\"_blank\" rel=\"noopener\">Facebook<\/a>.<\/p>\t\t\t\t\t\t\t\t<\/div>\n\t\t\t\t<\/div>\n\t\t\t\t\t<\/div>\n\t\t<\/div>\n\t\t\t\t\t<\/div>\n\t\t<\/section>\n\t\t\t\t<section class=\"elementor-section elementor-top-section elementor-element elementor-element-a427c3c elementor-section-boxed elementor-section-height-default elementor-section-height-default rt-parallax-bg-no\" data-id=\"a427c3c\" data-element_type=\"section\" data-e-type=\"section\">\n\t\t\t\t\t\t<div class=\"elementor-container elementor-column-gap-default\">\n\t\t\t\t\t<div class=\"elementor-column elementor-col-100 elementor-top-column elementor-element elementor-element-d8f10c7\" data-id=\"d8f10c7\" data-element_type=\"column\" data-e-type=\"column\">\n\t\t\t<div class=\"elementor-widget-wrap elementor-element-populated\">\n\t\t\t\t\t\t<div class=\"elementor-element elementor-element-30ce269 elementor-widget elementor-widget-text-editor\" data-id=\"30ce269\" data-element_type=\"widget\" data-e-type=\"widget\" data-widget_type=\"text-editor.default\">\n\t\t\t\t<div class=\"elementor-widget-container\">\n\t\t\t\t\t\t\t\t\t<p class=\"bodytext\"><strong>Asociaci\u00f3n de m\u00fasicos y artesanos de Motril.<\/strong> Tel: 657279085. Email: afocost@gmail.com. <a href=\"https:\/\/www.facebook.com\/AFOCOSTasociacion\/?locale=es_ES\" target=\"_blank\" rel=\"noopener\">Facebook<\/a>.<\/p>\t\t\t\t\t\t\t\t<\/div>\n\t\t\t\t<\/div>\n\t\t\t\t\t<\/div>\n\t\t<\/div>\n\t\t\t\t\t<\/div>\n\t\t<\/section>\n\t\t\t\t<section class=\"elementor-section elementor-top-section elementor-element elementor-element-8648bba elementor-section-boxed elementor-section-height-default elementor-section-height-default rt-parallax-bg-no\" data-id=\"8648bba\" data-element_type=\"section\" data-e-type=\"section\">\n\t\t\t\t\t\t<div class=\"elementor-container elementor-column-gap-default\">\n\t\t\t\t\t<div class=\"elementor-column elementor-col-100 elementor-top-column elementor-element elementor-element-599d5e5\" data-id=\"599d5e5\" data-element_type=\"column\" data-e-type=\"column\">\n\t\t\t<div class=\"elementor-widget-wrap elementor-element-populated\">\n\t\t\t\t\t\t<div class=\"elementor-element elementor-element-9677dc9 elementor-widget elementor-widget-text-editor\" data-id=\"9677dc9\" data-element_type=\"widget\" data-e-type=\"widget\" data-widget_type=\"text-editor.default\">\n\t\t\t\t<div class=\"elementor-widget-container\">\n\t\t\t\t\t\t\t\t\t<p class=\"html-h1 xe8uvvx xdj266r x11i5rnm xat24cr x1mh8g0r xexx8yu x4uap5 x18d9i69 xkhd6sd x1vvkbs x1heor9g x1qlqyl8 x1pd3egz x1a2a7pz\"><strong>Juventudes Musicales de Almu\u00f1\u00e9car.<\/strong>\u00a0<a href=\"https:\/\/www.facebook.com\/p\/Juventudes-Musicales-de-Almu%C3%B1%C3%A9car-100069970335680\/?paipv=0&amp;eav=AfaBPD5gCj_EWYsSjmkj0oXmY1qOK3-wlEwRxI2OoFvjNOTzdwEOFNPARn-NRi4jyiU&amp;_rdr\" target=\"_blank\" rel=\"noopener\">Facebook<\/a>.<\/p>\t\t\t\t\t\t\t\t<\/div>\n\t\t\t\t<\/div>\n\t\t\t\t\t<\/div>\n\t\t<\/div>\n\t\t\t\t\t<\/div>\n\t\t<\/section>\n\t\t\t\t<section class=\"elementor-section elementor-top-section elementor-element elementor-element-ccf6b14 elementor-section-boxed elementor-section-height-default elementor-section-height-default rt-parallax-bg-no\" data-id=\"ccf6b14\" data-element_type=\"section\" data-e-type=\"section\">\n\t\t\t\t\t\t<div class=\"elementor-container elementor-column-gap-default\">\n\t\t\t\t\t<div class=\"elementor-column elementor-col-100 elementor-top-column elementor-element elementor-element-0ca6424\" data-id=\"0ca6424\" data-element_type=\"column\" data-e-type=\"column\">\n\t\t\t<div class=\"elementor-widget-wrap elementor-element-populated\">\n\t\t\t\t\t\t<div class=\"elementor-element elementor-element-6615b14 elementor-widget elementor-widget-text-editor\" data-id=\"6615b14\" data-element_type=\"widget\" data-e-type=\"widget\" data-widget_type=\"text-editor.default\">\n\t\t\t\t<div class=\"elementor-widget-container\">\n\t\t\t\t\t\t\t\t\t<p class=\"html-h1 xe8uvvx xdj266r x11i5rnm xat24cr x1mh8g0r xexx8yu x4uap5 x18d9i69 xkhd6sd x1vvkbs x1heor9g x1qlqyl8 x1pd3egz x1a2a7pz\"><strong>Coro Bah\u00eda de La Herradura. <\/strong>Grupo coral mixto con m\u00e1s de 25 a\u00f1os de historia. Su repertorio incluye canciones sacras, folklore y canciones modernas. Tel: 656 33 00 32.\u00a0<a href=\"https:\/\/www.facebook.com\/corobahiadelaherradura\/\" target=\"_blank\" rel=\"noopener\">Facebook<\/a>.<\/p>\t\t\t\t\t\t\t\t<\/div>\n\t\t\t\t<\/div>\n\t\t\t\t\t<\/div>\n\t\t<\/div>\n\t\t\t\t\t<\/div>\n\t\t<\/section>\n\t\t\t\t<section class=\"elementor-section elementor-top-section elementor-element elementor-element-0de308e elementor-section-boxed elementor-section-height-default elementor-section-height-default rt-parallax-bg-no\" data-id=\"0de308e\" data-element_type=\"section\" data-e-type=\"section\">\n\t\t\t\t\t\t<div class=\"elementor-container elementor-column-gap-default\">\n\t\t\t\t\t<div class=\"elementor-column elementor-col-100 elementor-top-column elementor-element elementor-element-0eb4a92\" data-id=\"0eb4a92\" data-element_type=\"column\" data-e-type=\"column\">\n\t\t\t<div class=\"elementor-widget-wrap elementor-element-populated\">\n\t\t\t\t\t\t<div class=\"elementor-element elementor-element-28a0525 elementor-widget elementor-widget-text-editor\" data-id=\"28a0525\" data-element_type=\"widget\" data-e-type=\"widget\" data-widget_type=\"text-editor.default\">\n\t\t\t\t<div class=\"elementor-widget-container\">\n\t\t\t\t\t\t\t\t\t<p class=\"html-h1 xe8uvvx xdj266r x11i5rnm xat24cr x1mh8g0r xexx8yu x4uap5 x18d9i69 xkhd6sd x1vvkbs x1heor9g x1qlqyl8 x1pd3egz x1a2a7pz\"><strong>Go Country. <\/strong>Country line dance los lunes a las 16:00 en el Centro C\u00edvico de La Herradura. Tel: 666374904. <a href=\"https:\/\/www.facebook.com\/laherraduracosta\/\" target=\"_blank\" rel=\"noopener\">Facebook<\/a>.<\/p>\t\t\t\t\t\t\t\t<\/div>\n\t\t\t\t<\/div>\n\t\t\t\t\t<\/div>\n\t\t<\/div>\n\t\t\t\t\t<\/div>\n\t\t<\/section>\n\t\t\t\t<section class=\"elementor-section elementor-top-section elementor-element elementor-element-7a32df5 elementor-section-boxed elementor-section-height-default elementor-section-height-default rt-parallax-bg-no\" data-id=\"7a32df5\" data-element_type=\"section\" data-e-type=\"section\">\n\t\t\t\t\t\t<div class=\"elementor-container elementor-column-gap-default\">\n\t\t\t\t\t<div class=\"elementor-column elementor-col-100 elementor-top-column elementor-element elementor-element-2b56e72\" data-id=\"2b56e72\" data-element_type=\"column\" data-e-type=\"column\">\n\t\t\t<div class=\"elementor-widget-wrap elementor-element-populated\">\n\t\t\t\t\t\t<div class=\"elementor-element elementor-element-638c4e6 elementor-widget elementor-widget-text-editor\" data-id=\"638c4e6\" data-element_type=\"widget\" data-e-type=\"widget\" data-widget_type=\"text-editor.default\">\n\t\t\t\t<div class=\"elementor-widget-container\">\n\t\t\t\t\t\t\t\t\t<p class=\"html-h1 xe8uvvx xdj266r x11i5rnm xat24cr x1mh8g0r xexx8yu x4uap5 x18d9i69 xkhd6sd x1vvkbs x1heor9g x1qlqyl8 x1pd3egz x1a2a7pz\"><strong>Asociaci\u00f3n Musical &#8220;Amigos de V\u00e9lez&#8221;.<\/strong> Clases de m\u00fasica y conciertos. Email: amigosdevelez@gmail.com. <a href=\"https:\/\/www.facebook.com\/AsocMusicalAmigosDeVelez\/\" target=\"_blank\" rel=\"noopener\">Facebook<\/a>.<\/p>\t\t\t\t\t\t\t\t<\/div>\n\t\t\t\t<\/div>\n\t\t\t\t\t<\/div>\n\t\t<\/div>\n\t\t\t\t\t<\/div>\n\t\t<\/section>\n\t\t\t\t<section class=\"elementor-section elementor-top-section elementor-element elementor-element-c8b012b elementor-section-boxed elementor-section-height-default elementor-section-height-default rt-parallax-bg-no\" data-id=\"c8b012b\" data-element_type=\"section\" data-e-type=\"section\">\n\t\t\t\t\t\t<div class=\"elementor-container elementor-column-gap-default\">\n\t\t\t\t\t<div class=\"elementor-column elementor-col-100 elementor-top-column elementor-element elementor-element-ee6e5c2\" data-id=\"ee6e5c2\" data-element_type=\"column\" data-e-type=\"column\">\n\t\t\t<div class=\"elementor-widget-wrap elementor-element-populated\">\n\t\t\t\t\t\t<div class=\"elementor-element elementor-element-e9e2239 elementor-widget elementor-widget-spacer\" data-id=\"e9e2239\" data-element_type=\"widget\" data-e-type=\"widget\" data-widget_type=\"spacer.default\">\n\t\t\t\t<div class=\"elementor-widget-container\">\n\t\t\t\t\t\t\t<div class=\"elementor-spacer\">\n\t\t\t<div class=\"elementor-spacer-inner\"><\/div>\n\t\t<\/div>\n\t\t\t\t\t\t<\/div>\n\t\t\t\t<\/div>\n\t\t\t\t\t<\/div>\n\t\t<\/div>\n\t\t\t\t\t<\/div>\n\t\t<\/section>\n\t\t\t\t<section class=\"elementor-section elementor-top-section elementor-element elementor-element-97ee65a elementor-section-boxed elementor-section-height-default elementor-section-height-default rt-parallax-bg-no\" data-id=\"97ee65a\" data-element_type=\"section\" data-e-type=\"section\">\n\t\t\t\t\t\t<div class=\"elementor-container elementor-column-gap-default\">\n\t\t\t\t\t<div class=\"elementor-column elementor-col-100 elementor-top-column elementor-element elementor-element-7d78faf\" data-id=\"7d78faf\" data-element_type=\"column\" data-e-type=\"column\">\n\t\t\t<div class=\"elementor-widget-wrap elementor-element-populated\">\n\t\t\t\t\t\t<div class=\"elementor-element elementor-element-4e052d4 elementor-widget elementor-widget-heading\" data-id=\"4e052d4\" data-element_type=\"widget\" data-e-type=\"widget\" data-widget_type=\"heading.default\">\n\t\t\t\t<div class=\"elementor-widget-container\">\n\t\t\t\t\t<h2 class=\"elementor-heading-title elementor-size-default\">Deportes<\/h2>\t\t\t\t<\/div>\n\t\t\t\t<\/div>\n\t\t\t\t\t<\/div>\n\t\t<\/div>\n\t\t\t\t\t<\/div>\n\t\t<\/section>\n\t\t\t\t<section class=\"elementor-section elementor-top-section elementor-element elementor-element-76e5586 elementor-section-boxed elementor-section-height-default elementor-section-height-default rt-parallax-bg-no\" data-id=\"76e5586\" data-element_type=\"section\" data-e-type=\"section\">\n\t\t\t\t\t\t<div class=\"elementor-container elementor-column-gap-default\">\n\t\t\t\t\t<div class=\"elementor-column elementor-col-100 elementor-top-column elementor-element elementor-element-0feafdb\" data-id=\"0feafdb\" data-element_type=\"column\" data-e-type=\"column\">\n\t\t\t<div class=\"elementor-widget-wrap elementor-element-populated\">\n\t\t\t\t\t\t<div class=\"elementor-element elementor-element-cb13a76 elementor-widget elementor-widget-text-editor\" data-id=\"cb13a76\" data-element_type=\"widget\" data-e-type=\"widget\" data-widget_type=\"text-editor.default\">\n\t\t\t\t<div class=\"elementor-widget-container\">\n\t\t\t\t\t\t\t\t\t<p><strong>\u00a0Asociaci\u00f3n\u00a0\u201cRun\u00a0&amp;\u00a0Run Motril&#8217;.<\/strong> Organizan el festival de marionetas Motr\u00edteres. Direcci\u00f3n: Calle P\u00edo Baroja 21, Motril. Email: runrunmotril@gmail.com. <a href=\"https:\/\/www.facebook.com\/p\/RunRun-Motril-100057532361371\/\" target=\"_blank\" rel=\"noopener\">Facebook page<\/a>.<\/p>\t\t\t\t\t\t\t\t<\/div>\n\t\t\t\t<\/div>\n\t\t\t\t\t<\/div>\n\t\t<\/div>\n\t\t\t\t\t<\/div>\n\t\t<\/section>\n\t\t\t\t<section class=\"elementor-section elementor-top-section elementor-element elementor-element-13ed4a5 elementor-section-boxed elementor-section-height-default elementor-section-height-default rt-parallax-bg-no\" data-id=\"13ed4a5\" data-element_type=\"section\" data-e-type=\"section\">\n\t\t\t\t\t\t<div class=\"elementor-container elementor-column-gap-default\">\n\t\t\t\t\t<div class=\"elementor-column elementor-col-100 elementor-top-column elementor-element elementor-element-79159ee\" data-id=\"79159ee\" data-element_type=\"column\" data-e-type=\"column\">\n\t\t\t<div class=\"elementor-widget-wrap elementor-element-populated\">\n\t\t\t\t\t\t<div class=\"elementor-element elementor-element-b4de03b elementor-widget elementor-widget-text-editor\" data-id=\"b4de03b\" data-element_type=\"widget\" data-e-type=\"widget\" data-widget_type=\"text-editor.default\">\n\t\t\t\t<div class=\"elementor-widget-container\">\n\t\t\t\t\t\t\t\t\t<p class=\"LC20lb MBeuO DKV0Md\"><strong>Club De Pesca Costa Tropical.<\/strong> Club de pesca en Almu\u00f1\u00e9car especializado en surfcasting, kayak, spinning y pesca de barco anclado. Direcci\u00f3n: Laderas de Castelar, 54, Almu\u00f1\u00e9car. <a href=\"https:\/\/www.facebook.com\/clubpescacostatropical\/?locale=es_ES\" target=\"_blank\" rel=\"noopener\">Facebook page<\/a>.<\/p>\t\t\t\t\t\t\t\t<\/div>\n\t\t\t\t<\/div>\n\t\t\t\t\t<\/div>\n\t\t<\/div>\n\t\t\t\t\t<\/div>\n\t\t<\/section>\n\t\t\t\t<section class=\"elementor-section elementor-top-section elementor-element elementor-element-d6eaa6b elementor-section-boxed elementor-section-height-default elementor-section-height-default rt-parallax-bg-no\" data-id=\"d6eaa6b\" data-element_type=\"section\" data-e-type=\"section\">\n\t\t\t\t\t\t<div class=\"elementor-container elementor-column-gap-default\">\n\t\t\t\t\t<div class=\"elementor-column elementor-col-100 elementor-top-column elementor-element elementor-element-353c15b\" data-id=\"353c15b\" data-element_type=\"column\" data-e-type=\"column\">\n\t\t\t<div class=\"elementor-widget-wrap elementor-element-populated\">\n\t\t\t\t\t\t<div class=\"elementor-element elementor-element-395521b elementor-widget elementor-widget-text-editor\" data-id=\"395521b\" data-element_type=\"widget\" data-e-type=\"widget\" data-widget_type=\"text-editor.default\">\n\t\t\t\t<div class=\"elementor-widget-container\">\n\t\t\t\t\t\t\t\t\t<p class=\"LC20lb MBeuO DKV0Md\"><strong>Club Petanca Internacional de Almu\u00f1\u00e9car.<\/strong> Juegan mel\u00e9e (dobles) todos los mi\u00e9rcoles a las 10:00 en la Playa Fuente Piedra (inscripciones a las 9:30) y tambi\u00e9n organizan torneos nacionales e internacionales. Direcci\u00f3n: Paseo Reina Sof\u00eda 5, Almu\u00f1\u00e9car. <a href=\"https:\/\/www.facebook.com\/internacionalpetanca\/?locale=es_ES\" target=\"_blank\" rel=\"noopener\">Facebook page<\/a>.<\/p>\t\t\t\t\t\t\t\t<\/div>\n\t\t\t\t<\/div>\n\t\t\t\t\t<\/div>\n\t\t<\/div>\n\t\t\t\t\t<\/div>\n\t\t<\/section>\n\t\t\t\t<section class=\"elementor-section elementor-top-section elementor-element elementor-element-e310a3d elementor-section-boxed elementor-section-height-default elementor-section-height-default rt-parallax-bg-no\" data-id=\"e310a3d\" data-element_type=\"section\" data-e-type=\"section\">\n\t\t\t\t\t\t<div class=\"elementor-container elementor-column-gap-default\">\n\t\t\t\t\t<div class=\"elementor-column elementor-col-100 elementor-top-column elementor-element elementor-element-f72ba07\" data-id=\"f72ba07\" data-element_type=\"column\" data-e-type=\"column\">\n\t\t\t<div class=\"elementor-widget-wrap elementor-element-populated\">\n\t\t\t\t\t\t<div class=\"elementor-element elementor-element-f4fbf1c elementor-widget elementor-widget-text-editor\" data-id=\"f4fbf1c\" data-element_type=\"widget\" data-e-type=\"widget\" data-widget_type=\"text-editor.default\">\n\t\t\t\t<div class=\"elementor-widget-container\">\n\t\t\t\t\t\t\t\t\t<p class=\"LC20lb MBeuO DKV0Md\"><strong>Club Deportivo Padel TEAM, <\/strong>Almu\u00f1\u00e9car.\u00a0<a href=\"https:\/\/www.instagram.com\/padelteam77\/?hl=es\" target=\"_blank\" rel=\"noopener\">P\u00e1gina de Instagram<\/a>.\u00a0<\/p>\t\t\t\t\t\t\t\t<\/div>\n\t\t\t\t<\/div>\n\t\t\t\t\t<\/div>\n\t\t<\/div>\n\t\t\t\t\t<\/div>\n\t\t<\/section>\n\t\t\t\t<section class=\"elementor-section elementor-top-section elementor-element elementor-element-a839bac elementor-section-boxed elementor-section-height-default elementor-section-height-default rt-parallax-bg-no\" data-id=\"a839bac\" data-element_type=\"section\" data-e-type=\"section\">\n\t\t\t\t\t\t<div class=\"elementor-container elementor-column-gap-default\">\n\t\t\t\t\t<div class=\"elementor-column elementor-col-100 elementor-top-column elementor-element elementor-element-b0671cf\" data-id=\"b0671cf\" data-element_type=\"column\" data-e-type=\"column\">\n\t\t\t<div class=\"elementor-widget-wrap elementor-element-populated\">\n\t\t\t\t\t\t<div class=\"elementor-element elementor-element-8785fdc elementor-widget elementor-widget-text-editor\" data-id=\"8785fdc\" data-element_type=\"widget\" data-e-type=\"widget\" data-widget_type=\"text-editor.default\">\n\t\t\t\t<div class=\"elementor-widget-container\">\n\t\t\t\t\t\t\t\t\t<p><strong>Club de Padel Costa Tropical.<\/strong> Tel: 665950892. Almu\u00f1\u00e9car.<\/p>\t\t\t\t\t\t\t\t<\/div>\n\t\t\t\t<\/div>\n\t\t\t\t\t<\/div>\n\t\t<\/div>\n\t\t\t\t\t<\/div>\n\t\t<\/section>\n\t\t\t\t<section class=\"elementor-section elementor-top-section elementor-element elementor-element-75bbca9 elementor-section-boxed elementor-section-height-default elementor-section-height-default rt-parallax-bg-no\" data-id=\"75bbca9\" data-element_type=\"section\" data-e-type=\"section\">\n\t\t\t\t\t\t<div class=\"elementor-container elementor-column-gap-default\">\n\t\t\t\t\t<div class=\"elementor-column elementor-col-100 elementor-top-column elementor-element elementor-element-a7d0c9e\" data-id=\"a7d0c9e\" data-element_type=\"column\" data-e-type=\"column\">\n\t\t\t<div class=\"elementor-widget-wrap elementor-element-populated\">\n\t\t\t\t\t\t<div class=\"elementor-element elementor-element-babf3cd elementor-widget elementor-widget-text-editor\" data-id=\"babf3cd\" data-element_type=\"widget\" data-e-type=\"widget\" data-widget_type=\"text-editor.default\">\n\t\t\t\t<div class=\"elementor-widget-container\">\n\t\t\t\t\t\t\t\t\t<p class=\"html-h1 xe8uvvx xdj266r x11i5rnm xat24cr x1mh8g0r xexx8yu x4uap5 x18d9i69 xkhd6sd x1vvkbs x1heor9g x1qlqyl8 x1pd3egz x1a2a7pz\"><strong>Tropicalbike Mtb.<\/strong> Club de salidas en mountain-bike todos los domingos desde Motril. <a href=\"https:\/\/www.facebook.com\/tropicalbike?locale=es_ES\" target=\"_blank\" rel=\"noopener\">Facebook page<\/a>.<\/p>\t\t\t\t\t\t\t\t<\/div>\n\t\t\t\t<\/div>\n\t\t\t\t\t<\/div>\n\t\t<\/div>\n\t\t\t\t\t<\/div>\n\t\t<\/section>\n\t\t\t\t<section class=\"elementor-section elementor-top-section elementor-element elementor-element-420be93 elementor-section-boxed elementor-section-height-default elementor-section-height-default rt-parallax-bg-no\" data-id=\"420be93\" data-element_type=\"section\" data-e-type=\"section\">\n\t\t\t\t\t\t<div class=\"elementor-container elementor-column-gap-default\">\n\t\t\t\t\t<div class=\"elementor-column elementor-col-100 elementor-top-column elementor-element elementor-element-951121f\" data-id=\"951121f\" data-element_type=\"column\" data-e-type=\"column\">\n\t\t\t<div class=\"elementor-widget-wrap elementor-element-populated\">\n\t\t\t\t\t\t<div class=\"elementor-element elementor-element-70d9534 elementor-widget elementor-widget-text-editor\" data-id=\"70d9534\" data-element_type=\"widget\" data-e-type=\"widget\" data-widget_type=\"text-editor.default\">\n\t\t\t\t<div class=\"elementor-widget-container\">\n\t\t\t\t\t\t\t\t\t<p class=\"html-h1 xe8uvvx xdj266r x11i5rnm xat24cr x1mh8g0r xexx8yu x4uap5 x18d9i69 xkhd6sd x1vvkbs x1heor9g x1qlqyl8 x1pd3egz x1a2a7pz\"><strong>C.D. Asociaci\u00f3n Ciclista La Herradura. <\/strong>Club de ciclismo con dos disciplinas: ciclismo de carretera y mountain bike. Participan y organizan competiciones. Tel: 639 31 88 12. <a href=\"https:\/\/www.facebook.com\/profile.php?id=100039975085151&amp;locale=sv_SE&amp;paipv=0&amp;eav=AfaVA3NJM_NR2OTi4eztcqN1ggPQCIpoLLjk5ngG3Cm8zFZTL9PRb3AnnrPYeoSLVZA\" target=\"_blank\" rel=\"noopener\">Facebook page<\/a>.<\/p>\t\t\t\t\t\t\t\t<\/div>\n\t\t\t\t<\/div>\n\t\t\t\t\t<\/div>\n\t\t<\/div>\n\t\t\t\t\t<\/div>\n\t\t<\/section>\n\t\t\t\t<section class=\"elementor-section elementor-top-section elementor-element elementor-element-b1ce283 elementor-section-boxed elementor-section-height-default elementor-section-height-default rt-parallax-bg-no\" data-id=\"b1ce283\" data-element_type=\"section\" data-e-type=\"section\">\n\t\t\t\t\t\t<div class=\"elementor-container elementor-column-gap-default\">\n\t\t\t\t\t<div class=\"elementor-column elementor-col-100 elementor-top-column elementor-element elementor-element-f353c04\" data-id=\"f353c04\" data-element_type=\"column\" data-e-type=\"column\">\n\t\t\t<div class=\"elementor-widget-wrap elementor-element-populated\">\n\t\t\t\t\t\t<div class=\"elementor-element elementor-element-1c8e08b elementor-widget elementor-widget-spacer\" data-id=\"1c8e08b\" data-element_type=\"widget\" data-e-type=\"widget\" data-widget_type=\"spacer.default\">\n\t\t\t\t<div class=\"elementor-widget-container\">\n\t\t\t\t\t\t\t<div class=\"elementor-spacer\">\n\t\t\t<div class=\"elementor-spacer-inner\"><\/div>\n\t\t<\/div>\n\t\t\t\t\t\t<\/div>\n\t\t\t\t<\/div>\n\t\t\t\t\t<\/div>\n\t\t<\/div>\n\t\t\t\t\t<\/div>\n\t\t<\/section>\n\t\t\t\t<section class=\"elementor-section elementor-top-section elementor-element elementor-element-b89646a elementor-section-boxed elementor-section-height-default elementor-section-height-default rt-parallax-bg-no\" data-id=\"b89646a\" data-element_type=\"section\" data-e-type=\"section\">\n\t\t\t\t\t\t<div class=\"elementor-container elementor-column-gap-default\">\n\t\t\t\t\t<div class=\"elementor-column elementor-col-100 elementor-top-column elementor-element elementor-element-c0a8bef\" data-id=\"c0a8bef\" data-element_type=\"column\" data-e-type=\"column\">\n\t\t\t<div class=\"elementor-widget-wrap elementor-element-populated\">\n\t\t\t\t\t\t<div class=\"elementor-element elementor-element-df01b14 elementor-widget elementor-widget-heading\" data-id=\"df01b14\" data-element_type=\"widget\" data-e-type=\"widget\" data-widget_type=\"heading.default\">\n\t\t\t\t<div class=\"elementor-widget-container\">\n\t\t\t\t\t<h2 class=\"elementor-heading-title elementor-size-default\">Teatro<\/h2>\t\t\t\t<\/div>\n\t\t\t\t<\/div>\n\t\t\t\t\t<\/div>\n\t\t<\/div>\n\t\t\t\t\t<\/div>\n\t\t<\/section>\n\t\t\t\t<section class=\"elementor-section elementor-top-section elementor-element elementor-element-e0cf219 elementor-section-boxed elementor-section-height-default elementor-section-height-default rt-parallax-bg-no\" data-id=\"e0cf219\" data-element_type=\"section\" data-e-type=\"section\">\n\t\t\t\t\t\t<div class=\"elementor-container elementor-column-gap-default\">\n\t\t\t\t\t<div class=\"elementor-column elementor-col-100 elementor-top-column elementor-element elementor-element-6b8e563\" data-id=\"6b8e563\" data-element_type=\"column\" data-e-type=\"column\">\n\t\t\t<div class=\"elementor-widget-wrap elementor-element-populated\">\n\t\t\t\t\t\t<div class=\"elementor-element elementor-element-4a50f58 elementor-widget elementor-widget-text-editor\" data-id=\"4a50f58\" data-element_type=\"widget\" data-e-type=\"widget\" data-widget_type=\"text-editor.default\">\n\t\t\t\t<div class=\"elementor-widget-container\">\n\t\t\t\t\t\t\t\t\t<p><strong>Asociaci\u00f3n cultural de las artes esc\u00e9nicas &#8216;La Majoleta&#8217;<\/strong>Organizan el festival de marionetas Motr\u00edteres. Direcci\u00f3n: Avenida Ntra. Sra. de la Cabeza Edif. Miami N\u00ba 133, 4\u00baD, Motril. Email: motriteres@gmail.com. <a href=\"https:\/\/www.facebook.com\/costa.insolita\/?locale=es_LA\" target=\"_blank\" rel=\"noopener\">Facebook page<\/a>.<\/p>\t\t\t\t\t\t\t\t<\/div>\n\t\t\t\t<\/div>\n\t\t\t\t\t<\/div>\n\t\t<\/div>\n\t\t\t\t\t<\/div>\n\t\t<\/section>\n\t\t\t\t<section class=\"elementor-section elementor-top-section elementor-element elementor-element-e320450 elementor-section-boxed elementor-section-height-default elementor-section-height-default rt-parallax-bg-no\" data-id=\"e320450\" data-element_type=\"section\" data-e-type=\"section\">\n\t\t\t\t\t\t<div class=\"elementor-container elementor-column-gap-default\">\n\t\t\t\t\t<div class=\"elementor-column elementor-col-100 elementor-top-column elementor-element elementor-element-850f28b\" data-id=\"850f28b\" data-element_type=\"column\" data-e-type=\"column\">\n\t\t\t<div class=\"elementor-widget-wrap elementor-element-populated\">\n\t\t\t\t\t\t<div class=\"elementor-element elementor-element-26bda48 elementor-widget elementor-widget-text-editor\" data-id=\"26bda48\" data-element_type=\"widget\" data-e-type=\"widget\" data-widget_type=\"text-editor.default\">\n\t\t\t\t<div class=\"elementor-widget-container\">\n\t\t\t\t\t\t\t\t\t<p><strong>Asociaci\u00f3n Cultural Duende Akur.<\/strong> Asociaci\u00f3n para promover el arte y la cultura, contribuyendo al conocimiento y desarrollo del teatro de marionetas y difundi\u00e9ndolo como medio educativo y art\u00edstico. Email: titeresakur@gmail.com. <a href=\"https:\/\/www.facebook.com\/duendeakur\/\" target=\"_blank\" rel=\"noopener\">Facebook page<\/a>.<\/p>\t\t\t\t\t\t\t\t<\/div>\n\t\t\t\t<\/div>\n\t\t\t\t\t<\/div>\n\t\t<\/div>\n\t\t\t\t\t<\/div>\n\t\t<\/section>\n\t\t\t\t<section class=\"elementor-section elementor-top-section elementor-element elementor-element-f562e8f elementor-section-boxed elementor-section-height-default elementor-section-height-default rt-parallax-bg-no\" data-id=\"f562e8f\" data-element_type=\"section\" data-e-type=\"section\">\n\t\t\t\t\t\t<div class=\"elementor-container elementor-column-gap-default\">\n\t\t\t\t\t<div class=\"elementor-column elementor-col-100 elementor-top-column elementor-element elementor-element-2a3992e\" data-id=\"2a3992e\" data-element_type=\"column\" data-e-type=\"column\">\n\t\t\t<div class=\"elementor-widget-wrap elementor-element-populated\">\n\t\t\t\t\t\t<div class=\"elementor-element elementor-element-202857f elementor-widget elementor-widget-text-editor\" data-id=\"202857f\" data-element_type=\"widget\" data-e-type=\"widget\" data-widget_type=\"text-editor.default\">\n\t\t\t\t<div class=\"elementor-widget-container\">\n\t\t\t\t\t\t\t\t\t<p><strong>Ciquitraque Teatro.<\/strong> Compa\u00f1\u00eda de marionetas y t\u00edteres, miembro de la Uni\u00f3n Internacional de Marionetistas (UNIMA) y la Asociaci\u00f3n Cultural Akur. Su objetivo principal es \u201centretener con valores.\u201d Con guiones originales, abordan temas como el medio ambiente, la igualdad social, los derechos humanos, la infancia, el abuso, la inmigraci\u00f3n y la promoci\u00f3n de la lectura. Direcci\u00f3n: C\/ Corral\u00f3n de Villalba 24, Motril. Tel: 691 578 469.<\/p>\t\t\t\t\t\t\t\t<\/div>\n\t\t\t\t<\/div>\n\t\t\t\t\t<\/div>\n\t\t<\/div>\n\t\t\t\t\t<\/div>\n\t\t<\/section>\n\t\t\t\t<section class=\"elementor-section elementor-top-section elementor-element elementor-element-7791ff7 elementor-section-boxed elementor-section-height-default elementor-section-height-default rt-parallax-bg-no\" data-id=\"7791ff7\" data-element_type=\"section\" data-e-type=\"section\">\n\t\t\t\t\t\t<div class=\"elementor-container elementor-column-gap-default\">\n\t\t\t\t\t<div class=\"elementor-column elementor-col-100 elementor-top-column elementor-element elementor-element-f0805f3\" data-id=\"f0805f3\" data-element_type=\"column\" data-e-type=\"column\">\n\t\t\t<div class=\"elementor-widget-wrap elementor-element-populated\">\n\t\t\t\t\t\t<div class=\"elementor-element elementor-element-5b1dedb elementor-widget elementor-widget-text-editor\" data-id=\"5b1dedb\" data-element_type=\"widget\" data-e-type=\"widget\" data-widget_type=\"text-editor.default\">\n\t\t\t\t<div class=\"elementor-widget-container\">\n\t\t\t\t\t\t\t\t\t<p><strong>Asociaci\u00f3n Variopintos Teatro.<\/strong> Direcci\u00f3n: Calle Princesa N\u00ba19, Izq., 6\u00baH, Motril. Tel: 617047974.<\/p>\t\t\t\t\t\t\t\t<\/div>\n\t\t\t\t<\/div>\n\t\t\t\t\t<\/div>\n\t\t<\/div>\n\t\t\t\t\t<\/div>\n\t\t<\/section>\n\t\t\t\t<section class=\"elementor-section elementor-top-section elementor-element elementor-element-f75b3ac elementor-section-boxed elementor-section-height-default elementor-section-height-default rt-parallax-bg-no\" data-id=\"f75b3ac\" data-element_type=\"section\" data-e-type=\"section\">\n\t\t\t\t\t\t<div class=\"elementor-container elementor-column-gap-default\">\n\t\t\t\t\t<div class=\"elementor-column elementor-col-100 elementor-top-column elementor-element elementor-element-17498ae\" data-id=\"17498ae\" data-element_type=\"column\" data-e-type=\"column\">\n\t\t\t<div class=\"elementor-widget-wrap elementor-element-populated\">\n\t\t\t\t\t\t<div class=\"elementor-element elementor-element-0c5851d elementor-widget elementor-widget-text-editor\" data-id=\"0c5851d\" data-element_type=\"widget\" data-e-type=\"widget\" data-widget_type=\"text-editor.default\">\n\t\t\t\t<div class=\"elementor-widget-container\">\n\t\t\t\t\t\t\t\t\t<p class=\"html-h1 xe8uvvx xdj266r x11i5rnm xat24cr x1mh8g0r xexx8yu x4uap5 x18d9i69 xkhd6sd x1vvkbs x1heor9g x1qlqyl8 x1pd3egz x1a2a7pz\"><strong>Th\u00e9\u00e2tre des Vampires. <\/strong>Teatro e impro. Direcci\u00f3n: Calle Rosal\u00eda de Castro 8, Motril. Tel: 650213746. <a href=\"https:\/\/www.facebook.com\/tdesvampires\" target=\"_blank\" rel=\"noopener\">Facebook<\/a>.<\/p>\t\t\t\t\t\t\t\t<\/div>\n\t\t\t\t<\/div>\n\t\t\t\t\t<\/div>\n\t\t<\/div>\n\t\t\t\t\t<\/div>\n\t\t<\/section>\n\t\t\t\t<section class=\"elementor-section elementor-top-section elementor-element elementor-element-9f129da elementor-section-boxed elementor-section-height-default elementor-section-height-default rt-parallax-bg-no\" data-id=\"9f129da\" data-element_type=\"section\" data-e-type=\"section\">\n\t\t\t\t\t\t<div class=\"elementor-container elementor-column-gap-default\">\n\t\t\t\t\t<div class=\"elementor-column elementor-col-100 elementor-top-column elementor-element elementor-element-87e05eb\" data-id=\"87e05eb\" data-element_type=\"column\" data-e-type=\"column\">\n\t\t\t<div class=\"elementor-widget-wrap elementor-element-populated\">\n\t\t\t\t\t\t<div class=\"elementor-element elementor-element-775662d elementor-widget elementor-widget-text-editor\" data-id=\"775662d\" data-element_type=\"widget\" data-e-type=\"widget\" data-widget_type=\"text-editor.default\">\n\t\t\t\t<div class=\"elementor-widget-container\">\n\t\t\t\t\t\t\t\t\t<p class=\"html-h1 xe8uvvx xdj266r x11i5rnm xat24cr x1mh8g0r xexx8yu x4uap5 x18d9i69 xkhd6sd x1vvkbs x1heor9g x1qlqyl8 x1pd3egz x1a2a7pz\"><strong>Teatro Pasaboga. <\/strong>Grupo de teatro con actualmente 10 miembros. Direcci\u00f3n: Plaza Santa Clara N\u00ba3, 2\u00baA, Motril. Tel: 677563245. <a href=\"https:\/\/www.facebook.com\/p\/Pasabogateatro-100035011847664\/\" target=\"_blank\" rel=\"noopener\">Facebook<\/a>.<\/p>\t\t\t\t\t\t\t\t<\/div>\n\t\t\t\t<\/div>\n\t\t\t\t\t<\/div>\n\t\t<\/div>\n\t\t\t\t\t<\/div>\n\t\t<\/section>\n\t\t\t\t<section class=\"elementor-section elementor-top-section elementor-element elementor-element-e64f3d5 elementor-section-boxed elementor-section-height-default elementor-section-height-default rt-parallax-bg-no\" data-id=\"e64f3d5\" data-element_type=\"section\" data-e-type=\"section\">\n\t\t\t\t\t\t<div class=\"elementor-container elementor-column-gap-default\">\n\t\t\t\t\t<div class=\"elementor-column elementor-col-100 elementor-top-column elementor-element elementor-element-29103bd\" data-id=\"29103bd\" data-element_type=\"column\" data-e-type=\"column\">\n\t\t\t<div class=\"elementor-widget-wrap elementor-element-populated\">\n\t\t\t\t\t\t<div class=\"elementor-element elementor-element-c7974e1 elementor-widget elementor-widget-text-editor\" data-id=\"c7974e1\" data-element_type=\"widget\" data-e-type=\"widget\" data-widget_type=\"text-editor.default\">\n\t\t\t\t<div class=\"elementor-widget-container\">\n\t\t\t\t\t\t\t\t\t<p class=\"html-h1 xe8uvvx xdj266r x11i5rnm xat24cr x1mh8g0r xexx8yu x4uap5 x18d9i69 xkhd6sd x1vvkbs x1heor9g x1qlqyl8 x1pd3egz x1a2a7pz\"><strong>Ingenio Teatro. <\/strong>Grupo de teatro amateur. Direcci\u00f3n: Calle Alonso Ojeda N\u00ba13, Motril. Tel: 675372232. <a href=\"https:\/\/www.facebook.com\/p\/Ingenio-Teatro-100064850673780\/?paipv=0&amp;eav=AfbYvJZgGAkgqTgLCkNt-ahmKEcBDdUNFX-4tR-yRwBMBEO_118GEz26E0NOEy_FVOQ&amp;_rdr\" target=\"_blank\" rel=\"noopener\">Facebook<\/a>.<\/p>\t\t\t\t\t\t\t\t<\/div>\n\t\t\t\t<\/div>\n\t\t\t\t\t<\/div>\n\t\t<\/div>\n\t\t\t\t\t<\/div>\n\t\t<\/section>\n\t\t\t\t<section class=\"elementor-section elementor-top-section elementor-element elementor-element-e1a0ab4 elementor-section-boxed elementor-section-height-default elementor-section-height-default rt-parallax-bg-no\" data-id=\"e1a0ab4\" data-element_type=\"section\" data-e-type=\"section\">\n\t\t\t\t\t\t<div class=\"elementor-container elementor-column-gap-default\">\n\t\t\t\t\t<div class=\"elementor-column elementor-col-100 elementor-top-column elementor-element elementor-element-cd39671\" data-id=\"cd39671\" data-element_type=\"column\" data-e-type=\"column\">\n\t\t\t<div class=\"elementor-widget-wrap elementor-element-populated\">\n\t\t\t\t\t\t<div class=\"elementor-element elementor-element-62f69e9 elementor-widget elementor-widget-spacer\" data-id=\"62f69e9\" data-element_type=\"widget\" data-e-type=\"widget\" data-widget_type=\"spacer.default\">\n\t\t\t\t<div class=\"elementor-widget-container\">\n\t\t\t\t\t\t\t<div class=\"elementor-spacer\">\n\t\t\t<div class=\"elementor-spacer-inner\"><\/div>\n\t\t<\/div>\n\t\t\t\t\t\t<\/div>\n\t\t\t\t<\/div>\n\t\t\t\t\t<\/div>\n\t\t<\/div>\n\t\t\t\t\t<\/div>\n\t\t<\/section>\n\t\t\t\t<section class=\"elementor-section elementor-top-section elementor-element elementor-element-72da4cb elementor-section-boxed elementor-section-height-default elementor-section-height-default rt-parallax-bg-no\" data-id=\"72da4cb\" data-element_type=\"section\" data-e-type=\"section\">\n\t\t\t\t\t\t<div class=\"elementor-container elementor-column-gap-default\">\n\t\t\t\t\t<div class=\"elementor-column elementor-col-100 elementor-top-column elementor-element elementor-element-5a5e7a4\" data-id=\"5a5e7a4\" data-element_type=\"column\" data-e-type=\"column\">\n\t\t\t<div class=\"elementor-widget-wrap elementor-element-populated\">\n\t\t\t\t\t\t<div class=\"elementor-element elementor-element-be63812 elementor-widget elementor-widget-heading\" data-id=\"be63812\" data-element_type=\"widget\" data-e-type=\"widget\" data-widget_type=\"heading.default\">\n\t\t\t\t<div class=\"elementor-widget-container\">\n\t\t\t\t\t<h2 class=\"elementor-heading-title elementor-size-default\">Asociaciones de coches cl\u00e1sicos y motocicletas<\/h2>\t\t\t\t<\/div>\n\t\t\t\t<\/div>\n\t\t\t\t\t<\/div>\n\t\t<\/div>\n\t\t\t\t\t<\/div>\n\t\t<\/section>\n\t\t\t\t<section class=\"elementor-section elementor-top-section elementor-element elementor-element-307bf60 elementor-section-boxed elementor-section-height-default elementor-section-height-default rt-parallax-bg-no\" data-id=\"307bf60\" data-element_type=\"section\" data-e-type=\"section\">\n\t\t\t\t\t\t<div class=\"elementor-container elementor-column-gap-default\">\n\t\t\t\t\t<div class=\"elementor-column elementor-col-100 elementor-top-column elementor-element elementor-element-afc1311\" data-id=\"afc1311\" data-element_type=\"column\" data-e-type=\"column\">\n\t\t\t<div class=\"elementor-widget-wrap elementor-element-populated\">\n\t\t\t\t\t\t<div class=\"elementor-element elementor-element-b99cdef elementor-widget elementor-widget-text-editor\" data-id=\"b99cdef\" data-element_type=\"widget\" data-e-type=\"widget\" data-widget_type=\"text-editor.default\">\n\t\t\t\t<div class=\"elementor-widget-container\">\n\t\t\t\t\t\t\t\t\t<p><strong>Club Anta\u00f1o.<\/strong> Si es amante de las motos cl\u00e1sicas, visite el Club Anta\u00f1o en Motril. Son entusiastas de las motos cl\u00e1sicas con m\u00e1s de 25 a\u00f1os de historia. Organizan concentraciones y salidas cada mes para disfrutar de su pasi\u00f3n por el motociclismo cl\u00e1sico. Direcci\u00f3n: Calle Bachiller Sans\u00f3n 7, Motril. Tel: 653973615. <a href=\"https:\/\/www.facebook.com\/p\/Club-Anta%C3%B1o-Motril-100086678658650\/?paipv=0&amp;eav=Afb-u4Z-YG3UsxZf_nr4HmQhI08JBiBiSEKBCsZZWIPXE9yUy4U83nbP6Vn3NH8VfRk&amp;_rdr\" target=\"_blank\" rel=\"noopener\">Facebook group<\/a>.<\/p>\t\t\t\t\t\t\t\t<\/div>\n\t\t\t\t<\/div>\n\t\t\t\t\t<\/div>\n\t\t<\/div>\n\t\t\t\t\t<\/div>\n\t\t<\/section>\n\t\t\t\t<section class=\"elementor-section elementor-top-section elementor-element elementor-element-5ccf6e9 elementor-section-boxed elementor-section-height-default elementor-section-height-default rt-parallax-bg-no\" data-id=\"5ccf6e9\" data-element_type=\"section\" data-e-type=\"section\">\n\t\t\t\t\t\t<div class=\"elementor-container elementor-column-gap-default\">\n\t\t\t\t\t<div class=\"elementor-column elementor-col-100 elementor-top-column elementor-element elementor-element-61c6b60\" data-id=\"61c6b60\" data-element_type=\"column\" data-e-type=\"column\">\n\t\t\t<div class=\"elementor-widget-wrap elementor-element-populated\">\n\t\t\t\t\t\t<div class=\"elementor-element elementor-element-970e97a elementor-widget elementor-widget-text-editor\" data-id=\"970e97a\" data-element_type=\"widget\" data-e-type=\"widget\" data-widget_type=\"text-editor.default\">\n\t\t\t\t<div class=\"elementor-widget-container\">\n\t\t\t\t\t\t\t\t\t<p><strong>Vespa Club.<\/strong> Asociaci\u00f3n para la promoci\u00f3n del hobby de las Scooters Cl\u00e1sicas Vespas y Lambrettas. Direcci\u00f3n: Calle Virgen de F\u00e1tica N\u00ba3, bajo, Motril. Tel: 651309796. <a href=\"https:\/\/www.facebook.com\/VESPACLUBMOTRIL\/?locale=es_ES\" target=\"_blank\" rel=\"noopener\">Facebook group<\/a>.<\/p>\t\t\t\t\t\t\t\t<\/div>\n\t\t\t\t<\/div>\n\t\t\t\t\t<\/div>\n\t\t<\/div>\n\t\t\t\t\t<\/div>\n\t\t<\/section>\n\t\t\t\t<section class=\"elementor-section elementor-top-section elementor-element elementor-element-b55dc6c elementor-section-boxed elementor-section-height-default elementor-section-height-default rt-parallax-bg-no\" data-id=\"b55dc6c\" data-element_type=\"section\" data-e-type=\"section\">\n\t\t\t\t\t\t<div class=\"elementor-container elementor-column-gap-default\">\n\t\t\t\t\t<div class=\"elementor-column elementor-col-100 elementor-top-column elementor-element elementor-element-73d7707\" data-id=\"73d7707\" data-element_type=\"column\" data-e-type=\"column\">\n\t\t\t<div class=\"elementor-widget-wrap elementor-element-populated\">\n\t\t\t\t\t\t<div class=\"elementor-element elementor-element-1183ffa elementor-widget elementor-widget-text-editor\" data-id=\"1183ffa\" data-element_type=\"widget\" data-e-type=\"widget\" data-widget_type=\"text-editor.default\">\n\t\t\t\t<div class=\"elementor-widget-container\">\n\t\t\t\t\t\t\t\t\t<p><strong>Club Komando Kulebra\u00b4s.<\/strong>\u00a0 Club de motos que organiza concentraciones y salidas. Direcci\u00f3n: Calle Catalanes 4, 2\u00ba B, Motril. Tel: 652451158.\u00a0<\/p>\t\t\t\t\t\t\t\t<\/div>\n\t\t\t\t<\/div>\n\t\t\t\t\t<\/div>\n\t\t<\/div>\n\t\t\t\t\t<\/div>\n\t\t<\/section>\n\t\t\t\t<section class=\"elementor-section elementor-top-section elementor-element elementor-element-460c641 elementor-section-boxed elementor-section-height-default elementor-section-height-default rt-parallax-bg-no\" data-id=\"460c641\" data-element_type=\"section\" data-e-type=\"section\">\n\t\t\t\t\t\t<div class=\"elementor-container elementor-column-gap-default\">\n\t\t\t\t\t<div class=\"elementor-column elementor-col-100 elementor-top-column elementor-element elementor-element-dec9b13\" data-id=\"dec9b13\" data-element_type=\"column\" data-e-type=\"column\">\n\t\t\t<div class=\"elementor-widget-wrap elementor-element-populated\">\n\t\t\t\t\t\t<div class=\"elementor-element elementor-element-597c978 elementor-widget elementor-widget-text-editor\" data-id=\"597c978\" data-element_type=\"widget\" data-e-type=\"widget\" data-widget_type=\"text-editor.default\">\n\t\t\t\t<div class=\"elementor-widget-container\">\n\t\t\t\t\t\t\t\t\t<p><strong>Pe\u00f1a Motera El Incerso.<\/strong>\u00a0 Club de motos. <a href=\"https:\/\/www.facebook.com\/groups\/1668030586743422\/\" target=\"_blank\" rel=\"noopener\">Facebook<\/a>.\u00a0<\/p>\t\t\t\t\t\t\t\t<\/div>\n\t\t\t\t<\/div>\n\t\t\t\t\t<\/div>\n\t\t<\/div>\n\t\t\t\t\t<\/div>\n\t\t<\/section>\n\t\t\t\t<section class=\"elementor-section elementor-top-section elementor-element elementor-element-f1d47cd elementor-section-boxed elementor-section-height-default elementor-section-height-default rt-parallax-bg-no\" data-id=\"f1d47cd\" data-element_type=\"section\" data-e-type=\"section\">\n\t\t\t\t\t\t<div class=\"elementor-container elementor-column-gap-default\">\n\t\t\t\t\t<div class=\"elementor-column elementor-col-100 elementor-top-column elementor-element elementor-element-e9b1555\" data-id=\"e9b1555\" data-element_type=\"column\" data-e-type=\"column\">\n\t\t\t<div class=\"elementor-widget-wrap elementor-element-populated\">\n\t\t\t\t\t\t<div class=\"elementor-element elementor-element-18d0fe0 elementor-widget elementor-widget-text-editor\" data-id=\"18d0fe0\" data-element_type=\"widget\" data-e-type=\"widget\" data-widget_type=\"text-editor.default\">\n\t\t\t\t<div class=\"elementor-widget-container\">\n\t\t\t\t\t\t\t\t\t<p class=\"bodytext\"><strong>Asociaci\u00f3n Escuder\u00eda Cl\u00e1sica Motril.\u00a0<\/strong> Aficionados y propietarios de coches cl\u00e1sicos. Direcci\u00f3n: Calle Fray Luis de Granada 1, Motril. <a href=\"https:\/\/www.facebook.com\/people\/Escuder%C3%ADa-Cl%C3%A1sica-Motril\/100064455561920\/?locale=pt_BR&amp;paipv=0&amp;eav=AfbiKSxIzdk4yalucgHYRS_tAxXh1JE1Umn4bZMBqGIm3vkeplxwpt-KC6jkAW3FVRU&amp;_rdr\" target=\"_blank\" rel=\"noopener\">Facebook<\/a>.<\/p>\t\t\t\t\t\t\t\t<\/div>\n\t\t\t\t<\/div>\n\t\t\t\t\t<\/div>\n\t\t<\/div>\n\t\t\t\t\t<\/div>\n\t\t<\/section>\n\t\t\t\t<section class=\"elementor-section elementor-top-section elementor-element elementor-element-3ea5730 elementor-section-boxed elementor-section-height-default elementor-section-height-default rt-parallax-bg-no\" data-id=\"3ea5730\" data-element_type=\"section\" data-e-type=\"section\">\n\t\t\t\t\t\t<div class=\"elementor-container elementor-column-gap-default\">\n\t\t\t\t\t<div class=\"elementor-column elementor-col-100 elementor-top-column elementor-element elementor-element-37b073f\" data-id=\"37b073f\" data-element_type=\"column\" data-e-type=\"column\">\n\t\t\t<div class=\"elementor-widget-wrap elementor-element-populated\">\n\t\t\t\t\t\t<div class=\"elementor-element elementor-element-b5e56f7 elementor-widget elementor-widget-text-editor\" data-id=\"b5e56f7\" data-element_type=\"widget\" data-e-type=\"widget\" data-widget_type=\"text-editor.default\">\n\t\t\t\t<div class=\"elementor-widget-container\">\n\t\t\t\t\t\t\t\t\t<p class=\"bodytext\"><strong>Club Mototuristico Tiburones.\u00a0<\/strong> Email: <span id=\"rbcContactEmail\">organiza<wbr \/>cion@tib<wbr \/>urones.c<wbr \/>c<\/span>. <a href=\"https:\/\/tiburones7.webnode.es\/\" target=\"_blank\" rel=\"noopener\">Sitio web<\/a>. <a href=\"https:\/\/www.facebook.com\/groups\/121652164520118\/\" target=\"_blank\" rel=\"noopener\">Facebook<\/a>.<\/p>\t\t\t\t\t\t\t\t<\/div>\n\t\t\t\t<\/div>\n\t\t\t\t\t<\/div>\n\t\t<\/div>\n\t\t\t\t\t<\/div>\n\t\t<\/section>\n\t\t\t\t<section class=\"elementor-section elementor-top-section elementor-element elementor-element-bee8581 elementor-section-boxed elementor-section-height-default elementor-section-height-default rt-parallax-bg-no\" data-id=\"bee8581\" data-element_type=\"section\" data-e-type=\"section\">\n\t\t\t\t\t\t<div class=\"elementor-container elementor-column-gap-default\">\n\t\t\t\t\t<div class=\"elementor-column elementor-col-100 elementor-top-column elementor-element elementor-element-9a707db\" data-id=\"9a707db\" data-element_type=\"column\" data-e-type=\"column\">\n\t\t\t<div class=\"elementor-widget-wrap elementor-element-populated\">\n\t\t\t\t\t\t<div class=\"elementor-element elementor-element-fd9ac1b elementor-widget elementor-widget-spacer\" data-id=\"fd9ac1b\" data-element_type=\"widget\" data-e-type=\"widget\" data-widget_type=\"spacer.default\">\n\t\t\t\t<div class=\"elementor-widget-container\">\n\t\t\t\t\t\t\t<div class=\"elementor-spacer\">\n\t\t\t<div class=\"elementor-spacer-inner\"><\/div>\n\t\t<\/div>\n\t\t\t\t\t\t<\/div>\n\t\t\t\t<\/div>\n\t\t\t\t\t<\/div>\n\t\t<\/div>\n\t\t\t\t\t<\/div>\n\t\t<\/section>\n\t\t\t\t<section class=\"elementor-section elementor-top-section elementor-element elementor-element-6f32771 elementor-section-boxed elementor-section-height-default elementor-section-height-default rt-parallax-bg-no\" data-id=\"6f32771\" data-element_type=\"section\" data-e-type=\"section\">\n\t\t\t\t\t\t<div class=\"elementor-container elementor-column-gap-default\">\n\t\t\t\t\t<div class=\"elementor-column elementor-col-100 elementor-top-column elementor-element elementor-element-1de1863\" data-id=\"1de1863\" data-element_type=\"column\" data-e-type=\"column\">\n\t\t\t<div class=\"elementor-widget-wrap elementor-element-populated\">\n\t\t\t\t\t\t<div class=\"elementor-element elementor-element-33db8c8 elementor-widget elementor-widget-heading\" data-id=\"33db8c8\" data-element_type=\"widget\" data-e-type=\"widget\" data-widget_type=\"heading.default\">\n\t\t\t\t<div class=\"elementor-widget-container\">\n\t\t\t\t\t<h2 class=\"elementor-heading-title elementor-size-default\">Asociaciones relacionadas con la salud<\/h2>\t\t\t\t<\/div>\n\t\t\t\t<\/div>\n\t\t\t\t\t<\/div>\n\t\t<\/div>\n\t\t\t\t\t<\/div>\n\t\t<\/section>\n\t\t\t\t<section class=\"elementor-section elementor-top-section elementor-element elementor-element-5cc022a elementor-section-boxed elementor-section-height-default elementor-section-height-default rt-parallax-bg-no\" data-id=\"5cc022a\" data-element_type=\"section\" data-e-type=\"section\">\n\t\t\t\t\t\t<div class=\"elementor-container elementor-column-gap-default\">\n\t\t\t\t\t<div class=\"elementor-column elementor-col-100 elementor-top-column elementor-element elementor-element-7f48689\" data-id=\"7f48689\" data-element_type=\"column\" data-e-type=\"column\">\n\t\t\t<div class=\"elementor-widget-wrap elementor-element-populated\">\n\t\t\t\t\t\t<div class=\"elementor-element elementor-element-e8204f9 elementor-widget elementor-widget-text-editor\" data-id=\"e8204f9\" data-element_type=\"widget\" data-e-type=\"widget\" data-widget_type=\"text-editor.default\">\n\t\t\t\t<div class=\"elementor-widget-container\">\n\t\t\t\t\t\t\t\t\t<p><strong>Afines (Asociaci\u00f3n de Familias por la Inclusi\u00f3n de la Neurodiversidad en la Sociedad).<\/strong> Un grupo de familias en Salobre\u00f1a se ha unido para lanzar la asociaci\u00f3n \u2018Afines\u2019 con el objetivo de promover la integraci\u00f3n de personas neurodivergentes en la sociedad. Salobre\u00f1a. <a href=\"https:\/\/www.instagram.com\/afinesasociacion\/\" target=\"_blank\" rel=\"noopener\">P\u00e1gina de Instagram<\/a>.<\/p>\t\t\t\t\t\t\t\t<\/div>\n\t\t\t\t<\/div>\n\t\t\t\t\t<\/div>\n\t\t<\/div>\n\t\t\t\t\t<\/div>\n\t\t<\/section>\n\t\t\t\t<section class=\"elementor-section elementor-top-section elementor-element elementor-element-0b6373e elementor-section-boxed elementor-section-height-default elementor-section-height-default rt-parallax-bg-no\" data-id=\"0b6373e\" data-element_type=\"section\" data-e-type=\"section\">\n\t\t\t\t\t\t<div class=\"elementor-container elementor-column-gap-default\">\n\t\t\t\t\t<div class=\"elementor-column elementor-col-100 elementor-top-column elementor-element elementor-element-2cfb3a3\" data-id=\"2cfb3a3\" data-element_type=\"column\" data-e-type=\"column\">\n\t\t\t<div class=\"elementor-widget-wrap elementor-element-populated\">\n\t\t\t\t\t\t<div class=\"elementor-element elementor-element-e72d038 elementor-widget elementor-widget-text-editor\" data-id=\"e72d038\" data-element_type=\"widget\" data-e-type=\"widget\" data-widget_type=\"text-editor.default\">\n\t\t\t\t<div class=\"elementor-widget-container\">\n\t\t\t\t\t\t\t\t\t<p class=\"html-h1 xe8uvvx xdj266r x11i5rnm xat24cr x1mh8g0r xexx8yu x4uap5 x18d9i69 xkhd6sd x1vvkbs x1heor9g x1qlqyl8 x1pd3egz x1a2a7pz\"><strong>Asociaci\u00f3n Conecta.<\/strong> Trabajan en la inclusi\u00f3n de personas con autismo. Direcci\u00f3n: Avenida Julio Moreno 80, Motril. Tel: 673 96 98 35. <a href=\"https:\/\/www.conecta.org.es\/\" target=\"_blank\" rel=\"noopener\">Sitio web<\/a>. <a href=\"https:\/\/www.facebook.com\/asconecta\/?locale=es_ES\" target=\"_blank\" rel=\"noopener\">Facebook page<\/a>.<\/p>\t\t\t\t\t\t\t\t<\/div>\n\t\t\t\t<\/div>\n\t\t\t\t\t<\/div>\n\t\t<\/div>\n\t\t\t\t\t<\/div>\n\t\t<\/section>\n\t\t\t\t<section class=\"elementor-section elementor-top-section elementor-element elementor-element-f752d39 elementor-section-boxed elementor-section-height-default elementor-section-height-default rt-parallax-bg-no\" data-id=\"f752d39\" data-element_type=\"section\" data-e-type=\"section\">\n\t\t\t\t\t\t<div class=\"elementor-container elementor-column-gap-default\">\n\t\t\t\t\t<div class=\"elementor-column elementor-col-100 elementor-top-column elementor-element elementor-element-62c1b5d\" data-id=\"62c1b5d\" data-element_type=\"column\" data-e-type=\"column\">\n\t\t\t<div class=\"elementor-widget-wrap elementor-element-populated\">\n\t\t\t\t\t\t<div class=\"elementor-element elementor-element-a7791a6 elementor-widget elementor-widget-text-editor\" data-id=\"a7791a6\" data-element_type=\"widget\" data-e-type=\"widget\" data-widget_type=\"text-editor.default\">\n\t\t\t\t<div class=\"elementor-widget-container\">\n\t\t\t\t\t\t\t\t\t<p class=\"html-h1 xe8uvvx xdj266r x11i5rnm xat24cr x1mh8g0r xexx8yu x4uap5 x18d9i69 xkhd6sd x1vvkbs x1heor9g x1qlqyl8 x1pd3egz x1a2a7pz\"><strong>Asociaci\u00f3n de Familiares de Enfermos de Alzheimer Afavida.<\/strong> Organizaci\u00f3n sin \u00e1nimo de lucro que trabaja para mejorar la calidad de vida de los pacientes de Alzheimer y sus familias. Almu\u00f1\u00e9car. Tel: 640 36 93 46. <a href=\"https:\/\/www.facebook.com\/afavida.alzheimer\/?locale=es_ES\" target=\"_blank\" rel=\"noopener\">Facebook page<\/a>.<\/p>\t\t\t\t\t\t\t\t<\/div>\n\t\t\t\t<\/div>\n\t\t\t\t\t<\/div>\n\t\t<\/div>\n\t\t\t\t\t<\/div>\n\t\t<\/section>\n\t\t\t\t<section class=\"elementor-section elementor-top-section elementor-element elementor-element-a5b8fbc elementor-section-boxed elementor-section-height-default elementor-section-height-default rt-parallax-bg-no\" data-id=\"a5b8fbc\" data-element_type=\"section\" data-e-type=\"section\">\n\t\t\t\t\t\t<div class=\"elementor-container elementor-column-gap-default\">\n\t\t\t\t\t<div class=\"elementor-column elementor-col-100 elementor-top-column elementor-element elementor-element-53ada6b\" data-id=\"53ada6b\" data-element_type=\"column\" data-e-type=\"column\">\n\t\t\t<div class=\"elementor-widget-wrap elementor-element-populated\">\n\t\t\t\t\t\t<div class=\"elementor-element elementor-element-3909199 elementor-widget elementor-widget-text-editor\" data-id=\"3909199\" data-element_type=\"widget\" data-e-type=\"widget\" data-widget_type=\"text-editor.default\">\n\t\t\t\t<div class=\"elementor-widget-container\">\n\t\t\t\t\t\t\t\t\t<p><b>Acompalia Motril. <\/b>Acompalia apoya a pacientes terminales y sus familias en la provincia de Granada y a lo largo de la Costa Tropical. Ofrecen servicios gratuitos para ayudar a los pacientes terminales y sus familias a vivir cada d\u00eda restante al m\u00e1ximo. Tienen una tienda ben\u00e9fica en Lanjar\u00f3n y actualmente est\u00e1n buscando voluntarios a medio tiempo para trabajar en esta tienda o abrir nuevas tiendas en diferentes \u00e1reas. <a href=\"https:\/\/www.acompalia.org\/\" target=\"_blank\" rel=\"noopener\">Sitio web<\/a>.<\/p>\t\t\t\t\t\t\t\t<\/div>\n\t\t\t\t<\/div>\n\t\t\t\t\t<\/div>\n\t\t<\/div>\n\t\t\t\t\t<\/div>\n\t\t<\/section>\n\t\t\t\t<section class=\"elementor-section elementor-top-section elementor-element elementor-element-52e7b37 elementor-section-boxed elementor-section-height-default elementor-section-height-default rt-parallax-bg-no\" data-id=\"52e7b37\" data-element_type=\"section\" data-e-type=\"section\">\n\t\t\t\t\t\t<div class=\"elementor-container elementor-column-gap-default\">\n\t\t\t\t\t<div class=\"elementor-column elementor-col-100 elementor-top-column elementor-element elementor-element-89d1f15\" data-id=\"89d1f15\" data-element_type=\"column\" data-e-type=\"column\">\n\t\t\t<div class=\"elementor-widget-wrap elementor-element-populated\">\n\t\t\t\t\t\t<div class=\"elementor-element elementor-element-0e514ba elementor-widget elementor-widget-text-editor\" data-id=\"0e514ba\" data-element_type=\"widget\" data-e-type=\"widget\" data-widget_type=\"text-editor.default\">\n\t\t\t\t<div class=\"elementor-widget-container\">\n\t\t\t\t\t\t\t\t\t<p><b>Aprosmo. <\/b>Asociaci\u00f3n sin \u00e1nimo de lucro que trabaja por la autonom\u00eda personal, calidad de vida e inclusi\u00f3n de las personas con discapacidad intelectual en Motril y la Alpujarra. Cuentan con residencias y centros de d\u00eda en Motril, un servicio de apoyo a las familias y un centro de jardiner\u00eda donde personas con discapacidad trabajan en el Camino Las Ventillas. Motril. <a href=\"https:\/\/www.acompalia.org\/\" target=\"_blank\" rel=\"noopener\">Sitio web<\/a>.<\/p>\t\t\t\t\t\t\t\t<\/div>\n\t\t\t\t<\/div>\n\t\t\t\t\t<\/div>\n\t\t<\/div>\n\t\t\t\t\t<\/div>\n\t\t<\/section>\n\t\t\t\t<section class=\"elementor-section elementor-top-section elementor-element elementor-element-09bfa63 elementor-section-boxed elementor-section-height-default elementor-section-height-default rt-parallax-bg-no\" data-id=\"09bfa63\" data-element_type=\"section\" data-e-type=\"section\">\n\t\t\t\t\t\t<div class=\"elementor-container elementor-column-gap-default\">\n\t\t\t\t\t<div class=\"elementor-column elementor-col-100 elementor-top-column elementor-element elementor-element-833d91f\" data-id=\"833d91f\" data-element_type=\"column\" data-e-type=\"column\">\n\t\t\t<div class=\"elementor-widget-wrap elementor-element-populated\">\n\t\t\t\t\t\t<div class=\"elementor-element elementor-element-e39910d elementor-widget elementor-widget-text-editor\" data-id=\"e39910d\" data-element_type=\"widget\" data-e-type=\"widget\" data-widget_type=\"text-editor.default\">\n\t\t\t\t<div class=\"elementor-widget-container\">\n\t\t\t\t\t\t\t\t\t<p class=\"html-h1 xe8uvvx xdj266r x11i5rnm xat24cr x1mh8g0r xexx8yu x4uap5 x18d9i69 xkhd6sd x1vvkbs x1heor9g x1qlqyl8 x1pd3egz x1a2a7pz\"><strong>Asociaci\u00f3n Alojha. <\/strong>Organizaci\u00f3n formada por un grupo de familias con hijos e hijas con discapacidades intelectuales y f\u00edsicas. Su objetivo principal es mejorar su calidad de vida. Direcci\u00f3n: Camino Real de Motril 5, Almu\u00f1\u00e9car. <a href=\"https:\/\/www.facebook.com\/p\/Asociaci%C3%B3n-Alojha-100054387376638\/\" target=\"_blank\" rel=\"noopener\">Facebook<\/a>.<\/p>\t\t\t\t\t\t\t\t<\/div>\n\t\t\t\t<\/div>\n\t\t\t\t\t<\/div>\n\t\t<\/div>\n\t\t\t\t\t<\/div>\n\t\t<\/section>\n\t\t\t\t<section class=\"elementor-section elementor-top-section elementor-element elementor-element-e6efe8e elementor-section-boxed elementor-section-height-default elementor-section-height-default rt-parallax-bg-no\" data-id=\"e6efe8e\" data-element_type=\"section\" data-e-type=\"section\">\n\t\t\t\t\t\t<div class=\"elementor-container elementor-column-gap-default\">\n\t\t\t\t\t<div class=\"elementor-column elementor-col-100 elementor-top-column elementor-element elementor-element-f9cc7ba\" data-id=\"f9cc7ba\" data-element_type=\"column\" data-e-type=\"column\">\n\t\t\t<div class=\"elementor-widget-wrap elementor-element-populated\">\n\t\t\t\t\t\t<div class=\"elementor-element elementor-element-f9a39bc elementor-widget elementor-widget-text-editor\" data-id=\"f9a39bc\" data-element_type=\"widget\" data-e-type=\"widget\" data-widget_type=\"text-editor.default\">\n\t\t\t\t<div class=\"elementor-widget-container\">\n\t\t\t\t\t\t\t\t\t<p class=\"html-h1 xe8uvvx xdj266r x11i5rnm xat24cr x1mh8g0r xexx8yu x4uap5 x18d9i69 xkhd6sd x1vvkbs x1heor9g x1qlqyl8 x1pd3egz x1a2a7pz\"><strong>Asociaci\u00f3n Espa\u00f1ola Contra en C\u00e1ncer. <\/strong>Organizaci\u00f3n a nivel nacional dedicada a la lucha contra el c\u00e1ncer. Sus actividades se centran en la prevenci\u00f3n, investigaci\u00f3n, apoyo a pacientes y sus familias, y promoci\u00f3n de h\u00e1bitos de vida saludables. Oficinas en la Costa Tropical: La Herradura: Paseo Andr\u00e9s Segovia, 1. Bajo; Almu\u00f1\u00e9car: Arcos del Ingenio Real; Motril: Calle Nueva 3, 2\u00aa planta. <a href=\"https:\/\/www.contraelcancer.es\/es\" target=\"_blank\" rel=\"noopener\">Website.<\/a><\/p>\t\t\t\t\t\t\t\t<\/div>\n\t\t\t\t<\/div>\n\t\t\t\t\t<\/div>\n\t\t<\/div>\n\t\t\t\t\t<\/div>\n\t\t<\/section>\n\t\t\t\t<section class=\"elementor-section elementor-top-section elementor-element elementor-element-65996a5 elementor-section-boxed elementor-section-height-default elementor-section-height-default rt-parallax-bg-no\" data-id=\"65996a5\" data-element_type=\"section\" data-e-type=\"section\">\n\t\t\t\t\t\t<div class=\"elementor-container elementor-column-gap-default\">\n\t\t\t\t\t<div class=\"elementor-column elementor-col-100 elementor-top-column elementor-element elementor-element-9886f98\" data-id=\"9886f98\" data-element_type=\"column\" data-e-type=\"column\">\n\t\t\t<div class=\"elementor-widget-wrap elementor-element-populated\">\n\t\t\t\t\t\t<div class=\"elementor-element elementor-element-26af29b elementor-widget elementor-widget-text-editor\" data-id=\"26af29b\" data-element_type=\"widget\" data-e-type=\"widget\" data-widget_type=\"text-editor.default\">\n\t\t\t\t<div class=\"elementor-widget-container\">\n\t\t\t\t\t\t\t\t\t<p class=\"html-h1 xe8uvvx xdj266r x11i5rnm xat24cr x1mh8g0r xexx8yu x4uap5 x18d9i69 xkhd6sd x1vvkbs x1heor9g x1qlqyl8 x1pd3egz x1a2a7pz\"><strong>ASINAL Asociaci\u00f3n por la integraci\u00f3n de ni\u00f1os de Almu\u00f1\u00e9car. <\/strong>Asociaci\u00f3n fundada en 2007 por un grupo de padres preocupados por el cuidado de ni\u00f1os que presentan dificultades psicol\u00f3gicas, f\u00edsicas y\/o sensoriales en diversos grados. Proporcionan apoyo e informaci\u00f3n a las familias, ofreciendo orientaci\u00f3n sobre los recursos disponibles y acceso a los servicios sociales p\u00fablicos. <a href=\"https:\/\/www.asociacionasinal.org\/\" target=\"_blank\" rel=\"noopener\">Website. \u00a0<\/a><a href=\"https:\/\/www.facebook.com\/asinal.asinal\/?locale=es_ES\" target=\"_blank\" rel=\"noopener\">Facebook<\/a>.<\/p>\t\t\t\t\t\t\t\t<\/div>\n\t\t\t\t<\/div>\n\t\t\t\t\t<\/div>\n\t\t<\/div>\n\t\t\t\t\t<\/div>\n\t\t<\/section>\n\t\t\t\t<section class=\"elementor-section elementor-top-section elementor-element elementor-element-a439b39 elementor-section-boxed elementor-section-height-default elementor-section-height-default rt-parallax-bg-no\" data-id=\"a439b39\" data-element_type=\"section\" data-e-type=\"section\">\n\t\t\t\t\t\t<div class=\"elementor-container elementor-column-gap-default\">\n\t\t\t\t\t<div class=\"elementor-column elementor-col-100 elementor-top-column elementor-element elementor-element-70cfd31\" data-id=\"70cfd31\" data-element_type=\"column\" data-e-type=\"column\">\n\t\t\t<div class=\"elementor-widget-wrap elementor-element-populated\">\n\t\t\t\t\t\t<div class=\"elementor-element elementor-element-c7b63c2 elementor-widget elementor-widget-text-editor\" data-id=\"c7b63c2\" data-element_type=\"widget\" data-e-type=\"widget\" data-widget_type=\"text-editor.default\">\n\t\t\t\t<div class=\"elementor-widget-container\">\n\t\t\t\t\t\t\t\t\t<p class=\"html-h1 xe8uvvx xdj266r x11i5rnm xat24cr x1mh8g0r xexx8yu x4uap5 x18d9i69 xkhd6sd x1vvkbs x1heor9g x1qlqyl8 x1pd3egz x1a2a7pz\"><strong>Asociaci\u00f3n Alojha. <\/strong>Organizaci\u00f3n formada por un grupo de familiares con hijos e hijas con discapacidades intelectuales y f\u00edsicas. <a href=\"https:\/\/www.facebook.com\/p\/Asociaci%C3%B3n-Alojha-100054387376638\/\" target=\"_blank\" rel=\"noopener\">Facebook page<\/a>.<\/p>\t\t\t\t\t\t\t\t<\/div>\n\t\t\t\t<\/div>\n\t\t\t\t\t<\/div>\n\t\t<\/div>\n\t\t\t\t\t<\/div>\n\t\t<\/section>\n\t\t\t\t<section class=\"elementor-section elementor-top-section elementor-element elementor-element-3d41524 elementor-section-boxed elementor-section-height-default elementor-section-height-default rt-parallax-bg-no\" data-id=\"3d41524\" data-element_type=\"section\" data-e-type=\"section\">\n\t\t\t\t\t\t<div class=\"elementor-container elementor-column-gap-default\">\n\t\t\t\t\t<div class=\"elementor-column elementor-col-100 elementor-top-column elementor-element elementor-element-86cccfb\" data-id=\"86cccfb\" data-element_type=\"column\" data-e-type=\"column\">\n\t\t\t<div class=\"elementor-widget-wrap elementor-element-populated\">\n\t\t\t\t\t\t<div class=\"elementor-element elementor-element-eef126a elementor-widget elementor-widget-text-editor\" data-id=\"eef126a\" data-element_type=\"widget\" data-e-type=\"widget\" data-widget_type=\"text-editor.default\">\n\t\t\t\t<div class=\"elementor-widget-container\">\n\t\t\t\t\t\t\t\t\t<p class=\"html-h1 xe8uvvx xdj266r x11i5rnm xat24cr x1mh8g0r xexx8yu x4uap5 x18d9i69 xkhd6sd x1vvkbs x1heor9g x1qlqyl8 x1pd3egz x1a2a7pz\"><strong>Alcoh\u00f3licos Rehabilitados de Almu\u00f1\u00e9car (ARDA). <\/strong>Asociaci\u00f3n para la atenci\u00f3n y tratamiento de pacientes alcoh\u00f3licos y sus familias. Direcci\u00f3n: Calle Las Palomas, 18697 Almu\u00f1\u00e9car. Tel: 958 88 10 58. <a href=\"https:\/\/www.facebook.com\/p\/Alcoholicos-Rehabilitados-de-Almu%C3%B1ecar-100067095200908\/?paipv=0&amp;eav=AfYk2uJWd1D8aWLp-R6PqyipMi-H1IlbK1A0EcptS20H06PoxFs-NGMY9ZF70Ldpemk&amp;_rdr\" target=\"_blank\" rel=\"noopener\">Facebook page<\/a>.<\/p>\t\t\t\t\t\t\t\t<\/div>\n\t\t\t\t<\/div>\n\t\t\t\t\t<\/div>\n\t\t<\/div>\n\t\t\t\t\t<\/div>\n\t\t<\/section>\n\t\t\t\t<section class=\"elementor-section elementor-top-section elementor-element elementor-element-32e2bee elementor-section-boxed elementor-section-height-default elementor-section-height-default rt-parallax-bg-no\" data-id=\"32e2bee\" data-element_type=\"section\" data-e-type=\"section\">\n\t\t\t\t\t\t<div class=\"elementor-container elementor-column-gap-default\">\n\t\t\t\t\t<div class=\"elementor-column elementor-col-100 elementor-top-column elementor-element elementor-element-d7b54b1\" data-id=\"d7b54b1\" data-element_type=\"column\" data-e-type=\"column\">\n\t\t\t<div class=\"elementor-widget-wrap elementor-element-populated\">\n\t\t\t\t\t\t<div class=\"elementor-element elementor-element-7fd2753 elementor-widget elementor-widget-text-editor\" data-id=\"7fd2753\" data-element_type=\"widget\" data-e-type=\"widget\" data-widget_type=\"text-editor.default\">\n\t\t\t\t<div class=\"elementor-widget-container\">\n\t\t\t\t\t\t\t\t\t<p class=\"html-h1 xe8uvvx xdj266r x11i5rnm xat24cr x1mh8g0r xexx8yu x4uap5 x18d9i69 xkhd6sd x1vvkbs x1heor9g x1qlqyl8 x1pd3egz x1a2a7pz translation-block\"><strong>Asociacion ACOFA TDAH de Familias Afectadas por Trastorno por D\u00e9ficit de<br>Atenci\u00f3n y\/o Hiperactividad  <\/strong>Asociaci\u00f3n dedicada a mejorar la calidad de vida de las familias afectadas por el TDAH mediante la informaci\u00f3n, apoyo y asistencia mutua. Direcci\u00f3n: Camino Real de Motril, 5 (Centro de Servicios Sociales), Almu\u00f1\u00e9car. Tel: 674651007. <a href=\"https:\/\/www.facebook.com\/AsociacionAcofaTDAH\/?locale=es_ES\" target=\"_blank\" rel=\"noopener\">P\u00e1gina de Facebook<\/a>.<\/p>\t\t\t\t\t\t\t\t<\/div>\n\t\t\t\t<\/div>\n\t\t\t\t\t<\/div>\n\t\t<\/div>\n\t\t\t\t\t<\/div>\n\t\t<\/section>\n\t\t\t\t<section class=\"elementor-section elementor-top-section elementor-element elementor-element-e3b9f93 elementor-section-boxed elementor-section-height-default elementor-section-height-default rt-parallax-bg-no\" data-id=\"e3b9f93\" data-element_type=\"section\" data-e-type=\"section\">\n\t\t\t\t\t\t<div class=\"elementor-container elementor-column-gap-default\">\n\t\t\t\t\t<div class=\"elementor-column elementor-col-100 elementor-top-column elementor-element elementor-element-e680ad1\" data-id=\"e680ad1\" data-element_type=\"column\" data-e-type=\"column\">\n\t\t\t<div class=\"elementor-widget-wrap elementor-element-populated\">\n\t\t\t\t\t\t<div class=\"elementor-element elementor-element-ed6807d elementor-widget elementor-widget-spacer\" data-id=\"ed6807d\" data-element_type=\"widget\" data-e-type=\"widget\" data-widget_type=\"spacer.default\">\n\t\t\t\t<div class=\"elementor-widget-container\">\n\t\t\t\t\t\t\t<div class=\"elementor-spacer\">\n\t\t\t<div class=\"elementor-spacer-inner\"><\/div>\n\t\t<\/div>\n\t\t\t\t\t\t<\/div>\n\t\t\t\t<\/div>\n\t\t\t\t\t<\/div>\n\t\t<\/div>\n\t\t\t\t\t<\/div>\n\t\t<\/section>\n\t\t\t\t<section class=\"elementor-section elementor-top-section elementor-element elementor-element-16e544b elementor-section-boxed elementor-section-height-default elementor-section-height-default rt-parallax-bg-no\" data-id=\"16e544b\" data-element_type=\"section\" data-e-type=\"section\">\n\t\t\t\t\t\t<div class=\"elementor-container elementor-column-gap-default\">\n\t\t\t\t\t<div class=\"elementor-column elementor-col-100 elementor-top-column elementor-element elementor-element-c2567fa\" data-id=\"c2567fa\" data-element_type=\"column\" data-e-type=\"column\">\n\t\t\t<div class=\"elementor-widget-wrap elementor-element-populated\">\n\t\t\t\t\t\t<div class=\"elementor-element elementor-element-d758e80 elementor-widget elementor-widget-heading\" data-id=\"d758e80\" data-element_type=\"widget\" data-e-type=\"widget\" data-widget_type=\"heading.default\">\n\t\t\t\t<div class=\"elementor-widget-container\">\n\t\t\t\t\t<h2 class=\"elementor-heading-title elementor-size-default\">Asociaciones de mujeres<\/h2>\t\t\t\t<\/div>\n\t\t\t\t<\/div>\n\t\t\t\t\t<\/div>\n\t\t<\/div>\n\t\t\t\t\t<\/div>\n\t\t<\/section>\n\t\t\t\t<section class=\"elementor-section elementor-top-section elementor-element elementor-element-846bd60 elementor-section-boxed elementor-section-height-default elementor-section-height-default rt-parallax-bg-no\" data-id=\"846bd60\" data-element_type=\"section\" data-e-type=\"section\">\n\t\t\t\t\t\t<div class=\"elementor-container elementor-column-gap-default\">\n\t\t\t\t\t<div class=\"elementor-column elementor-col-100 elementor-top-column elementor-element elementor-element-7b12b01\" data-id=\"7b12b01\" data-element_type=\"column\" data-e-type=\"column\">\n\t\t\t<div class=\"elementor-widget-wrap elementor-element-populated\">\n\t\t\t\t\t\t<div class=\"elementor-element elementor-element-d697145 elementor-widget elementor-widget-text-editor\" data-id=\"d697145\" data-element_type=\"widget\" data-e-type=\"widget\" data-widget_type=\"text-editor.default\">\n\t\t\t\t<div class=\"elementor-widget-container\">\n\t\t\t\t\t\t\t\t\t<p><b>Asociaci\u00f3n Mutrayil. <\/b>Direcci\u00f3n: Calle Enrique G\u00f3mez L\u00f3pez N\u00ba 2, 1\u00baH, Motril. Tel: 666119066.<\/p>\t\t\t\t\t\t\t\t<\/div>\n\t\t\t\t<\/div>\n\t\t\t\t\t<\/div>\n\t\t<\/div>\n\t\t\t\t\t<\/div>\n\t\t<\/section>\n\t\t\t\t<section class=\"elementor-section elementor-top-section elementor-element elementor-element-a9bee7e elementor-section-boxed elementor-section-height-default elementor-section-height-default rt-parallax-bg-no\" data-id=\"a9bee7e\" data-element_type=\"section\" data-e-type=\"section\">\n\t\t\t\t\t\t<div class=\"elementor-container elementor-column-gap-default\">\n\t\t\t\t\t<div class=\"elementor-column elementor-col-100 elementor-top-column elementor-element elementor-element-ce190ab\" data-id=\"ce190ab\" data-element_type=\"column\" data-e-type=\"column\">\n\t\t\t<div class=\"elementor-widget-wrap elementor-element-populated\">\n\t\t\t\t\t\t<div class=\"elementor-element elementor-element-e066490 elementor-widget elementor-widget-text-editor\" data-id=\"e066490\" data-element_type=\"widget\" data-e-type=\"widget\" data-widget_type=\"text-editor.default\">\n\t\t\t\t<div class=\"elementor-widget-container\">\n\t\t\t\t\t\t\t\t\t<p><strong>Asociacion de mujeres del mundo rural Ceres.<\/strong> La Confederaci\u00f3n de Asociaciones de Mujeres Rurales CERES se dedica a promover los derechos de las mujeres y a atender las diversas necesidades y expectativas de las mujeres que trabajan en la agricultura y ganader\u00eda, y viven en comunidades rurales. Direcci\u00f3n: Avenida Rodr\u00edguez Acosta 3, 1 C, Motril. Tel: 677026885 y 958825799. <a href=\"https:\/\/ceres.org.es\/\" target=\"_blank\" rel=\"noopener\">Website.<\/a><\/p>\t\t\t\t\t\t\t\t<\/div>\n\t\t\t\t<\/div>\n\t\t\t\t\t<\/div>\n\t\t<\/div>\n\t\t\t\t\t<\/div>\n\t\t<\/section>\n\t\t\t\t<section class=\"elementor-section elementor-top-section elementor-element elementor-element-c9d5f9d elementor-section-boxed elementor-section-height-default elementor-section-height-default rt-parallax-bg-no\" data-id=\"c9d5f9d\" data-element_type=\"section\" data-e-type=\"section\">\n\t\t\t\t\t\t<div class=\"elementor-container elementor-column-gap-default\">\n\t\t\t\t\t<div class=\"elementor-column elementor-col-100 elementor-top-column elementor-element elementor-element-3271710\" data-id=\"3271710\" data-element_type=\"column\" data-e-type=\"column\">\n\t\t\t<div class=\"elementor-widget-wrap elementor-element-populated\">\n\t\t\t\t\t\t<div class=\"elementor-element elementor-element-d7f78c5 elementor-widget elementor-widget-text-editor\" data-id=\"d7f78c5\" data-element_type=\"widget\" data-e-type=\"widget\" data-widget_type=\"text-editor.default\">\n\t\t\t\t<div class=\"elementor-widget-container\">\n\t\t\t\t\t\t\t\t\t<p><strong>Asociaci\u00f3n de Familias y Mujeres del Medio Rural \u201d AFAMMER\u201d.<\/strong> Se centran en promover la igualdad de oportunidades para las mujeres rurales, con un \u00e9nfasis especial en la educaci\u00f3n y la sensibilizaci\u00f3n sobre el trabajo de las mujeres rurales. Trabajan en Motril y V\u00e9lez de Benaudalla. Direcci\u00f3n: Calle Romero Civantos N\u00ba 5, 1\u00baB, Motril. Tel: 858705318. <a href=\"http:\/\/afammergranada.es\/\" target=\"_blank\" rel=\"noopener\">Website. \u00a0<\/a><a style=\"color: #cc1119;\" href=\"https:\/\/www.facebook.com\/profile.php?id=100067118322376\" target=\"_blank\" rel=\"noopener\">Faceboook.<\/a><\/p>\t\t\t\t\t\t\t\t<\/div>\n\t\t\t\t<\/div>\n\t\t\t\t\t<\/div>\n\t\t<\/div>\n\t\t\t\t\t<\/div>\n\t\t<\/section>\n\t\t\t\t<section class=\"elementor-section elementor-top-section elementor-element elementor-element-4766fcd elementor-section-boxed elementor-section-height-default elementor-section-height-default rt-parallax-bg-no\" data-id=\"4766fcd\" data-element_type=\"section\" data-e-type=\"section\">\n\t\t\t\t\t\t<div class=\"elementor-container elementor-column-gap-default\">\n\t\t\t\t\t<div class=\"elementor-column elementor-col-100 elementor-top-column elementor-element elementor-element-fff2dff\" data-id=\"fff2dff\" data-element_type=\"column\" data-e-type=\"column\">\n\t\t\t<div class=\"elementor-widget-wrap elementor-element-populated\">\n\t\t\t\t\t\t<div class=\"elementor-element elementor-element-c644f6f elementor-widget elementor-widget-text-editor\" data-id=\"c644f6f\" data-element_type=\"widget\" data-e-type=\"widget\" data-widget_type=\"text-editor.default\">\n\t\t\t\t<div class=\"elementor-widget-container\">\n\t\t\t\t\t\t\t\t\t<p><strong>Asociacion de mujeres por el mar Sacratiff.<\/strong> Asociaci\u00f3n para hacer visible y reconocer la contribuci\u00f3n de las mujeres en la industria pesquera. Realizan actividades culturales y rentables para promover la continuidad de las tradiciones pesqueras. Direcci\u00f3n: Plaza Estrella del Mar 7, Motril. Tel: 655891507. <a href=\"https:\/\/ceres.org.es\/\" target=\"_blank\" rel=\"noopener\">Website.<\/a><\/p>\t\t\t\t\t\t\t\t<\/div>\n\t\t\t\t<\/div>\n\t\t\t\t\t<\/div>\n\t\t<\/div>\n\t\t\t\t\t<\/div>\n\t\t<\/section>\n\t\t\t\t<section class=\"elementor-section elementor-top-section elementor-element elementor-element-56d66a5 elementor-section-boxed elementor-section-height-default elementor-section-height-default rt-parallax-bg-no\" data-id=\"56d66a5\" data-element_type=\"section\" data-e-type=\"section\">\n\t\t\t\t\t\t<div class=\"elementor-container elementor-column-gap-default\">\n\t\t\t\t\t<div class=\"elementor-column elementor-col-100 elementor-top-column elementor-element elementor-element-ce906a4\" data-id=\"ce906a4\" data-element_type=\"column\" data-e-type=\"column\">\n\t\t\t<div class=\"elementor-widget-wrap elementor-element-populated\">\n\t\t\t\t\t\t<div class=\"elementor-element elementor-element-a39bf27 elementor-widget elementor-widget-text-editor\" data-id=\"a39bf27\" data-element_type=\"widget\" data-e-type=\"widget\" data-widget_type=\"text-editor.default\">\n\t\t\t\t<div class=\"elementor-widget-container\">\n\t\t\t\t\t\t\t\t\t<p><b>Asociaci\u00f3n\u00a0\u201cCiudadanas 3.0\u201d. <\/b>Direcci\u00f3n: Calle Monjas N\u00ba85, Motril. Tel: 662156223.<\/p>\t\t\t\t\t\t\t\t<\/div>\n\t\t\t\t<\/div>\n\t\t\t\t\t<\/div>\n\t\t<\/div>\n\t\t\t\t\t<\/div>\n\t\t<\/section>\n\t\t\t\t<section class=\"elementor-section elementor-top-section elementor-element elementor-element-0a42c33 elementor-section-boxed elementor-section-height-default elementor-section-height-default rt-parallax-bg-no\" data-id=\"0a42c33\" data-element_type=\"section\" data-e-type=\"section\">\n\t\t\t\t\t\t<div class=\"elementor-container elementor-column-gap-default\">\n\t\t\t\t\t<div class=\"elementor-column elementor-col-100 elementor-top-column elementor-element elementor-element-35d1085\" data-id=\"35d1085\" data-element_type=\"column\" data-e-type=\"column\">\n\t\t\t<div class=\"elementor-widget-wrap elementor-element-populated\">\n\t\t\t\t\t\t<div class=\"elementor-element elementor-element-c154eff elementor-widget elementor-widget-text-editor\" data-id=\"c154eff\" data-element_type=\"widget\" data-e-type=\"widget\" data-widget_type=\"text-editor.default\">\n\t\t\t\t<div class=\"elementor-widget-container\">\n\t\t\t\t\t\t\t\t\t<p><strong>Asociaci\u00f3n Damos la cara Contra la Violencia de G\u00e9nero<\/strong>. Se enfocan en educar a los ciudadanos para adoptar una perspectiva de g\u00e9nero y as\u00ed identificar la discriminaci\u00f3n que existe contra las mujeres como la causa ra\u00edz de la violencia que se les inflige. Direcci\u00f3n: Calle Noria, Edificio Caracola IV, Portal 3, 1\u00ba G, Torrenueva.<a href=\"https:\/\/www.facebook.com\/DAMOSLACARACVG\/?locale=es_ES\" target=\"_blank\" rel=\"noopener\">Facebook page<\/a>.<\/p>\t\t\t\t\t\t\t\t<\/div>\n\t\t\t\t<\/div>\n\t\t\t\t\t<\/div>\n\t\t<\/div>\n\t\t\t\t\t<\/div>\n\t\t<\/section>\n\t\t\t\t<section class=\"elementor-section elementor-top-section elementor-element elementor-element-acfbe6b elementor-section-boxed elementor-section-height-default elementor-section-height-default rt-parallax-bg-no\" data-id=\"acfbe6b\" data-element_type=\"section\" data-e-type=\"section\">\n\t\t\t\t\t\t<div class=\"elementor-container elementor-column-gap-default\">\n\t\t\t\t\t<div class=\"elementor-column elementor-col-100 elementor-top-column elementor-element elementor-element-2ae3fae\" data-id=\"2ae3fae\" data-element_type=\"column\" data-e-type=\"column\">\n\t\t\t<div class=\"elementor-widget-wrap elementor-element-populated\">\n\t\t\t\t\t\t<div class=\"elementor-element elementor-element-efbd08d elementor-widget elementor-widget-text-editor\" data-id=\"efbd08d\" data-element_type=\"widget\" data-e-type=\"widget\" data-widget_type=\"text-editor.default\">\n\t\t\t\t<div class=\"elementor-widget-container\">\n\t\t\t\t\t\t\t\t\t<p><strong>Asociaci\u00f3n de Mujeres \u201cClara Campoamor\"<\/strong>. Direcci\u00f3n: Calle Sevillanas 9, Varadero, Motril. Tel: 666667376<\/p>\t\t\t\t\t\t\t\t<\/div>\n\t\t\t\t<\/div>\n\t\t\t\t\t<\/div>\n\t\t<\/div>\n\t\t\t\t\t<\/div>\n\t\t<\/section>\n\t\t\t\t<section class=\"elementor-section elementor-top-section elementor-element elementor-element-cc41ef1 elementor-section-boxed elementor-section-height-default elementor-section-height-default rt-parallax-bg-no\" data-id=\"cc41ef1\" data-element_type=\"section\" data-e-type=\"section\">\n\t\t\t\t\t\t<div class=\"elementor-container elementor-column-gap-default\">\n\t\t\t\t\t<div class=\"elementor-column elementor-col-100 elementor-top-column elementor-element elementor-element-a3af298\" data-id=\"a3af298\" data-element_type=\"column\" data-e-type=\"column\">\n\t\t\t<div class=\"elementor-widget-wrap elementor-element-populated\">\n\t\t\t\t\t\t<div class=\"elementor-element elementor-element-5594bec elementor-widget elementor-widget-text-editor\" data-id=\"5594bec\" data-element_type=\"widget\" data-e-type=\"widget\" data-widget_type=\"text-editor.default\">\n\t\t\t\t<div class=\"elementor-widget-container\">\n\t\t\t\t\t\t\t\t\t<p><strong>Asociaci\u00f3n de Mujeres \u201cComotevisto Femme\u201d.<\/strong> Direcci\u00f3n: Calle Fandangos 5, Varadero, Motril. Tel: 661480461.<\/p>\t\t\t\t\t\t\t\t<\/div>\n\t\t\t\t<\/div>\n\t\t\t\t\t<\/div>\n\t\t<\/div>\n\t\t\t\t\t<\/div>\n\t\t<\/section>\n\t\t\t\t<section class=\"elementor-section elementor-top-section elementor-element elementor-element-d95f74f elementor-section-boxed elementor-section-height-default elementor-section-height-default rt-parallax-bg-no\" data-id=\"d95f74f\" data-element_type=\"section\" data-e-type=\"section\">\n\t\t\t\t\t\t<div class=\"elementor-container elementor-column-gap-default\">\n\t\t\t\t\t<div class=\"elementor-column elementor-col-100 elementor-top-column elementor-element elementor-element-6dca2c8\" data-id=\"6dca2c8\" data-element_type=\"column\" data-e-type=\"column\">\n\t\t\t<div class=\"elementor-widget-wrap elementor-element-populated\">\n\t\t\t\t\t\t<div class=\"elementor-element elementor-element-55691bc elementor-widget elementor-widget-text-editor\" data-id=\"55691bc\" data-element_type=\"widget\" data-e-type=\"widget\" data-widget_type=\"text-editor.default\">\n\t\t\t\t<div class=\"elementor-widget-container\">\n\t\t\t\t\t\t\t\t\t<p><strong>Asociaci\u00f3n de Mujeres Progresistas \u201cVictoria Kent\u201d.<\/strong> Direcci\u00f3n: Calle Eucalipto 26, Motril. Tel: 958603130.<\/p>\t\t\t\t\t\t\t\t<\/div>\n\t\t\t\t<\/div>\n\t\t\t\t\t<\/div>\n\t\t<\/div>\n\t\t\t\t\t<\/div>\n\t\t<\/section>\n\t\t\t\t<section class=\"elementor-section elementor-top-section elementor-element elementor-element-2a443cc elementor-section-boxed elementor-section-height-default elementor-section-height-default rt-parallax-bg-no\" data-id=\"2a443cc\" data-element_type=\"section\" data-e-type=\"section\">\n\t\t\t\t\t\t<div class=\"elementor-container elementor-column-gap-default\">\n\t\t\t\t\t<div class=\"elementor-column elementor-col-100 elementor-top-column elementor-element elementor-element-437a994\" data-id=\"437a994\" data-element_type=\"column\" data-e-type=\"column\">\n\t\t\t<div class=\"elementor-widget-wrap elementor-element-populated\">\n\t\t\t\t\t\t<div class=\"elementor-element elementor-element-1f4d9ae elementor-widget elementor-widget-text-editor\" data-id=\"1f4d9ae\" data-element_type=\"widget\" data-e-type=\"widget\" data-widget_type=\"text-editor.default\">\n\t\t\t\t<div class=\"elementor-widget-container\">\n\t\t\t\t\t\t\t\t\t<p class=\"translation-block\"><strong>Asociaci\u00f3n\u00a0Bait Amistad.<\/strong>Un grupo de mujeres comprometidas con la igualdad y la interculturalidad. Direcci\u00f3n: Avenida Salobre\u00f1a N 19, Esc. 4-Ent-K, Motril. Tel: 631650998.<\/p>\t\t\t\t\t\t\t\t<\/div>\n\t\t\t\t<\/div>\n\t\t\t\t\t<\/div>\n\t\t<\/div>\n\t\t\t\t\t<\/div>\n\t\t<\/section>\n\t\t\t\t<section class=\"elementor-section elementor-top-section elementor-element elementor-element-9d70e0d elementor-section-boxed elementor-section-height-default elementor-section-height-default rt-parallax-bg-no\" data-id=\"9d70e0d\" data-element_type=\"section\" data-e-type=\"section\">\n\t\t\t\t\t\t<div class=\"elementor-container elementor-column-gap-default\">\n\t\t\t\t\t<div class=\"elementor-column elementor-col-100 elementor-top-column elementor-element elementor-element-7f50fdc\" data-id=\"7f50fdc\" data-element_type=\"column\" data-e-type=\"column\">\n\t\t\t<div class=\"elementor-widget-wrap elementor-element-populated\">\n\t\t\t\t\t\t<div class=\"elementor-element elementor-element-27199d8 elementor-widget elementor-widget-text-editor\" data-id=\"27199d8\" data-element_type=\"widget\" data-e-type=\"widget\" data-widget_type=\"text-editor.default\">\n\t\t\t\t<div class=\"elementor-widget-container\">\n\t\t\t\t\t\t\t\t\t<p><strong>Asociaci\u00f3n de Mujeres Las Entrever\u00e1s. <\/strong>Organizan encuentros sociales y excursiones. <a href=\"https:\/\/www.facebook.com\/p\/Asociaci%C3%B3n-de-Mujeres-Las-Entrever%C3%A1s-Almu%C3%B1%C3%A9car-100066812956113\/?paipv=0&amp;eav=AfZ_marSl8_xQksv-Oo5szs592G3xbgXhcnJmLbqa2GDVohcKrEUTsxUyAb-EdD98Pk&amp;_rdr\" target=\"_blank\" rel=\"noopener\">Facebook page<\/a>.<\/p>\t\t\t\t\t\t\t\t<\/div>\n\t\t\t\t<\/div>\n\t\t\t\t\t<\/div>\n\t\t<\/div>\n\t\t\t\t\t<\/div>\n\t\t<\/section>\n\t\t\t\t<section class=\"elementor-section elementor-top-section elementor-element elementor-element-5014338 elementor-section-boxed elementor-section-height-default elementor-section-height-default rt-parallax-bg-no\" data-id=\"5014338\" data-element_type=\"section\" data-e-type=\"section\">\n\t\t\t\t\t\t<div class=\"elementor-container elementor-column-gap-default\">\n\t\t\t\t\t<div class=\"elementor-column elementor-col-100 elementor-top-column elementor-element elementor-element-7a0ab14\" data-id=\"7a0ab14\" data-element_type=\"column\" data-e-type=\"column\">\n\t\t\t<div class=\"elementor-widget-wrap elementor-element-populated\">\n\t\t\t\t\t\t<div class=\"elementor-element elementor-element-f5c4e8c elementor-widget elementor-widget-text-editor\" data-id=\"f5c4e8c\" data-element_type=\"widget\" data-e-type=\"widget\" data-widget_type=\"text-editor.default\">\n\t\t\t\t<div class=\"elementor-widget-container\">\n\t\t\t\t\t\t\t\t\t<p><strong>Madres Solas\u00a0&#8220;Marisa Send\u00f3n&#8221;. <\/strong>Organizan encuentros sociales y excursiones. Direcci\u00f3n: Av. Costa del Sol, 15, Almu\u00f1\u00e9car. Tel: <span aria-label=\"695 03 41 49\">695 03 41 49<\/span>. <a href=\"https:\/\/www.facebook.com\/MadresSolasMS\/\" target=\"_blank\" rel=\"noopener\">Facebook page<\/a>.<\/p>\t\t\t\t\t\t\t\t<\/div>\n\t\t\t\t<\/div>\n\t\t\t\t\t<\/div>\n\t\t<\/div>\n\t\t\t\t\t<\/div>\n\t\t<\/section>\n\t\t\t\t<section class=\"elementor-section elementor-top-section elementor-element elementor-element-4b3cf4e elementor-section-boxed elementor-section-height-default elementor-section-height-default rt-parallax-bg-no\" data-id=\"4b3cf4e\" data-element_type=\"section\" data-e-type=\"section\">\n\t\t\t\t\t\t<div class=\"elementor-container elementor-column-gap-default\">\n\t\t\t\t\t<div class=\"elementor-column elementor-col-100 elementor-top-column elementor-element elementor-element-67e2785\" data-id=\"67e2785\" data-element_type=\"column\" data-e-type=\"column\">\n\t\t\t<div class=\"elementor-widget-wrap elementor-element-populated\">\n\t\t\t\t\t\t<div class=\"elementor-element elementor-element-4a3510c elementor-widget elementor-widget-text-editor\" data-id=\"4a3510c\" data-element_type=\"widget\" data-e-type=\"widget\" data-widget_type=\"text-editor.default\">\n\t\t\t\t<div class=\"elementor-widget-container\">\n\t\t\t\t\t\t\t\t\t<p><strong>Asociaci\u00f3n de Mujeres Cultural y Deportiva La Herradura Siglo XXI.<\/strong>\u00a0Address: Canalejas 45, La Herradura.<\/p>\t\t\t\t\t\t\t\t<\/div>\n\t\t\t\t<\/div>\n\t\t\t\t\t<\/div>\n\t\t<\/div>\n\t\t\t\t\t<\/div>\n\t\t<\/section>\n\t\t\t\t<section class=\"elementor-section elementor-top-section elementor-element elementor-element-7fb5e20 elementor-section-boxed elementor-section-height-default elementor-section-height-default rt-parallax-bg-no\" data-id=\"7fb5e20\" data-element_type=\"section\" data-e-type=\"section\">\n\t\t\t\t\t\t<div class=\"elementor-container elementor-column-gap-default\">\n\t\t\t\t\t<div class=\"elementor-column elementor-col-100 elementor-top-column elementor-element elementor-element-3bded6e\" data-id=\"3bded6e\" data-element_type=\"column\" data-e-type=\"column\">\n\t\t\t<div class=\"elementor-widget-wrap elementor-element-populated\">\n\t\t\t\t\t\t<div class=\"elementor-element elementor-element-219726c elementor-widget elementor-widget-text-editor\" data-id=\"219726c\" data-element_type=\"widget\" data-e-type=\"widget\" data-widget_type=\"text-editor.default\">\n\t\t\t\t<div class=\"elementor-widget-container\">\n\t\t\t\t\t\t\t\t\t<p><strong>Ecu\u00e1nime.<\/strong> Asociaci\u00f3n de Mujeres. Direcci\u00f3n: Plaza de las Escuelas 3. V\u00e9lez de Benaudalla<\/p>\t\t\t\t\t\t\t\t<\/div>\n\t\t\t\t<\/div>\n\t\t\t\t\t<\/div>\n\t\t<\/div>\n\t\t\t\t\t<\/div>\n\t\t<\/section>\n\t\t\t\t<section class=\"elementor-section elementor-top-section elementor-element elementor-element-709569f elementor-section-boxed elementor-section-height-default elementor-section-height-default rt-parallax-bg-no\" data-id=\"709569f\" data-element_type=\"section\" data-e-type=\"section\">\n\t\t\t\t\t\t<div class=\"elementor-container elementor-column-gap-default\">\n\t\t\t\t\t<div class=\"elementor-column elementor-col-100 elementor-top-column elementor-element elementor-element-c2d1d43\" data-id=\"c2d1d43\" data-element_type=\"column\" data-e-type=\"column\">\n\t\t\t<div class=\"elementor-widget-wrap elementor-element-populated\">\n\t\t\t\t\t\t<div class=\"elementor-element elementor-element-3237b10 elementor-widget elementor-widget-text-editor\" data-id=\"3237b10\" data-element_type=\"widget\" data-e-type=\"widget\" data-widget_type=\"text-editor.default\">\n\t\t\t\t<div class=\"elementor-widget-container\">\n\t\t\t\t\t\t\t\t\t<p><strong>Asociaci\u00f3n de mujeres para la formaci\u00f3n y orientaci\u00f3n de mujeres independientes<\/strong>. Direcci\u00f3n: Mariana Pineda, 11. V\u00e9lez de Benaudalla<\/p>\t\t\t\t\t\t\t\t<\/div>\n\t\t\t\t<\/div>\n\t\t\t\t\t<\/div>\n\t\t<\/div>\n\t\t\t\t\t<\/div>\n\t\t<\/section>\n\t\t\t\t<section class=\"elementor-section elementor-top-section elementor-element elementor-element-c2cd996 elementor-section-boxed elementor-section-height-default elementor-section-height-default rt-parallax-bg-no\" data-id=\"c2cd996\" data-element_type=\"section\" data-e-type=\"section\">\n\t\t\t\t\t\t<div class=\"elementor-container elementor-column-gap-default\">\n\t\t\t\t\t<div class=\"elementor-column elementor-col-100 elementor-top-column elementor-element elementor-element-e9826c1\" data-id=\"e9826c1\" data-element_type=\"column\" data-e-type=\"column\">\n\t\t\t<div class=\"elementor-widget-wrap elementor-element-populated\">\n\t\t\t\t\t\t<div class=\"elementor-element elementor-element-211c541 elementor-widget elementor-widget-spacer\" data-id=\"211c541\" data-element_type=\"widget\" data-e-type=\"widget\" data-widget_type=\"spacer.default\">\n\t\t\t\t<div class=\"elementor-widget-container\">\n\t\t\t\t\t\t\t<div class=\"elementor-spacer\">\n\t\t\t<div class=\"elementor-spacer-inner\"><\/div>\n\t\t<\/div>\n\t\t\t\t\t\t<\/div>\n\t\t\t\t<\/div>\n\t\t\t\t\t<\/div>\n\t\t<\/div>\n\t\t\t\t\t<\/div>\n\t\t<\/section>\n\t\t\t\t<section class=\"elementor-section elementor-top-section elementor-element elementor-element-183de84 elementor-section-boxed elementor-section-height-default elementor-section-height-default rt-parallax-bg-no\" data-id=\"183de84\" data-element_type=\"section\" data-e-type=\"section\">\n\t\t\t\t\t\t<div class=\"elementor-container elementor-column-gap-default\">\n\t\t\t\t\t<div class=\"elementor-column elementor-col-100 elementor-top-column elementor-element elementor-element-b31fbac\" data-id=\"b31fbac\" data-element_type=\"column\" data-e-type=\"column\">\n\t\t\t<div class=\"elementor-widget-wrap elementor-element-populated\">\n\t\t\t\t\t\t<div class=\"elementor-element elementor-element-358f533 elementor-widget elementor-widget-heading\" data-id=\"358f533\" data-element_type=\"widget\" data-e-type=\"widget\" data-widget_type=\"heading.default\">\n\t\t\t\t<div class=\"elementor-widget-container\">\n\t\t\t\t\t<h2 class=\"elementor-heading-title elementor-size-default\">Asociaciones de medioambiente y rescate animal<\/h2>\t\t\t\t<\/div>\n\t\t\t\t<\/div>\n\t\t\t\t\t<\/div>\n\t\t<\/div>\n\t\t\t\t\t<\/div>\n\t\t<\/section>\n\t\t\t\t<section class=\"elementor-section elementor-top-section elementor-element elementor-element-7744d7c elementor-section-boxed elementor-section-height-default elementor-section-height-default rt-parallax-bg-no\" data-id=\"7744d7c\" data-element_type=\"section\" data-e-type=\"section\">\n\t\t\t\t\t\t<div class=\"elementor-container elementor-column-gap-default\">\n\t\t\t\t\t<div class=\"elementor-column elementor-col-100 elementor-top-column elementor-element elementor-element-f2d4602\" data-id=\"f2d4602\" data-element_type=\"column\" data-e-type=\"column\">\n\t\t\t<div class=\"elementor-widget-wrap elementor-element-populated\">\n\t\t\t\t\t\t<div class=\"elementor-element elementor-element-6f294fd elementor-widget elementor-widget-text-editor\" data-id=\"6f294fd\" data-element_type=\"widget\" data-e-type=\"widget\" data-widget_type=\"text-editor.default\">\n\t\t\t\t<div class=\"elementor-widget-container\">\n\t\t\t\t\t\t\t\t\t<p><b>&#8216;Di no a las Torres&#8217; Platform. <\/b>La plataforma \u201cDi no a las torres\u201d es una organizaci\u00f3n de base dedicada a preservar la belleza natural y el patrimonio cultural de la regi\u00f3n de la Alpujarra y el Valle de Lecr\u00edn. Se oponen vehementemente a la instalaci\u00f3n de molinos e\u00f3licos, reconociendo el impacto perjudicial que tendr\u00eda en el encanto y la tranquilidad del \u00e1rea. La plataforma ha movilizado municipios, asociaciones e individuos, demostrando su compromiso con la protecci\u00f3n del paisaje \u00fanico de la regi\u00f3n. Actualmente, est\u00e1n expandiendo sus esfuerzos a la Costa Tropical, donde est\u00e1n activamente haciendo campa\u00f1a contra la instalaci\u00f3n de molinos de viento. Puedes unirte a grupos de trabajo o crear nuevos grupos de trabajo en tu \u00e1rea. <a href=\"http:\/\/www.dinoalastorres.org\/\" target=\"_blank\" rel=\"noopener\">Website. <\/a>Facebook.<\/p>\t\t\t\t\t\t\t\t<\/div>\n\t\t\t\t<\/div>\n\t\t\t\t\t<\/div>\n\t\t<\/div>\n\t\t\t\t\t<\/div>\n\t\t<\/section>\n\t\t\t\t<section class=\"elementor-section elementor-top-section elementor-element elementor-element-bf6a165 elementor-section-boxed elementor-section-height-default elementor-section-height-default rt-parallax-bg-no\" data-id=\"bf6a165\" data-element_type=\"section\" data-e-type=\"section\">\n\t\t\t\t\t\t<div class=\"elementor-container elementor-column-gap-default\">\n\t\t\t\t\t<div class=\"elementor-column elementor-col-100 elementor-top-column elementor-element elementor-element-0700229\" data-id=\"0700229\" data-element_type=\"column\" data-e-type=\"column\">\n\t\t\t<div class=\"elementor-widget-wrap elementor-element-populated\">\n\t\t\t\t\t\t<div class=\"elementor-element elementor-element-1fd6d94 elementor-widget elementor-widget-text-editor\" data-id=\"1fd6d94\" data-element_type=\"widget\" data-e-type=\"widget\" data-widget_type=\"text-editor.default\">\n\t\t\t\t<div class=\"elementor-widget-container\">\n\t\t\t\t\t\t\t\t\t<p class=\"html-h1 xe8uvvx xdj266r x11i5rnm xat24cr x1mh8g0r xexx8yu x4uap5 x18d9i69 xkhd6sd x1vvkbs x1heor9g x1qlqyl8 x1pd3egz x1a2a7pz\"><strong>Ecologistas en Acci\u00f3n \u2013 Costa de Granada. <\/strong>\u00a0Organizaci\u00f3n ambiental dedicada a la preservaci\u00f3n y protecci\u00f3n del medio ambiente en la costa de Granada. Se enfocan en sensibilizar y abogar por pol\u00edticas que salvaguarden la biodiversidad de la regi\u00f3n. A trav\u00e9s de diversas actividades, incluyendo campa\u00f1as educativas, limpiezas comunitarias y monitoreo ambiental, la organizaci\u00f3n trabaja incansablemente para asegurar un entorno saludable y sostenible para las generaciones actuales y futuras. <a href=\"https:\/\/www.facebook.com\/ecologistasenaccioncosta\/?locale=es_LA\" target=\"_blank\" rel=\"noopener\">Facebook<\/a>.<\/p>\t\t\t\t\t\t\t\t<\/div>\n\t\t\t\t<\/div>\n\t\t\t\t\t<\/div>\n\t\t<\/div>\n\t\t\t\t\t<\/div>\n\t\t<\/section>\n\t\t\t\t<section class=\"elementor-section elementor-top-section elementor-element elementor-element-3d0b872 elementor-section-boxed elementor-section-height-default elementor-section-height-default rt-parallax-bg-no\" data-id=\"3d0b872\" data-element_type=\"section\" data-e-type=\"section\">\n\t\t\t\t\t\t<div class=\"elementor-container elementor-column-gap-default\">\n\t\t\t\t\t<div class=\"elementor-column elementor-col-100 elementor-top-column elementor-element elementor-element-db126c5\" data-id=\"db126c5\" data-element_type=\"column\" data-e-type=\"column\">\n\t\t\t<div class=\"elementor-widget-wrap elementor-element-populated\">\n\t\t\t\t\t\t<div class=\"elementor-element elementor-element-78c05d3 elementor-widget elementor-widget-text-editor\" data-id=\"78c05d3\" data-element_type=\"widget\" data-e-type=\"widget\" data-widget_type=\"text-editor.default\">\n\t\t\t\t<div class=\"elementor-widget-container\">\n\t\t\t\t\t\t\t\t\t<p class=\"html-h1 xe8uvvx xdj266r x11i5rnm xat24cr x1mh8g0r xexx8yu x4uap5 x18d9i69 xkhd6sd x1vvkbs x1heor9g x1qlqyl8 x1pd3egz x1a2a7pz\"><strong>Asociaci\u00f3n Buxus.<\/strong> Informan sobre acciones que da\u00f1an el medio ambiente y organizan d\u00edas de voluntariado en \u00e1reas ecol\u00f3gicamente valiosas como La Charca de Su\u00e1rez. <a href=\"https:\/\/www.facebook.com\/p\/Asociaci%C3%B3n-Buxus-100064499297630\/?paipv=0&amp;eav=AfbmuhpwsAytXffB-JcQZisVvOZ_xbJVg7z06zdAdLEHSLuxNeroyrzM78KvqULirxo&amp;_rdr\" target=\"_blank\" rel=\"noopener\">Facebook<\/a>.<\/p>\t\t\t\t\t\t\t\t<\/div>\n\t\t\t\t<\/div>\n\t\t\t\t\t<\/div>\n\t\t<\/div>\n\t\t\t\t\t<\/div>\n\t\t<\/section>\n\t\t\t\t<section class=\"elementor-section elementor-top-section elementor-element elementor-element-132ca84 elementor-section-boxed elementor-section-height-default elementor-section-height-default rt-parallax-bg-no\" data-id=\"132ca84\" data-element_type=\"section\" data-e-type=\"section\">\n\t\t\t\t\t\t<div class=\"elementor-container elementor-column-gap-default\">\n\t\t\t\t\t<div class=\"elementor-column elementor-col-100 elementor-top-column elementor-element elementor-element-2a0eec6\" data-id=\"2a0eec6\" data-element_type=\"column\" data-e-type=\"column\">\n\t\t\t<div class=\"elementor-widget-wrap elementor-element-populated\">\n\t\t\t\t\t\t<div class=\"elementor-element elementor-element-4bd234e elementor-widget elementor-widget-text-editor\" data-id=\"4bd234e\" data-element_type=\"widget\" data-e-type=\"widget\" data-widget_type=\"text-editor.default\">\n\t\t\t\t<div class=\"elementor-widget-container\">\n\t\t\t\t\t\t\t\t\t<p class=\"html-h1 xe8uvvx xdj266r x11i5rnm xat24cr x1mh8g0r xexx8yu x4uap5 x18d9i69 xkhd6sd x1vvkbs x1heor9g x1qlqyl8 x1pd3egz x1a2a7pz\"><strong>Cal y Ca\u00f1a.<\/strong> Asociaci\u00f3n dedicada a la protecci\u00f3n de la zona f\u00e9rtil de Salobre\u00f1a. Email: calycania@gmail.com. <a href=\"https:\/\/www.facebook.com\/calycania\/?locale=es_ES\" target=\"_blank\" rel=\"noopener\">Facebook<\/a>.<\/p>\t\t\t\t\t\t\t\t<\/div>\n\t\t\t\t<\/div>\n\t\t\t\t\t<\/div>\n\t\t<\/div>\n\t\t\t\t\t<\/div>\n\t\t<\/section>\n\t\t\t\t<section class=\"elementor-section elementor-top-section elementor-element elementor-element-01bae1f elementor-section-boxed elementor-section-height-default elementor-section-height-default rt-parallax-bg-no\" data-id=\"01bae1f\" data-element_type=\"section\" data-e-type=\"section\">\n\t\t\t\t\t\t<div class=\"elementor-container elementor-column-gap-default\">\n\t\t\t\t\t<div class=\"elementor-column elementor-col-100 elementor-top-column elementor-element elementor-element-72da615\" data-id=\"72da615\" data-element_type=\"column\" data-e-type=\"column\">\n\t\t\t<div class=\"elementor-widget-wrap elementor-element-populated\">\n\t\t\t\t\t\t<div class=\"elementor-element elementor-element-21fbe2a elementor-widget elementor-widget-text-editor\" data-id=\"21fbe2a\" data-element_type=\"widget\" data-e-type=\"widget\" data-widget_type=\"text-editor.default\">\n\t\t\t\t<div class=\"elementor-widget-container\">\n\t\t\t\t\t\t\t\t\t<p class=\"html-h1 xe8uvvx xdj266r x11i5rnm xat24cr x1mh8g0r xexx8yu x4uap5 x18d9i69 xkhd6sd x1vvkbs x1heor9g x1qlqyl8 x1pd3egz x1a2a7pz\"><strong>SOS Animales.<\/strong> Refugio de animales. Email: sosanimalessalobrena@gmail.com. Salobre\u00f1a. <a href=\"https:\/\/www.sosanimalessalobrena.com\/?fbclid=IwZXh0bgNhZW0CMTAAAR3f70C1cjKaDTgxdqLD5OJ_blyXetVytusSdmjRLZzGYWvVjax6h8u8BqY_aem_AXwPxLJzucnaNcOs8AmBsBL4jVfVgFGMMEXph0R4ObcL48vhcwzBPK2WPmKpbOY39IF558fwiPg8vsivSg9ZmQNx\" target=\"_blank\" rel=\"noopener\">Sitio web<\/a>. <a href=\"https:\/\/www.facebook.com\/groups\/sosanimalessalobrena\/?locale=es_ES\" target=\"_blank\" rel=\"noopener\">Facebook<\/a>.<\/p>\t\t\t\t\t\t\t\t<\/div>\n\t\t\t\t<\/div>\n\t\t\t\t\t<\/div>\n\t\t<\/div>\n\t\t\t\t\t<\/div>\n\t\t<\/section>\n\t\t\t\t<section class=\"elementor-section elementor-top-section elementor-element elementor-element-045797c elementor-section-boxed elementor-section-height-default elementor-section-height-default rt-parallax-bg-no\" data-id=\"045797c\" data-element_type=\"section\" data-e-type=\"section\">\n\t\t\t\t\t\t<div class=\"elementor-container elementor-column-gap-default\">\n\t\t\t\t\t<div class=\"elementor-column elementor-col-100 elementor-top-column elementor-element elementor-element-8590a85\" data-id=\"8590a85\" data-element_type=\"column\" data-e-type=\"column\">\n\t\t\t<div class=\"elementor-widget-wrap elementor-element-populated\">\n\t\t\t\t\t\t<div class=\"elementor-element elementor-element-c5a6d08 elementor-widget elementor-widget-text-editor\" data-id=\"c5a6d08\" data-element_type=\"widget\" data-e-type=\"widget\" data-widget_type=\"text-editor.default\">\n\t\t\t\t<div class=\"elementor-widget-container\">\n\t\t\t\t\t\t\t\t\t<p class=\"html-h1 xe8uvvx xdj266r x11i5rnm xat24cr x1mh8g0r xexx8yu x4uap5 x18d9i69 xkhd6sd x1vvkbs x1heor9g x1qlqyl8 x1pd3egz x1a2a7pz\"><strong>Asociaci\u00f3n Amigos del Mar Costa Tropical.<\/strong> Organizaci\u00f3n dedicada a sensibilizar y educar sobre el entorno marino de la Costa Tropical y Espa\u00f1a.\u00a0<a href=\"https:\/\/www.facebook.com\/AsociacionAmigosdelMar\/?locale=es_ES\" target=\"_blank\" rel=\"noopener\">Facebook<\/a><strong>.<\/strong><\/p>\t\t\t\t\t\t\t\t<\/div>\n\t\t\t\t<\/div>\n\t\t\t\t\t<\/div>\n\t\t<\/div>\n\t\t\t\t\t<\/div>\n\t\t<\/section>\n\t\t\t\t<section class=\"elementor-section elementor-top-section elementor-element elementor-element-eaf94f5 elementor-section-boxed elementor-section-height-default elementor-section-height-default rt-parallax-bg-no\" data-id=\"eaf94f5\" data-element_type=\"section\" data-e-type=\"section\">\n\t\t\t\t\t\t<div class=\"elementor-container elementor-column-gap-default\">\n\t\t\t\t\t<div class=\"elementor-column elementor-col-100 elementor-top-column elementor-element elementor-element-e037b4c\" data-id=\"e037b4c\" data-element_type=\"column\" data-e-type=\"column\">\n\t\t\t<div class=\"elementor-widget-wrap elementor-element-populated\">\n\t\t\t\t\t\t<div class=\"elementor-element elementor-element-2099bc5 elementor-widget elementor-widget-text-editor\" data-id=\"2099bc5\" data-element_type=\"widget\" data-e-type=\"widget\" data-widget_type=\"text-editor.default\">\n\t\t\t\t<div class=\"elementor-widget-container\">\n\t\t\t\t\t\t\t\t\t<p class=\"html-h1 xe8uvvx xdj266r x11i5rnm xat24cr x1mh8g0r xexx8yu x4uap5 x18d9i69 xkhd6sd x1vvkbs x1heor9g x1qlqyl8 x1pd3egz x1a2a7pz\"><strong>APAMA Almu\u00f1ecar (Asociaci\u00f3n Protectora de Animales y Medio Ambiente).<\/strong> Grupo abierto para el rescate y ayuda de animales abandonados y en peligro en Almu\u00f1\u00e9car, La Herradura, Jete, Ot\u00edvar y Lentej\u00ed. Email: Apama.Almunecar@gmail.com. <a href=\"https:\/\/www.facebook.com\/groups\/APAMAALMUNECAR\/?locale=es_ES\" target=\"_blank\" rel=\"noopener\">Facebook<\/a><strong>.<\/strong><\/p>\t\t\t\t\t\t\t\t<\/div>\n\t\t\t\t<\/div>\n\t\t\t\t\t<\/div>\n\t\t<\/div>\n\t\t\t\t\t<\/div>\n\t\t<\/section>\n\t\t\t\t<section class=\"elementor-section elementor-top-section elementor-element elementor-element-80ee850 elementor-section-boxed elementor-section-height-default elementor-section-height-default rt-parallax-bg-no\" data-id=\"80ee850\" data-element_type=\"section\" data-e-type=\"section\">\n\t\t\t\t\t\t<div class=\"elementor-container elementor-column-gap-default\">\n\t\t\t\t\t<div class=\"elementor-column elementor-col-100 elementor-top-column elementor-element elementor-element-5f23d71\" data-id=\"5f23d71\" data-element_type=\"column\" data-e-type=\"column\">\n\t\t\t<div class=\"elementor-widget-wrap elementor-element-populated\">\n\t\t\t\t\t\t<div class=\"elementor-element elementor-element-ef58046 elementor-widget elementor-widget-spacer\" data-id=\"ef58046\" data-element_type=\"widget\" data-e-type=\"widget\" data-widget_type=\"spacer.default\">\n\t\t\t\t<div class=\"elementor-widget-container\">\n\t\t\t\t\t\t\t<div class=\"elementor-spacer\">\n\t\t\t<div class=\"elementor-spacer-inner\"><\/div>\n\t\t<\/div>\n\t\t\t\t\t\t<\/div>\n\t\t\t\t<\/div>\n\t\t\t\t\t<\/div>\n\t\t<\/div>\n\t\t\t\t\t<\/div>\n\t\t<\/section>\n\t\t\t\t<section class=\"elementor-section elementor-top-section elementor-element elementor-element-e99e0c1 elementor-section-boxed elementor-section-height-default elementor-section-height-default rt-parallax-bg-no\" data-id=\"e99e0c1\" data-element_type=\"section\" data-e-type=\"section\">\n\t\t\t\t\t\t<div class=\"elementor-container elementor-column-gap-default\">\n\t\t\t\t\t<div class=\"elementor-column elementor-col-100 elementor-top-column elementor-element elementor-element-268108a\" data-id=\"268108a\" data-element_type=\"column\" data-e-type=\"column\">\n\t\t\t<div class=\"elementor-widget-wrap elementor-element-populated\">\n\t\t\t\t\t\t<div class=\"elementor-element elementor-element-faf6106 elementor-widget elementor-widget-heading\" data-id=\"faf6106\" data-element_type=\"widget\" data-e-type=\"widget\" data-widget_type=\"heading.default\">\n\t\t\t\t<div class=\"elementor-widget-container\">\n\t\t\t\t\t<h2 class=\"elementor-heading-title elementor-size-default\">Derechos Humanos<\/h2>\t\t\t\t<\/div>\n\t\t\t\t<\/div>\n\t\t\t\t\t<\/div>\n\t\t<\/div>\n\t\t\t\t\t<\/div>\n\t\t<\/section>\n\t\t\t\t<section class=\"elementor-section elementor-top-section elementor-element elementor-element-1e0f342 elementor-section-boxed elementor-section-height-default elementor-section-height-default rt-parallax-bg-no\" data-id=\"1e0f342\" data-element_type=\"section\" data-e-type=\"section\">\n\t\t\t\t\t\t<div class=\"elementor-container elementor-column-gap-default\">\n\t\t\t\t\t<div class=\"elementor-column elementor-col-100 elementor-top-column elementor-element elementor-element-915ca11\" data-id=\"915ca11\" data-element_type=\"column\" data-e-type=\"column\">\n\t\t\t<div class=\"elementor-widget-wrap elementor-element-populated\">\n\t\t\t\t\t\t<div class=\"elementor-element elementor-element-22fb3b5 elementor-widget elementor-widget-text-editor\" data-id=\"22fb3b5\" data-element_type=\"widget\" data-e-type=\"widget\" data-widget_type=\"text-editor.default\">\n\t\t\t\t<div class=\"elementor-widget-container\">\n\t\t\t\t\t\t\t\t\t<p><strong>Motril Acoge.<\/strong> Organizaci\u00f3n no gubernamental, no afiliada a partidos pol\u00edticos ni denominaciones religiosas, que trabaja por la promoci\u00f3n y defensa de los derechos humanos de los inmigrantes. Ayudan a los inmigrantes gui\u00e1ndolos y facilitando su integraci\u00f3n en la vida espa\u00f1ola. Las actividades de Motril Acoge incluyen: acogida, clases de espa\u00f1ol, asesoramiento, sensibilizaci\u00f3n p\u00fablica, charlas y exposiciones, colocaci\u00f3n laboral. Direcci\u00f3n: C. de las Ca\u00f1as, 3, bajo, Motril. Tel: 958 60 43 50. <a href=\"https:\/\/motril.acoge.org\/\" target=\"_blank\" rel=\"noopener\">Website.<\/a><\/p>\t\t\t\t\t\t\t\t<\/div>\n\t\t\t\t<\/div>\n\t\t\t\t\t<\/div>\n\t\t<\/div>\n\t\t\t\t\t<\/div>\n\t\t<\/section>\n\t\t\t\t<section class=\"elementor-section elementor-top-section elementor-element elementor-element-b00cafe elementor-section-boxed elementor-section-height-default elementor-section-height-default rt-parallax-bg-no\" data-id=\"b00cafe\" data-element_type=\"section\" data-e-type=\"section\">\n\t\t\t\t\t\t<div class=\"elementor-container elementor-column-gap-default\">\n\t\t\t\t\t<div class=\"elementor-column elementor-col-100 elementor-top-column elementor-element elementor-element-289ef59\" data-id=\"289ef59\" data-element_type=\"column\" data-e-type=\"column\">\n\t\t\t<div class=\"elementor-widget-wrap elementor-element-populated\">\n\t\t\t\t\t\t<div class=\"elementor-element elementor-element-c7f5feb elementor-widget elementor-widget-text-editor\" data-id=\"c7f5feb\" data-element_type=\"widget\" data-e-type=\"widget\" data-widget_type=\"text-editor.default\">\n\t\t\t\t<div class=\"elementor-widget-container\">\n\t\t\t\t\t\t\t\t\t<p class=\"html-h1 xe8uvvx xdj266r x11i5rnm xat24cr x1mh8g0r xexx8yu x4uap5 x18d9i69 xkhd6sd x1vvkbs x1heor9g x1qlqyl8 x1pd3egz x1a2a7pz\"><strong>Emergencias Frontera Sur Motril.<\/strong>\u00a0La asociaci\u00f3n trabaja para abordar una serie de problemas que afectan a los migrantes en la frontera sur de Europa, con el objetivo de combatir la represi\u00f3n, el racismo y la xenofobia, al tiempo que brinda apoyo y empoderamiento. A trav\u00e9s de diversos programas, incluyendo acompa\u00f1amiento y campa\u00f1as de sensibilizaci\u00f3n, se esfuerzan por satisfacer las necesidades de los migrantes y mejorar su autonom\u00eda. Esta organizaci\u00f3n desempe\u00f1a un papel fundamental en la defensa de los derechos de los migrantes y facilita su integraci\u00f3n en la sociedad. Email: <a href=\"https:\/\/www.facebook.com\/SurMotril\/?locale=es_LA\" target=\"_blank\" rel=\"noopener\">Facebook page<\/a>.<\/p>\t\t\t\t\t\t\t\t<\/div>\n\t\t\t\t<\/div>\n\t\t\t\t\t<\/div>\n\t\t<\/div>\n\t\t\t\t\t<\/div>\n\t\t<\/section>\n\t\t\t\t<section class=\"elementor-section elementor-top-section elementor-element elementor-element-a8f90b3 elementor-section-boxed elementor-section-height-default elementor-section-height-default rt-parallax-bg-no\" data-id=\"a8f90b3\" data-element_type=\"section\" data-e-type=\"section\">\n\t\t\t\t\t\t<div class=\"elementor-container elementor-column-gap-default\">\n\t\t\t\t\t<div class=\"elementor-column elementor-col-100 elementor-top-column elementor-element elementor-element-6905ebc\" data-id=\"6905ebc\" data-element_type=\"column\" data-e-type=\"column\">\n\t\t\t<div class=\"elementor-widget-wrap elementor-element-populated\">\n\t\t\t\t\t\t<div class=\"elementor-element elementor-element-96d7caa elementor-widget elementor-widget-text-editor\" data-id=\"96d7caa\" data-element_type=\"widget\" data-e-type=\"widget\" data-widget_type=\"text-editor.default\">\n\t\t\t\t<div class=\"elementor-widget-container\">\n\t\t\t\t\t\t\t\t\t<p class=\"html-h1 xe8uvvx xdj266r x11i5rnm xat24cr x1mh8g0r xexx8yu x4uap5 x18d9i69 xkhd6sd x1vvkbs x1heor9g x1qlqyl8 x1pd3egz x1a2a7pz\"><strong>Asociaci\u00f3n \u201cAL Morad\u201d Uni\u00f3n y Solidaridad.<\/strong> Direcci\u00f3n: Calle Generalife 4, Motril. Tel: 631209838.<\/p>\t\t\t\t\t\t\t\t<\/div>\n\t\t\t\t<\/div>\n\t\t\t\t\t<\/div>\n\t\t<\/div>\n\t\t\t\t\t<\/div>\n\t\t<\/section>\n\t\t\t\t<section class=\"elementor-section elementor-top-section elementor-element elementor-element-3238108 elementor-section-boxed elementor-section-height-default elementor-section-height-default rt-parallax-bg-no\" data-id=\"3238108\" data-element_type=\"section\" data-e-type=\"section\">\n\t\t\t\t\t\t<div class=\"elementor-container elementor-column-gap-default\">\n\t\t\t\t\t<div class=\"elementor-column elementor-col-100 elementor-top-column elementor-element elementor-element-20a5c43\" data-id=\"20a5c43\" data-element_type=\"column\" data-e-type=\"column\">\n\t\t\t<div class=\"elementor-widget-wrap elementor-element-populated\">\n\t\t\t\t\t\t<div class=\"elementor-element elementor-element-ccc4a1b elementor-widget elementor-widget-text-editor\" data-id=\"ccc4a1b\" data-element_type=\"widget\" data-e-type=\"widget\" data-widget_type=\"text-editor.default\">\n\t\t\t\t<div class=\"elementor-widget-container\">\n\t\t\t\t\t\t\t\t\t<p class=\"html-h1 xe8uvvx xdj266r x11i5rnm xat24cr x1mh8g0r xexx8yu x4uap5 x18d9i69 xkhd6sd x1vvkbs x1heor9g x1qlqyl8 x1pd3egz x1a2a7pz translation-block\"><strong>Motril Espacio Abierto. <\/strong>Asociaci\u00f3n destinada a servir como un canal para el desarrollo de proyectos y aspiraciones de las personas en la regi\u00f3n de la Costa Tropical. Sus principios son la cultura de la paz, la ecolog\u00eda, el feminismo y todo lo relacionado con los Derechos Humanos y el medio ambiente. Direcci\u00f3n Camino de las Ca\u00f1as N\u00ba 57, Bajo A, Motril. Email: motrilespacioabierto@gmail.com<\/p>\t\t\t\t\t\t\t\t<\/div>\n\t\t\t\t<\/div>\n\t\t\t\t\t<\/div>\n\t\t<\/div>\n\t\t\t\t\t<\/div>\n\t\t<\/section>\n\t\t\t\t<section class=\"elementor-section elementor-top-section elementor-element elementor-element-07b90a4 elementor-section-boxed elementor-section-height-default elementor-section-height-default rt-parallax-bg-no\" data-id=\"07b90a4\" data-element_type=\"section\" data-e-type=\"section\">\n\t\t\t\t\t\t<div class=\"elementor-container elementor-column-gap-default\">\n\t\t\t\t\t<div class=\"elementor-column elementor-col-100 elementor-top-column elementor-element elementor-element-429e78b\" data-id=\"429e78b\" data-element_type=\"column\" data-e-type=\"column\">\n\t\t\t<div class=\"elementor-widget-wrap elementor-element-populated\">\n\t\t\t\t\t\t<div class=\"elementor-element elementor-element-f91be37 elementor-widget elementor-widget-text-editor\" data-id=\"f91be37\" data-element_type=\"widget\" data-e-type=\"widget\" data-widget_type=\"text-editor.default\">\n\t\t\t\t<div class=\"elementor-widget-container\">\n\t\t\t\t\t\t\t\t\t<h4>Explora este sitio web<\/h4><ul><li><a href=\"https:\/\/costatropical.com\/es\/datos-costa-tropical-de-granada\/\">\u00bfQu\u00e9 hace tan especial a la Costa Tropical?<\/a><\/li><li><a href=\"https:\/\/costatropical.com\/es\/tradiciones-fiestas-costa-tropical\/\">Tradiciones y fiestas<\/a><\/li><li><a href=\"https:\/\/costatropical.com\/es\/viajar-a-espana\/\">Informaci\u00f3n \u00fatil para su viaje a Espa\u00f1a<\/a><\/li><li><a href=\"https:\/\/costatropical.com\/es\/transporte\/\">Transporte p\u00fablico y privado en Granada y la Costa Tropical<\/a>l<\/li><li class=\"elementor-sitemap-item elementor-sitemap-item-page page_item page-item-10559\"><a href=\"https:\/\/costatropical.com\/es\/health-and-emergencies\/\">Sanidad y emergencias<\/a><\/li><li class=\"elementor-sitemap-item elementor-sitemap-item-page page_item page-item-10354\"><a href=\"https:\/\/costatropical.com\/es\/conducir-en-espana\/\">Conducir en Espa\u00f1a<\/a><\/li><li><a href=\"https:\/\/costatropical.com\/es\/things-to-see-do\/\">Qu\u00e9 ver y qu\u00e9 hacer<\/a><\/li><\/ul>\t\t\t\t\t\t\t\t<\/div>\n\t\t\t\t<\/div>\n\t\t\t\t\t<\/div>\n\t\t<\/div>\n\t\t\t\t\t<\/div>\n\t\t<\/section>\n\t\t\t\t<section class=\"elementor-section elementor-top-section elementor-element elementor-element-d4c3712 elementor-section-boxed elementor-section-height-default elementor-section-height-default rt-parallax-bg-no\" data-id=\"d4c3712\" data-element_type=\"section\" data-e-type=\"section\">\n\t\t\t\t\t\t<div class=\"elementor-container elementor-column-gap-default\">\n\t\t\t\t\t<div class=\"elementor-column elementor-col-100 elementor-top-column elementor-element elementor-element-b3173f0\" data-id=\"b3173f0\" data-element_type=\"column\" data-e-type=\"column\">\n\t\t\t<div class=\"elementor-widget-wrap elementor-element-populated\">\n\t\t\t\t\t\t<div class=\"elementor-element elementor-element-37b4ec6 elementor-widget elementor-widget-image\" data-id=\"37b4ec6\" data-element_type=\"widget\" data-e-type=\"widget\" data-widget_type=\"image.default\">\n\t\t\t\t<div class=\"elementor-widget-container\">\n\t\t\t\t\t\t\t\t\t\t\t\t\t\t\t\t<a href=\"https:\/\/costatropical.com\/es\/tiempo-costatropical\/\">\n\t\t\t\t\t\t\t<img decoding=\"async\" width=\"97\" height=\"118\" src=\"https:\/\/costatropical.com\/wp-content\/uploads\/2024\/02\/weather.png\" class=\"attachment-medium size-medium wp-image-11177\" alt=\"\" srcset=\"https:\/\/costatropical.com\/wp-content\/uploads\/2024\/02\/weather.png 97w, https:\/\/costatropical.com\/wp-content\/uploads\/2024\/02\/weather-10x12.png 10w\" sizes=\"(max-width: 97px) 100vw, 97px\" title=\"\">\t\t\t\t\t\t\t\t<\/a>\n\t\t\t\t\t\t\t\t\t\t\t\t\t\t\t<\/div>\n\t\t\t\t<\/div>\n\t\t\t\t\t<\/div>\n\t\t<\/div>\n\t\t\t\t\t<\/div>\n\t\t<\/section>\n\t\t\t\t<section class=\"elementor-section elementor-top-section elementor-element elementor-element-65e9699 elementor-section-boxed elementor-section-height-default elementor-section-height-default rt-parallax-bg-no\" data-id=\"65e9699\" data-element_type=\"section\" data-e-type=\"section\">\n\t\t\t\t\t\t<div class=\"elementor-container elementor-column-gap-default\">\n\t\t\t\t\t<div class=\"elementor-column elementor-col-100 elementor-top-column elementor-element elementor-element-6ecbf28\" data-id=\"6ecbf28\" data-element_type=\"column\" data-e-type=\"column\">\n\t\t\t<div class=\"elementor-widget-wrap elementor-element-populated\">\n\t\t\t\t\t\t<div class=\"elementor-element elementor-element-0bdaec0 elementor-widget__width-initial elementor-widget elementor-widget-text-editor\" data-id=\"0bdaec0\" data-element_type=\"widget\" data-e-type=\"widget\" data-widget_type=\"text-editor.default\">\n\t\t\t\t<div class=\"elementor-widget-container\">\n\t\t\t\t\t\t\t\t\t<p><strong>\u00bfTIENES UN NEGOCIO?<\/strong><\/p>\t\t\t\t\t\t\t\t<\/div>\n\t\t\t\t<\/div>\n\t\t\t\t<div class=\"elementor-element elementor-element-50e0286 elementor-widget elementor-widget-heading\" data-id=\"50e0286\" data-element_type=\"widget\" data-e-type=\"widget\" data-widget_type=\"heading.default\">\n\t\t\t\t<div class=\"elementor-widget-container\">\n\t\t\t\t\t<h2 class=\"elementor-heading-title elementor-size-default\">Haz que tu negocio sea visible en<strong> <\/strong><strong style=\"color: #4a90e2\">CostaTropical.com<\/strong><br> \n<\/h2>\t\t\t\t<\/div>\n\t\t\t\t<\/div>\n\t\t\t\t<div class=\"elementor-element elementor-element-3ae362c elementor-widget elementor-widget-heading\" data-id=\"3ae362c\" data-element_type=\"widget\" data-e-type=\"widget\" data-widget_type=\"heading.default\">\n\t\t\t\t<div class=\"elementor-widget-container\">\n\t\t\t\t\t<h2 class=\"elementor-heading-title elementor-size-default\">La gu\u00eda de referencia para vecinos, residente y turistas en la Costa Tropical. Pon tu negocio frente a miles de personas cada mes y aparece en los primeros resultados de Google.<\/h2>\t\t\t\t<\/div>\n\t\t\t\t<\/div>\n\t\t\t\t<div class=\"elementor-element elementor-element-df27f56 elementor-hidden-tablet elementor-widget elementor-widget-heading\" data-id=\"df27f56\" data-element_type=\"widget\" data-e-type=\"widget\" data-widget_type=\"heading.default\">\n\t\t\t\t<div class=\"elementor-widget-container\">\n\t\t\t\t\t<h2 class=\"elementor-heading-title elementor-size-default\">Aparece donde se preparan los planes para la Costa Tropical.\n<\/h2>\t\t\t\t<\/div>\n\t\t\t\t<\/div>\n\t\t\t\t<div class=\"elementor-element elementor-element-7391c52 elementor-widget__width-initial elementor-widget elementor-widget-text-editor\" data-id=\"7391c52\" data-element_type=\"widget\" data-e-type=\"widget\" data-widget_type=\"text-editor.default\">\n\t\t\t\t<div class=\"elementor-widget-container\">\n\t\t\t\t\t\t\t\t\t<p><a href=\"https:\/\/costatropical.com\/es\/publicidad\/\"><span style=\"text-decoration: underline;\">Haz clic aqu\u00ed<\/span> para obtener m\u00e1s informaci\u00f3n<\/a><\/p>\t\t\t\t\t\t\t\t<\/div>\n\t\t\t\t<\/div>\n\t\t\t\t\t<\/div>\n\t\t<\/div>\n\t\t\t\t\t<\/div>\n\t\t<\/section>\n\t\t\t\t<\/div>","protected":false},"excerpt":{"rendered":"<p>Discover the vibrant community of international and cultural associations on the Costa Tropical \u00a0The Costa Tropical is an active and dynamic region where citizen participation is essential. You will find a wide variety of entities, from local initiatives to international organizations, working tirelessly to improve the quality of life for those who inhabit this beautiful<\/p>","protected":false},"author":1,"featured_media":10414,"parent":0,"menu_order":0,"comment_status":"closed","ping_status":"closed","template":"elementor_header_footer","meta":{"_rtcl_gb_attr":"","footnotes":""},"class_list":["post-11943","page","type-page","status-publish","has-post-thumbnail","hentry","have-post-thumb"],"_links":{"self":[{"href":"https:\/\/costatropical.com\/es\/wp-json\/wp\/v2\/pages\/11943","targetHints":{"allow":["GET"]}}],"collection":[{"href":"https:\/\/costatropical.com\/es\/wp-json\/wp\/v2\/pages"}],"about":[{"href":"https:\/\/costatropical.com\/es\/wp-json\/wp\/v2\/types\/page"}],"author":[{"embeddable":true,"href":"https:\/\/costatropical.com\/es\/wp-json\/wp\/v2\/users\/1"}],"replies":[{"embeddable":true,"href":"https:\/\/costatropical.com\/es\/wp-json\/wp\/v2\/comments?post=11943"}],"version-history":[{"count":0,"href":"https:\/\/costatropical.com\/es\/wp-json\/wp\/v2\/pages\/11943\/revisions"}],"wp:featuredmedia":[{"embeddable":true,"href":"https:\/\/costatropical.com\/es\/wp-json\/wp\/v2\/media\/10414"}],"wp:attachment":[{"href":"https:\/\/costatropical.com\/es\/wp-json\/wp\/v2\/media?parent=11943"}],"curies":[{"name":"wp","href":"https:\/\/api.w.org\/{rel}","templated":true}]}}